{"id":2913,"date":"2025-06-02T13:47:50","date_gmt":"2025-06-02T11:47:50","guid":{"rendered":"https:\/\/mondialuitzend.nl\/?post_type=nieuws&#038;p=2913"},"modified":"2025-05-27T13:50:05","modified_gmt":"2025-05-27T11:50:05","slug":"egyenlo-munkakorulmenyek-az-ideiglenes-munkavallalok-szamara-2026-tol","status":"publish","type":"nieuws","link":"https:\/\/mondialuitzend.nl\/hu\/hirek\/egyenlo-munkakorulmenyek-az-ideiglenes-munkavallalok-szamara-2026-tol\/","title":{"rendered":"2026-t\u00f3l: Egyenl\u0151 munkak\u00f6r\u00fclm\u00e9nyek az ideiglenes munkav\u00e1llal\u00f3k sz\u00e1m\u00e1ra"},"content":{"rendered":"<div>\n<div>\n<div><\/div>\n<div>\n<p>2026. janu\u00e1r 1-j\u00e9t\u0151l az ideiglenes munkav\u00e1llal\u00f3k pontosan ugyanolyan foglalkoztat\u00e1si felt\u00e9telekben r\u00e9szes\u00fclnek, mint az \u00e1lland\u00f3 munkav\u00e1llal\u00f3k \u00fcgyfeleikn\u00e9l. Ez szerepel az ABU \u00e9s az NBBU munk\u00e1ltat\u00f3i szervezetek \u00e9s az LBV szakszervezet k\u00f6z\u00f6tti elvi meg\u00e1llapod\u00e1sban. Gondoljunk csak az egyenl\u0151 b\u00e9rre, az utaz\u00e1si k\u00f6lts\u00e9gekre, a nyugd\u00edjra \u00e9s a k\u00e9pz\u00e9sre.<\/p>\n<\/div>\n<div>\n<p>A meg\u00e1llapod\u00e1s el\u0151revet\u00edti a v\u00e1rhat\u00f3 jogszab\u00e1lyokat, amelyek k\u00f6telez\u0151v\u00e9 teszik az egyenl\u0151 b\u00e1n\u00e1sm\u00f3dot. A meg\u00e1llapod\u00e1sok mostani r\u00f6gz\u00edt\u00e9s\u00e9vel a munkaer\u0151-k\u00f6zvet\u00edt\u0151 \u00fcgyn\u00f6ks\u00e9gek \u00e9s az \u00fcgyfelek j\u00f3l felk\u00e9sz\u00fclhetnek a j\u00f6v\u0151re.<\/p>\n<\/div>\n<div>\n<p>Felh\u00edvjuk a figyelmet: a meg\u00e1llapod\u00e1st m\u00e9g j\u00f3v\u00e1 kell hagynia az \u00e9rintett felek tagjainak, de ha ez megt\u00f6rt\u00e9nik, az \u00faj kollekt\u00edv munkaszerz\u0151d\u00e9s 2026-t\u00f3l 2028-ig lesz \u00e9rv\u00e9nyben.<\/p>\n<\/div>\n<div>\n<p>Fontos l\u00e9p\u00e9s a nagyobb \u00e1tl\u00e1that\u00f3s\u00e1g \u00e9s egyenl\u0151s\u00e9g fel\u00e9 az \u00e1gazatban.<\/p>\n<\/div>\n<\/div>\n<\/div>","protected":false},"excerpt":{"rendered":"<p>Vanaf 1 januari 2026 krijgen uitzendkrachten exact dezelfde arbeidsvoorwaarden als vaste medewerkers bij hun opdrachtgevers. Dit staat in een principeakkoord dat werkgeversorganisaties ABU en NBBU hebben gesloten met vakbond LBV. Denk aan gelijke beloning, reiskosten, pensioen en scholing. Het akkoord loopt vooruit op verwachte wetgeving die gelijke behandeling verplicht stelt. Door de afspraken nu al [&hellip;]<\/p>\n","protected":false},"author":8,"featured_media":2914,"template":"","class_list":["post-2913","nieuws","type-nieuws","status-publish","has-post-thumbnail","hentry"],"yoast_head":"<!-- This site is optimized with the Yoast SEO plugin v27.5 - https:\/\/yoast.com\/product\/yoast-seo-wordpress\/ -->\n<title>Vanaf 2026: Gelijke arbeidsvoorwaarden voor uitzendkrachten - Nieuws - Mondial Uitzend<\/title>\n<meta name=\"robots\" content=\"index, follow, max-snippet:-1, max-image-preview:large, max-video-preview:-1\" \/>\n<link rel=\"canonical\" href=\"https:\/\/mondialuitzend.nl\/hu\/hirek\/egyenlo-munkakorulmenyek-az-ideiglenes-munkavallalok-szamara-2026-tol\/\" \/>\n<meta property=\"og:locale\" content=\"hu_HU\" \/>\n<meta property=\"og:type\" content=\"article\" \/>\n<meta property=\"og:title\" content=\"Vanaf 2026: Gelijke arbeidsvoorwaarden voor uitzendkrachten - Nieuws - Mondial Uitzend\" \/>\n<meta property=\"og:description\" content=\"Vanaf 1 januari 2026 krijgen uitzendkrachten exact dezelfde arbeidsvoorwaarden als vaste medewerkers bij hun opdrachtgevers. Dit staat in een principeakkoord dat werkgeversorganisaties ABU en NBBU hebben gesloten met vakbond LBV. Denk aan gelijke beloning, reiskosten, pensioen en scholing. Het akkoord loopt vooruit op verwachte wetgeving die gelijke behandeling verplicht stelt. Door de afspraken nu al [&hellip;]\" \/>\n<meta property=\"og:url\" content=\"https:\/\/mondialuitzend.nl\/hu\/hirek\/egyenlo-munkakorulmenyek-az-ideiglenes-munkavallalok-szamara-2026-tol\/\" \/>\n<meta property=\"og:site_name\" content=\"Mondial Uitzend\" \/>\n<meta property=\"article:publisher\" content=\"https:\/\/www.facebook.com\/mondialuitzendbv\/\" \/>\n<meta property=\"og:image\" content=\"https:\/\/mondialuitzend.nl\/wp-content\/uploads\/2025\/05\/brandweer.jpg\" \/>\n\t<meta property=\"og:image:width\" content=\"2000\" \/>\n\t<meta property=\"og:image:height\" content=\"1412\" \/>\n\t<meta property=\"og:image:type\" content=\"image\/jpeg\" \/>\n<meta name=\"twitter:card\" content=\"summary_large_image\" \/>\n<meta name=\"twitter:label1\" content=\"Becs\u00fclt olvas\u00e1si id\u0151\" \/>\n\t<meta name=\"twitter:data1\" content=\"1 perc\" \/>\n<script type=\"application\/ld+json\" class=\"yoast-schema-graph\">{\"@context\":\"https:\\\/\\\/schema.org\",\"@graph\":[{\"@type\":\"NewsArticle\",\"@id\":\"https:\\\/\\\/mondialuitzend.nl\\\/nieuws\\\/vanaf-2026-gelijke-arbeidsvoorwaarden-voor-uitzendkrachten\\\/#article\",\"isPartOf\":{\"@id\":\"https:\\\/\\\/mondialuitzend.nl\\\/nieuws\\\/vanaf-2026-gelijke-arbeidsvoorwaarden-voor-uitzendkrachten\\\/\"},\"author\":{\"name\":\"Marloes\",\"@id\":\"https:\\\/\\\/mondialuitzend.nl\\\/#\\\/schema\\\/person\\\/562f32fb5f6fb30c4956f24e3701dd19\"},\"headline\":\"Vanaf 2026: Gelijke arbeidsvoorwaarden voor uitzendkrachten\",\"datePublished\":\"2025-06-02T11:47:50+00:00\",\"mainEntityOfPage\":{\"@id\":\"https:\\\/\\\/mondialuitzend.nl\\\/nieuws\\\/vanaf-2026-gelijke-arbeidsvoorwaarden-voor-uitzendkrachten\\\/\"},\"wordCount\":110,\"publisher\":{\"@id\":\"https:\\\/\\\/mondialuitzend.nl\\\/#organization\"},\"image\":{\"@id\":\"https:\\\/\\\/mondialuitzend.nl\\\/nieuws\\\/vanaf-2026-gelijke-arbeidsvoorwaarden-voor-uitzendkrachten\\\/#primaryimage\"},\"thumbnailUrl\":\"https:\\\/\\\/mondialuitzend.nl\\\/wp-content\\\/uploads\\\/2025\\\/05\\\/brandweer.jpg\",\"inLanguage\":\"hu\"},{\"@type\":\"WebPage\",\"@id\":\"https:\\\/\\\/mondialuitzend.nl\\\/nieuws\\\/vanaf-2026-gelijke-arbeidsvoorwaarden-voor-uitzendkrachten\\\/\",\"url\":\"https:\\\/\\\/mondialuitzend.nl\\\/nieuws\\\/vanaf-2026-gelijke-arbeidsvoorwaarden-voor-uitzendkrachten\\\/\",\"name\":\"Vanaf 2026: Gelijke arbeidsvoorwaarden voor uitzendkrachten - Nieuws - Mondial Uitzend\",\"isPartOf\":{\"@id\":\"https:\\\/\\\/mondialuitzend.nl\\\/#website\"},\"primaryImageOfPage\":{\"@id\":\"https:\\\/\\\/mondialuitzend.nl\\\/nieuws\\\/vanaf-2026-gelijke-arbeidsvoorwaarden-voor-uitzendkrachten\\\/#primaryimage\"},\"image\":{\"@id\":\"https:\\\/\\\/mondialuitzend.nl\\\/nieuws\\\/vanaf-2026-gelijke-arbeidsvoorwaarden-voor-uitzendkrachten\\\/#primaryimage\"},\"thumbnailUrl\":\"https:\\\/\\\/mondialuitzend.nl\\\/wp-content\\\/uploads\\\/2025\\\/05\\\/brandweer.jpg\",\"datePublished\":\"2025-06-02T11:47:50+00:00\",\"breadcrumb\":{\"@id\":\"https:\\\/\\\/mondialuitzend.nl\\\/nieuws\\\/vanaf-2026-gelijke-arbeidsvoorwaarden-voor-uitzendkrachten\\\/#breadcrumb\"},\"inLanguage\":\"hu\",\"potentialAction\":[{\"@type\":\"ReadAction\",\"target\":[\"https:\\\/\\\/mondialuitzend.nl\\\/nieuws\\\/vanaf-2026-gelijke-arbeidsvoorwaarden-voor-uitzendkrachten\\\/\"]}]},{\"@type\":\"ImageObject\",\"inLanguage\":\"hu\",\"@id\":\"https:\\\/\\\/mondialuitzend.nl\\\/nieuws\\\/vanaf-2026-gelijke-arbeidsvoorwaarden-voor-uitzendkrachten\\\/#primaryimage\",\"url\":\"https:\\\/\\\/mondialuitzend.nl\\\/wp-content\\\/uploads\\\/2025\\\/05\\\/brandweer.jpg\",\"contentUrl\":\"https:\\\/\\\/mondialuitzend.nl\\\/wp-content\\\/uploads\\\/2025\\\/05\\\/brandweer.jpg\",\"width\":2000,\"height\":1412},{\"@type\":\"BreadcrumbList\",\"@id\":\"https:\\\/\\\/mondialuitzend.nl\\\/nieuws\\\/vanaf-2026-gelijke-arbeidsvoorwaarden-voor-uitzendkrachten\\\/#breadcrumb\",\"itemListElement\":[{\"@type\":\"ListItem\",\"position\":1,\"name\":\"Home\",\"item\":\"https:\\\/\\\/mondialuitzend.nl\\\/\"},{\"@type\":\"ListItem\",\"position\":2,\"name\":\"Nieuws\",\"item\":\"https:\\\/\\\/mondialuitzend.nl\\\/nieuws\\\/\"},{\"@type\":\"ListItem\",\"position\":3,\"name\":\"Vanaf 2026: Gelijke arbeidsvoorwaarden voor uitzendkrachten\"}]},{\"@type\":\"WebSite\",\"@id\":\"https:\\\/\\\/mondialuitzend.nl\\\/#website\",\"url\":\"https:\\\/\\\/mondialuitzend.nl\\\/\",\"name\":\"Mondial Uitzend\",\"description\":\"Verbindend tussen werkgever en werknemer\",\"publisher\":{\"@id\":\"https:\\\/\\\/mondialuitzend.nl\\\/#organization\"},\"potentialAction\":[{\"@type\":\"SearchAction\",\"target\":{\"@type\":\"EntryPoint\",\"urlTemplate\":\"https:\\\/\\\/mondialuitzend.nl\\\/?s={search_term_string}\"},\"query-input\":{\"@type\":\"PropertyValueSpecification\",\"valueRequired\":true,\"valueName\":\"search_term_string\"}}],\"inLanguage\":\"hu\"},{\"@type\":\"Organization\",\"@id\":\"https:\\\/\\\/mondialuitzend.nl\\\/#organization\",\"name\":\"Mondial Uitzend\",\"url\":\"https:\\\/\\\/mondialuitzend.nl\\\/\",\"logo\":{\"@type\":\"ImageObject\",\"inLanguage\":\"hu\",\"@id\":\"https:\\\/\\\/mondialuitzend.nl\\\/#\\\/schema\\\/logo\\\/image\\\/\",\"url\":\"https:\\\/\\\/mondialuitzend.nl\\\/wp-content\\\/uploads\\\/2023\\\/06\\\/Logo-MondialUitzend.svg\",\"contentUrl\":\"https:\\\/\\\/mondialuitzend.nl\\\/wp-content\\\/uploads\\\/2023\\\/06\\\/Logo-MondialUitzend.svg\",\"width\":149,\"height\":56,\"caption\":\"Mondial Uitzend\"},\"image\":{\"@id\":\"https:\\\/\\\/mondialuitzend.nl\\\/#\\\/schema\\\/logo\\\/image\\\/\"},\"sameAs\":[\"https:\\\/\\\/www.facebook.com\\\/mondialuitzendbv\\\/\",\"https:\\\/\\\/www.linkedin.com\\\/company\\\/mondial-uitzend-b-v-\",\"https:\\\/\\\/www.youtube.com\\\/channel\\\/UCPBmFRvmUDCPtpAaFVASV9Q\"]},{\"@type\":\"Person\",\"@id\":\"https:\\\/\\\/mondialuitzend.nl\\\/#\\\/schema\\\/person\\\/562f32fb5f6fb30c4956f24e3701dd19\",\"name\":\"Marloes\",\"image\":{\"@type\":\"ImageObject\",\"inLanguage\":\"hu\",\"@id\":\"https:\\\/\\\/secure.gravatar.com\\\/avatar\\\/f30c05a353cfca07f584c10041cdd61ccaea2fb9a73b8d33118aba4d9f403959?s=96&d=mm&r=g\",\"url\":\"https:\\\/\\\/secure.gravatar.com\\\/avatar\\\/f30c05a353cfca07f584c10041cdd61ccaea2fb9a73b8d33118aba4d9f403959?s=96&d=mm&r=g\",\"contentUrl\":\"https:\\\/\\\/secure.gravatar.com\\\/avatar\\\/f30c05a353cfca07f584c10041cdd61ccaea2fb9a73b8d33118aba4d9f403959?s=96&d=mm&r=g\",\"caption\":\"Marloes\"},\"url\":\"https:\\\/\\\/mondialuitzend.nl\\\/hu\\\/author\\\/marloes\\\/\"}]}<\/script>\n<!-- \/ Yoast SEO plugin. -->","yoast_head_json":{"title":"2026-t\u00f3l: Egyenl\u0151 munkak\u00f6r\u00fclm\u00e9nyek az ideiglenes munkav\u00e1llal\u00f3k sz\u00e1m\u00e1ra - H\u00edrek - Mondial Uitzend","robots":{"index":"index","follow":"follow","max-snippet":"max-snippet:-1","max-image-preview":"max-image-preview:large","max-video-preview":"max-video-preview:-1"},"canonical":"https:\/\/mondialuitzend.nl\/hu\/hirek\/egyenlo-munkakorulmenyek-az-ideiglenes-munkavallalok-szamara-2026-tol\/","og_locale":"hu_HU","og_type":"article","og_title":"Vanaf 2026: Gelijke arbeidsvoorwaarden voor uitzendkrachten - Nieuws - Mondial Uitzend","og_description":"Vanaf 1 januari 2026 krijgen uitzendkrachten exact dezelfde arbeidsvoorwaarden als vaste medewerkers bij hun opdrachtgevers. Dit staat in een principeakkoord dat werkgeversorganisaties ABU en NBBU hebben gesloten met vakbond LBV. Denk aan gelijke beloning, reiskosten, pensioen en scholing. Het akkoord loopt vooruit op verwachte wetgeving die gelijke behandeling verplicht stelt. Door de afspraken nu al [&hellip;]","og_url":"https:\/\/mondialuitzend.nl\/hu\/hirek\/egyenlo-munkakorulmenyek-az-ideiglenes-munkavallalok-szamara-2026-tol\/","og_site_name":"Mondial Uitzend","article_publisher":"https:\/\/www.facebook.com\/mondialuitzendbv\/","og_image":[{"width":2000,"height":1412,"url":"https:\/\/mondialuitzend.nl\/wp-content\/uploads\/2025\/05\/brandweer.jpg","type":"image\/jpeg"}],"twitter_card":"summary_large_image","twitter_misc":{"Becs\u00fclt olvas\u00e1si id\u0151":"1 perc"},"schema":{"@context":"https:\/\/schema.org","@graph":[{"@type":"NewsArticle","@id":"https:\/\/mondialuitzend.nl\/nieuws\/vanaf-2026-gelijke-arbeidsvoorwaarden-voor-uitzendkrachten\/#article","isPartOf":{"@id":"https:\/\/mondialuitzend.nl\/nieuws\/vanaf-2026-gelijke-arbeidsvoorwaarden-voor-uitzendkrachten\/"},"author":{"name":"Marloes","@id":"https:\/\/mondialuitzend.nl\/#\/schema\/person\/562f32fb5f6fb30c4956f24e3701dd19"},"headline":"Vanaf 2026: Gelijke arbeidsvoorwaarden voor uitzendkrachten","datePublished":"2025-06-02T11:47:50+00:00","mainEntityOfPage":{"@id":"https:\/\/mondialuitzend.nl\/nieuws\/vanaf-2026-gelijke-arbeidsvoorwaarden-voor-uitzendkrachten\/"},"wordCount":110,"publisher":{"@id":"https:\/\/mondialuitzend.nl\/#organization"},"image":{"@id":"https:\/\/mondialuitzend.nl\/nieuws\/vanaf-2026-gelijke-arbeidsvoorwaarden-voor-uitzendkrachten\/#primaryimage"},"thumbnailUrl":"https:\/\/mondialuitzend.nl\/wp-content\/uploads\/2025\/05\/brandweer.jpg","inLanguage":"hu"},{"@type":"WebPage","@id":"https:\/\/mondialuitzend.nl\/nieuws\/vanaf-2026-gelijke-arbeidsvoorwaarden-voor-uitzendkrachten\/","url":"https:\/\/mondialuitzend.nl\/nieuws\/vanaf-2026-gelijke-arbeidsvoorwaarden-voor-uitzendkrachten\/","name":"2026-t\u00f3l: Egyenl\u0151 munkak\u00f6r\u00fclm\u00e9nyek az ideiglenes munkav\u00e1llal\u00f3k sz\u00e1m\u00e1ra - H\u00edrek - Mondial Uitzend","isPartOf":{"@id":"https:\/\/mondialuitzend.nl\/#website"},"primaryImageOfPage":{"@id":"https:\/\/mondialuitzend.nl\/nieuws\/vanaf-2026-gelijke-arbeidsvoorwaarden-voor-uitzendkrachten\/#primaryimage"},"image":{"@id":"https:\/\/mondialuitzend.nl\/nieuws\/vanaf-2026-gelijke-arbeidsvoorwaarden-voor-uitzendkrachten\/#primaryimage"},"thumbnailUrl":"https:\/\/mondialuitzend.nl\/wp-content\/uploads\/2025\/05\/brandweer.jpg","datePublished":"2025-06-02T11:47:50+00:00","breadcrumb":{"@id":"https:\/\/mondialuitzend.nl\/nieuws\/vanaf-2026-gelijke-arbeidsvoorwaarden-voor-uitzendkrachten\/#breadcrumb"},"inLanguage":"hu","potentialAction":[{"@type":"ReadAction","target":["https:\/\/mondialuitzend.nl\/nieuws\/vanaf-2026-gelijke-arbeidsvoorwaarden-voor-uitzendkrachten\/"]}]},{"@type":"ImageObject","inLanguage":"hu","@id":"https:\/\/mondialuitzend.nl\/nieuws\/vanaf-2026-gelijke-arbeidsvoorwaarden-voor-uitzendkrachten\/#primaryimage","url":"https:\/\/mondialuitzend.nl\/wp-content\/uploads\/2025\/05\/brandweer.jpg","contentUrl":"https:\/\/mondialuitzend.nl\/wp-content\/uploads\/2025\/05\/brandweer.jpg","width":2000,"height":1412},{"@type":"BreadcrumbList","@id":"https:\/\/mondialuitzend.nl\/nieuws\/vanaf-2026-gelijke-arbeidsvoorwaarden-voor-uitzendkrachten\/#breadcrumb","itemListElement":[{"@type":"ListItem","position":1,"name":"Home","item":"https:\/\/mondialuitzend.nl\/"},{"@type":"ListItem","position":2,"name":"Nieuws","item":"https:\/\/mondialuitzend.nl\/nieuws\/"},{"@type":"ListItem","position":3,"name":"Vanaf 2026: Gelijke arbeidsvoorwaarden voor uitzendkrachten"}]},{"@type":"WebSite","@id":"https:\/\/mondialuitzend.nl\/#website","url":"https:\/\/mondialuitzend.nl\/","name":"Glob\u00e1lis ad\u00e1s","description":"Munkaad\u00f3 \u00e9s munkav\u00e1llal\u00f3 k\u00f6z\u00f6tti kapcsolat","publisher":{"@id":"https:\/\/mondialuitzend.nl\/#organization"},"potentialAction":[{"@type":"SearchAction","target":{"@type":"EntryPoint","urlTemplate":"https:\/\/mondialuitzend.nl\/?s={search_term_string}"},"query-input":{"@type":"PropertyValueSpecification","valueRequired":true,"valueName":"search_term_string"}}],"inLanguage":"hu"},{"@type":"Organization","@id":"https:\/\/mondialuitzend.nl\/#organization","name":"Glob\u00e1lis ad\u00e1s","url":"https:\/\/mondialuitzend.nl\/","logo":{"@type":"ImageObject","inLanguage":"hu","@id":"https:\/\/mondialuitzend.nl\/#\/schema\/logo\/image\/","url":"https:\/\/mondialuitzend.nl\/wp-content\/uploads\/2023\/06\/Logo-MondialUitzend.svg","contentUrl":"https:\/\/mondialuitzend.nl\/wp-content\/uploads\/2023\/06\/Logo-MondialUitzend.svg","width":149,"height":56,"caption":"Mondial Uitzend"},"image":{"@id":"https:\/\/mondialuitzend.nl\/#\/schema\/logo\/image\/"},"sameAs":["https:\/\/www.facebook.com\/mondialuitzendbv\/","https:\/\/www.linkedin.com\/company\/mondial-uitzend-b-v-","https:\/\/www.youtube.com\/channel\/UCPBmFRvmUDCPtpAaFVASV9Q"]},{"@type":"Person","@id":"https:\/\/mondialuitzend.nl\/#\/schema\/person\/562f32fb5f6fb30c4956f24e3701dd19","name":"Marloes","image":{"@type":"ImageObject","inLanguage":"hu","@id":"https:\/\/secure.gravatar.com\/avatar\/f30c05a353cfca07f584c10041cdd61ccaea2fb9a73b8d33118aba4d9f403959?s=96&d=mm&r=g","url":"https:\/\/secure.gravatar.com\/avatar\/f30c05a353cfca07f584c10041cdd61ccaea2fb9a73b8d33118aba4d9f403959?s=96&d=mm&r=g","contentUrl":"https:\/\/secure.gravatar.com\/avatar\/f30c05a353cfca07f584c10041cdd61ccaea2fb9a73b8d33118aba4d9f403959?s=96&d=mm&r=g","caption":"Marloes"},"url":"https:\/\/mondialuitzend.nl\/hu\/author\/marloes\/"}]}},"_links":{"self":[{"href":"https:\/\/mondialuitzend.nl\/hu\/wp-json\/wp\/v2\/nieuws\/2913","targetHints":{"allow":["GET"]}}],"collection":[{"href":"https:\/\/mondialuitzend.nl\/hu\/wp-json\/wp\/v2\/nieuws"}],"about":[{"href":"https:\/\/mondialuitzend.nl\/hu\/wp-json\/wp\/v2\/types\/nieuws"}],"author":[{"embeddable":true,"href":"https:\/\/mondialuitzend.nl\/hu\/wp-json\/wp\/v2\/users\/8"}],"version-history":[{"count":0,"href":"https:\/\/mondialuitzend.nl\/hu\/wp-json\/wp\/v2\/nieuws\/2913\/revisions"}],"wp:featuredmedia":[{"embeddable":true,"href":"https:\/\/mondialuitzend.nl\/hu\/wp-json\/wp\/v2\/media\/2914"}],"wp:attachment":[{"href":"https:\/\/mondialuitzend.nl\/hu\/wp-json\/wp\/v2\/media?parent=2913"}],"curies":[{"name":"munkaf\u00fczet","href":"https:\/\/api.w.org\/{rel}","templated":true}]}}