{"id":2916,"date":"2025-06-11T14:50:11","date_gmt":"2025-06-11T12:50:11","guid":{"rendered":"https:\/\/mondialuitzend.nl\/?post_type=nieuws&#038;p=2916"},"modified":"2025-05-27T13:53:52","modified_gmt":"2025-05-27T11:53:52","slug":"munkaeropiaci-trendek-frissitesei-amelyeket-munkaltatokent-ismernie-kell","status":"publish","type":"nieuws","link":"https:\/\/mondialuitzend.nl\/hu\/hirek\/munkaeropiaci-trendek-frissitesei-amelyeket-munkaltatokent-ismernie-kell\/","title":{"rendered":"Munkaer\u0151piaci friss\u00edt\u00e9sek: Trendek, amelyeket munkaad\u00f3k\u00e9nt ismernie kell"},"content":{"rendered":"<div>\n<p>A holland munkaer\u0151piac tov\u00e1bbra is sz\u0171k, b\u00e1r n\u00e9mi enyh\u00fcl\u00e9s tapasztalhat\u00f3. 2024-ben a munkahelyek sz\u00e1ma 0,81%-kal n\u0151tt, a munkan\u00e9lk\u00fclis\u00e9gi r\u00e1ta pedig 3,71%-ra emelkedett. M\u00e9g mindig t\u00f6bb a bet\u00f6ltetlen \u00e1ll\u00e1shely, mint az \u00e1ll\u00e1skeres\u0151 \u2013 100 f\u0151re 106 \u2013, de a fesz\u00fclts\u00e9g enyh\u00fcl.<\/p>\n<\/div>\n<div>\n<p>A munkan\u00e9lk\u00fcli seg\u00e9lyek sz\u00e1ma szint\u00e9n 9,2%-vel emelkedett, ami sok munkav\u00e1llal\u00f3 sz\u00e1m\u00e1ra bizonytalans\u00e1got jelez.<\/p>\n<\/div>\n<div>\n<p>Jelent\u0151sek az \u00e1gazati k\u00fcl\u00f6nbs\u00e9gek: a kereskedelemben \u00e9s a vend\u00e9gl\u00e1t\u00e1sban n\u00f6vekszik a kereslet, m\u00edg a munkaer\u0151-k\u00f6lcs\u00f6nz\u00e9si szektorban kism\u00e9rt\u00e9kben cs\u00f6kken a bet\u00f6ltetlen \u00e1ll\u00e1shelyek sz\u00e1ma.<\/p>\n<\/div>\n<div>\n<p>Mit jelent ez \u00d6nnek, mint munk\u00e1ltat\u00f3nak?<\/p>\n<\/div>\n<div>\n<p>Minden eddigin\u00e9l fontosabb, hogy rugalmasak maradjunk \u00e9s intelligensen reag\u00e1ljunk a szem\u00e9lyzeti ig\u00e9nyekre.<\/p>\n<\/div>\n<div>\n<p>Egy munkaer\u0151-k\u00f6lcs\u00f6nz\u0151 c\u00e9g ebben tud seg\u00edteni:<\/p>\n<\/div>\n<div>\n<ul>\n<li>Gyorsan bevethet\u0151, megb\u00edzhat\u00f3 alkalmazottak<\/li>\n<\/ul>\n<\/div>\n<div>\n<ul>\n<li>Megold\u00e1sok k\u00fclf\u00f6ldi munkav\u00e1llal\u00f3k sz\u00e1m\u00e1ra, bele\u00e9rtve a lakhat\u00e1st is<\/li>\n<\/ul>\n<\/div>\n<div>\n<ul>\n<li>Cs\u00f6kkentett adminisztrat\u00edv terhek \u00e9s nagyobb hangs\u00faly a f\u0151 \u00fczleti tev\u00e9kenys\u00e9gre<\/li>\n<\/ul>\n<\/div>\n<div>\n<p>Tipp: Hogyan tartsuk meg a j\u00f3 alkalmazottakat?<\/p>\n<\/div>\n<div>\n<p>Az alkalmazottak megtart\u00e1sa a figyelemmel kezd\u0151dik. \u00cdme 5 gyakorlati tipp:<\/p>\n<\/div>\n<ul>\n<li>Biztos\u00edtson \u00e9rthet\u0151s\u00e9get \u00e9s strukt\u00far\u00e1t \u2013 adjon meg vil\u00e1gos munkautas\u00edt\u00e1sokat \u00e9s elv\u00e1r\u00e1sokat.<\/li>\n<li>Ismerd el az er\u0151fesz\u00edt\u00e9st \u00e9s az eredm\u00e9nyeket \u2013 egy b\u00f3k vagy egy apr\u00f3 gesztus sokat sz\u00e1m\u00edt.<\/li>\n<li>K\u00edn\u00e1ljon perspekt\u00edv\u00e1t \u2013 p\u00e9ld\u00e1ul fejl\u0151d\u00e9si vagy k\u00e9pz\u00e9si lehet\u0151s\u00e9geket.<\/li>\n<li>Kommunik\u00e1lj rendszeresen \u2013 tartsd a r\u00f6vid kommunik\u00e1ci\u00f3s vonalakat, mutass \u00e9rdekl\u0151d\u00e9st.<\/li>\n<li>Teremtsen kellemes munkahelyi l\u00e9gk\u00f6rt \u2013 az \u00e9rt\u00e9kesnek \u00e9rzett alkalmazottak tov\u00e1bb maradnak.<\/li>\n<\/ul>","protected":false},"excerpt":{"rendered":"<p>De Nederlandse arbeidsmarkt blijft krap, al is er sprake van lichte versoepeling. In 2024 groeide het aantal banen met 0,8%, en het werkloosheidspercentage steeg naar 3,7%. Er zijn nog altijd meer vacatures dan werkzoekenden \u2013 106 per 100 \u2013 maar de spanning neemt af. Ook steeg het aantal WW-uitkeringen met 9,2%, wat duidt op onzekerheid [&hellip;]<\/p>\n","protected":false},"author":8,"featured_media":2917,"template":"","class_list":["post-2916","nieuws","type-nieuws","status-publish","has-post-thumbnail","hentry"],"yoast_head":"<!-- This site is optimized with the Yoast SEO plugin v27.4 - https:\/\/yoast.com\/product\/yoast-seo-wordpress\/ -->\n<title>Arbeidsmarktupdate: trends die u als werkgever moet kennen - Nieuws - Mondial Uitzend<\/title>\n<meta name=\"robots\" content=\"index, follow, max-snippet:-1, max-image-preview:large, max-video-preview:-1\" \/>\n<link rel=\"canonical\" href=\"https:\/\/mondialuitzend.nl\/hu\/hirek\/munkaeropiaci-trendek-frissitesei-amelyeket-munkaltatokent-ismernie-kell\/\" \/>\n<meta property=\"og:locale\" content=\"hu_HU\" \/>\n<meta property=\"og:type\" content=\"article\" \/>\n<meta property=\"og:title\" content=\"Arbeidsmarktupdate: trends die u als werkgever moet kennen - Nieuws - Mondial Uitzend\" \/>\n<meta property=\"og:description\" content=\"De Nederlandse arbeidsmarkt blijft krap, al is er sprake van lichte versoepeling. In 2024 groeide het aantal banen met 0,8%, en het werkloosheidspercentage steeg naar 3,7%. Er zijn nog altijd meer vacatures dan werkzoekenden \u2013 106 per 100 \u2013 maar de spanning neemt af. Ook steeg het aantal WW-uitkeringen met 9,2%, wat duidt op onzekerheid [&hellip;]\" \/>\n<meta property=\"og:url\" content=\"https:\/\/mondialuitzend.nl\/hu\/hirek\/munkaeropiaci-trendek-frissitesei-amelyeket-munkaltatokent-ismernie-kell\/\" \/>\n<meta property=\"og:site_name\" content=\"Mondial Uitzend\" \/>\n<meta property=\"article:publisher\" content=\"https:\/\/www.facebook.com\/mondialuitzendbv\/\" \/>\n<meta property=\"og:image\" content=\"https:\/\/mondialuitzend.nl\/wp-content\/uploads\/2025\/05\/arbeidsmarkt.jpg\" \/>\n\t<meta property=\"og:image:width\" content=\"2000\" \/>\n\t<meta property=\"og:image:height\" content=\"1412\" \/>\n\t<meta property=\"og:image:type\" content=\"image\/jpeg\" \/>\n<meta name=\"twitter:card\" content=\"summary_large_image\" \/>\n<meta name=\"twitter:label1\" content=\"Becs\u00fclt olvas\u00e1si id\u0151\" \/>\n\t<meta name=\"twitter:data1\" content=\"2 perc\" \/>\n<script type=\"application\/ld+json\" class=\"yoast-schema-graph\">{\"@context\":\"https:\\\/\\\/schema.org\",\"@graph\":[{\"@type\":\"NewsArticle\",\"@id\":\"https:\\\/\\\/mondialuitzend.nl\\\/nieuws\\\/arbeidsmarktupdate-trends-die-u-als-werkgever-moet-kennen\\\/#article\",\"isPartOf\":{\"@id\":\"https:\\\/\\\/mondialuitzend.nl\\\/nieuws\\\/arbeidsmarktupdate-trends-die-u-als-werkgever-moet-kennen\\\/\"},\"author\":{\"name\":\"Marloes\",\"@id\":\"https:\\\/\\\/mondialuitzend.nl\\\/#\\\/schema\\\/person\\\/562f32fb5f6fb30c4956f24e3701dd19\"},\"headline\":\"Arbeidsmarktupdate: trends die u als werkgever moet kennen\",\"datePublished\":\"2025-06-11T12:50:11+00:00\",\"mainEntityOfPage\":{\"@id\":\"https:\\\/\\\/mondialuitzend.nl\\\/nieuws\\\/arbeidsmarktupdate-trends-die-u-als-werkgever-moet-kennen\\\/\"},\"wordCount\":188,\"publisher\":{\"@id\":\"https:\\\/\\\/mondialuitzend.nl\\\/#organization\"},\"image\":{\"@id\":\"https:\\\/\\\/mondialuitzend.nl\\\/nieuws\\\/arbeidsmarktupdate-trends-die-u-als-werkgever-moet-kennen\\\/#primaryimage\"},\"thumbnailUrl\":\"https:\\\/\\\/mondialuitzend.nl\\\/wp-content\\\/uploads\\\/2025\\\/05\\\/arbeidsmarkt.jpg\",\"inLanguage\":\"hu\"},{\"@type\":\"WebPage\",\"@id\":\"https:\\\/\\\/mondialuitzend.nl\\\/nieuws\\\/arbeidsmarktupdate-trends-die-u-als-werkgever-moet-kennen\\\/\",\"url\":\"https:\\\/\\\/mondialuitzend.nl\\\/nieuws\\\/arbeidsmarktupdate-trends-die-u-als-werkgever-moet-kennen\\\/\",\"name\":\"Arbeidsmarktupdate: trends die u als werkgever moet kennen - Nieuws - Mondial Uitzend\",\"isPartOf\":{\"@id\":\"https:\\\/\\\/mondialuitzend.nl\\\/#website\"},\"primaryImageOfPage\":{\"@id\":\"https:\\\/\\\/mondialuitzend.nl\\\/nieuws\\\/arbeidsmarktupdate-trends-die-u-als-werkgever-moet-kennen\\\/#primaryimage\"},\"image\":{\"@id\":\"https:\\\/\\\/mondialuitzend.nl\\\/nieuws\\\/arbeidsmarktupdate-trends-die-u-als-werkgever-moet-kennen\\\/#primaryimage\"},\"thumbnailUrl\":\"https:\\\/\\\/mondialuitzend.nl\\\/wp-content\\\/uploads\\\/2025\\\/05\\\/arbeidsmarkt.jpg\",\"datePublished\":\"2025-06-11T12:50:11+00:00\",\"breadcrumb\":{\"@id\":\"https:\\\/\\\/mondialuitzend.nl\\\/nieuws\\\/arbeidsmarktupdate-trends-die-u-als-werkgever-moet-kennen\\\/#breadcrumb\"},\"inLanguage\":\"hu\",\"potentialAction\":[{\"@type\":\"ReadAction\",\"target\":[\"https:\\\/\\\/mondialuitzend.nl\\\/nieuws\\\/arbeidsmarktupdate-trends-die-u-als-werkgever-moet-kennen\\\/\"]}]},{\"@type\":\"ImageObject\",\"inLanguage\":\"hu\",\"@id\":\"https:\\\/\\\/mondialuitzend.nl\\\/nieuws\\\/arbeidsmarktupdate-trends-die-u-als-werkgever-moet-kennen\\\/#primaryimage\",\"url\":\"https:\\\/\\\/mondialuitzend.nl\\\/wp-content\\\/uploads\\\/2025\\\/05\\\/arbeidsmarkt.jpg\",\"contentUrl\":\"https:\\\/\\\/mondialuitzend.nl\\\/wp-content\\\/uploads\\\/2025\\\/05\\\/arbeidsmarkt.jpg\",\"width\":2000,\"height\":1412},{\"@type\":\"BreadcrumbList\",\"@id\":\"https:\\\/\\\/mondialuitzend.nl\\\/nieuws\\\/arbeidsmarktupdate-trends-die-u-als-werkgever-moet-kennen\\\/#breadcrumb\",\"itemListElement\":[{\"@type\":\"ListItem\",\"position\":1,\"name\":\"Home\",\"item\":\"https:\\\/\\\/mondialuitzend.nl\\\/\"},{\"@type\":\"ListItem\",\"position\":2,\"name\":\"Nieuws\",\"item\":\"https:\\\/\\\/mondialuitzend.nl\\\/nieuws\\\/\"},{\"@type\":\"ListItem\",\"position\":3,\"name\":\"Arbeidsmarktupdate: trends die u als werkgever moet kennen\"}]},{\"@type\":\"WebSite\",\"@id\":\"https:\\\/\\\/mondialuitzend.nl\\\/#website\",\"url\":\"https:\\\/\\\/mondialuitzend.nl\\\/\",\"name\":\"Mondial Uitzend\",\"description\":\"Verbindend tussen werkgever en werknemer\",\"publisher\":{\"@id\":\"https:\\\/\\\/mondialuitzend.nl\\\/#organization\"},\"potentialAction\":[{\"@type\":\"SearchAction\",\"target\":{\"@type\":\"EntryPoint\",\"urlTemplate\":\"https:\\\/\\\/mondialuitzend.nl\\\/?s={search_term_string}\"},\"query-input\":{\"@type\":\"PropertyValueSpecification\",\"valueRequired\":true,\"valueName\":\"search_term_string\"}}],\"inLanguage\":\"hu\"},{\"@type\":\"Organization\",\"@id\":\"https:\\\/\\\/mondialuitzend.nl\\\/#organization\",\"name\":\"Mondial Uitzend\",\"url\":\"https:\\\/\\\/mondialuitzend.nl\\\/\",\"logo\":{\"@type\":\"ImageObject\",\"inLanguage\":\"hu\",\"@id\":\"https:\\\/\\\/mondialuitzend.nl\\\/#\\\/schema\\\/logo\\\/image\\\/\",\"url\":\"https:\\\/\\\/mondialuitzend.nl\\\/wp-content\\\/uploads\\\/2023\\\/06\\\/Logo-MondialUitzend.svg\",\"contentUrl\":\"https:\\\/\\\/mondialuitzend.nl\\\/wp-content\\\/uploads\\\/2023\\\/06\\\/Logo-MondialUitzend.svg\",\"width\":149,\"height\":56,\"caption\":\"Mondial Uitzend\"},\"image\":{\"@id\":\"https:\\\/\\\/mondialuitzend.nl\\\/#\\\/schema\\\/logo\\\/image\\\/\"},\"sameAs\":[\"https:\\\/\\\/www.facebook.com\\\/mondialuitzendbv\\\/\",\"https:\\\/\\\/www.linkedin.com\\\/company\\\/mondial-uitzend-b-v-\",\"https:\\\/\\\/www.youtube.com\\\/channel\\\/UCPBmFRvmUDCPtpAaFVASV9Q\"]},{\"@type\":\"Person\",\"@id\":\"https:\\\/\\\/mondialuitzend.nl\\\/#\\\/schema\\\/person\\\/562f32fb5f6fb30c4956f24e3701dd19\",\"name\":\"Marloes\",\"image\":{\"@type\":\"ImageObject\",\"inLanguage\":\"hu\",\"@id\":\"https:\\\/\\\/secure.gravatar.com\\\/avatar\\\/f30c05a353cfca07f584c10041cdd61ccaea2fb9a73b8d33118aba4d9f403959?s=96&d=mm&r=g\",\"url\":\"https:\\\/\\\/secure.gravatar.com\\\/avatar\\\/f30c05a353cfca07f584c10041cdd61ccaea2fb9a73b8d33118aba4d9f403959?s=96&d=mm&r=g\",\"contentUrl\":\"https:\\\/\\\/secure.gravatar.com\\\/avatar\\\/f30c05a353cfca07f584c10041cdd61ccaea2fb9a73b8d33118aba4d9f403959?s=96&d=mm&r=g\",\"caption\":\"Marloes\"},\"url\":\"https:\\\/\\\/mondialuitzend.nl\\\/hu\\\/author\\\/marloes\\\/\"}]}<\/script>\n<!-- \/ Yoast SEO plugin. -->","yoast_head_json":{"title":"Munkaer\u0151piaci friss\u00edt\u00e9sek: Trendek, amelyeket munk\u00e1ltat\u00f3k\u00e9nt ismernie kell - H\u00edrek - Mondial Uitzend","robots":{"index":"index","follow":"follow","max-snippet":"max-snippet:-1","max-image-preview":"max-image-preview:large","max-video-preview":"max-video-preview:-1"},"canonical":"https:\/\/mondialuitzend.nl\/hu\/hirek\/munkaeropiaci-trendek-frissitesei-amelyeket-munkaltatokent-ismernie-kell\/","og_locale":"hu_HU","og_type":"article","og_title":"Arbeidsmarktupdate: trends die u als werkgever moet kennen - Nieuws - Mondial Uitzend","og_description":"De Nederlandse arbeidsmarkt blijft krap, al is er sprake van lichte versoepeling. In 2024 groeide het aantal banen met 0,8%, en het werkloosheidspercentage steeg naar 3,7%. Er zijn nog altijd meer vacatures dan werkzoekenden \u2013 106 per 100 \u2013 maar de spanning neemt af. Ook steeg het aantal WW-uitkeringen met 9,2%, wat duidt op onzekerheid [&hellip;]","og_url":"https:\/\/mondialuitzend.nl\/hu\/hirek\/munkaeropiaci-trendek-frissitesei-amelyeket-munkaltatokent-ismernie-kell\/","og_site_name":"Mondial Uitzend","article_publisher":"https:\/\/www.facebook.com\/mondialuitzendbv\/","og_image":[{"width":2000,"height":1412,"url":"https:\/\/mondialuitzend.nl\/wp-content\/uploads\/2025\/05\/arbeidsmarkt.jpg","type":"image\/jpeg"}],"twitter_card":"summary_large_image","twitter_misc":{"Becs\u00fclt olvas\u00e1si id\u0151":"2 perc"},"schema":{"@context":"https:\/\/schema.org","@graph":[{"@type":"NewsArticle","@id":"https:\/\/mondialuitzend.nl\/nieuws\/arbeidsmarktupdate-trends-die-u-als-werkgever-moet-kennen\/#article","isPartOf":{"@id":"https:\/\/mondialuitzend.nl\/nieuws\/arbeidsmarktupdate-trends-die-u-als-werkgever-moet-kennen\/"},"author":{"name":"Marloes","@id":"https:\/\/mondialuitzend.nl\/#\/schema\/person\/562f32fb5f6fb30c4956f24e3701dd19"},"headline":"Arbeidsmarktupdate: trends die u als werkgever moet kennen","datePublished":"2025-06-11T12:50:11+00:00","mainEntityOfPage":{"@id":"https:\/\/mondialuitzend.nl\/nieuws\/arbeidsmarktupdate-trends-die-u-als-werkgever-moet-kennen\/"},"wordCount":188,"publisher":{"@id":"https:\/\/mondialuitzend.nl\/#organization"},"image":{"@id":"https:\/\/mondialuitzend.nl\/nieuws\/arbeidsmarktupdate-trends-die-u-als-werkgever-moet-kennen\/#primaryimage"},"thumbnailUrl":"https:\/\/mondialuitzend.nl\/wp-content\/uploads\/2025\/05\/arbeidsmarkt.jpg","inLanguage":"hu"},{"@type":"WebPage","@id":"https:\/\/mondialuitzend.nl\/nieuws\/arbeidsmarktupdate-trends-die-u-als-werkgever-moet-kennen\/","url":"https:\/\/mondialuitzend.nl\/nieuws\/arbeidsmarktupdate-trends-die-u-als-werkgever-moet-kennen\/","name":"Munkaer\u0151piaci friss\u00edt\u00e9sek: Trendek, amelyeket munk\u00e1ltat\u00f3k\u00e9nt ismernie kell - H\u00edrek - Mondial Uitzend","isPartOf":{"@id":"https:\/\/mondialuitzend.nl\/#website"},"primaryImageOfPage":{"@id":"https:\/\/mondialuitzend.nl\/nieuws\/arbeidsmarktupdate-trends-die-u-als-werkgever-moet-kennen\/#primaryimage"},"image":{"@id":"https:\/\/mondialuitzend.nl\/nieuws\/arbeidsmarktupdate-trends-die-u-als-werkgever-moet-kennen\/#primaryimage"},"thumbnailUrl":"https:\/\/mondialuitzend.nl\/wp-content\/uploads\/2025\/05\/arbeidsmarkt.jpg","datePublished":"2025-06-11T12:50:11+00:00","breadcrumb":{"@id":"https:\/\/mondialuitzend.nl\/nieuws\/arbeidsmarktupdate-trends-die-u-als-werkgever-moet-kennen\/#breadcrumb"},"inLanguage":"hu","potentialAction":[{"@type":"ReadAction","target":["https:\/\/mondialuitzend.nl\/nieuws\/arbeidsmarktupdate-trends-die-u-als-werkgever-moet-kennen\/"]}]},{"@type":"ImageObject","inLanguage":"hu","@id":"https:\/\/mondialuitzend.nl\/nieuws\/arbeidsmarktupdate-trends-die-u-als-werkgever-moet-kennen\/#primaryimage","url":"https:\/\/mondialuitzend.nl\/wp-content\/uploads\/2025\/05\/arbeidsmarkt.jpg","contentUrl":"https:\/\/mondialuitzend.nl\/wp-content\/uploads\/2025\/05\/arbeidsmarkt.jpg","width":2000,"height":1412},{"@type":"BreadcrumbList","@id":"https:\/\/mondialuitzend.nl\/nieuws\/arbeidsmarktupdate-trends-die-u-als-werkgever-moet-kennen\/#breadcrumb","itemListElement":[{"@type":"ListItem","position":1,"name":"Home","item":"https:\/\/mondialuitzend.nl\/"},{"@type":"ListItem","position":2,"name":"Nieuws","item":"https:\/\/mondialuitzend.nl\/nieuws\/"},{"@type":"ListItem","position":3,"name":"Arbeidsmarktupdate: trends die u als werkgever moet kennen"}]},{"@type":"WebSite","@id":"https:\/\/mondialuitzend.nl\/#website","url":"https:\/\/mondialuitzend.nl\/","name":"Glob\u00e1lis ad\u00e1s","description":"Munkaad\u00f3 \u00e9s munkav\u00e1llal\u00f3 k\u00f6z\u00f6tti kapcsolat","publisher":{"@id":"https:\/\/mondialuitzend.nl\/#organization"},"potentialAction":[{"@type":"SearchAction","target":{"@type":"EntryPoint","urlTemplate":"https:\/\/mondialuitzend.nl\/?s={search_term_string}"},"query-input":{"@type":"PropertyValueSpecification","valueRequired":true,"valueName":"search_term_string"}}],"inLanguage":"hu"},{"@type":"Organization","@id":"https:\/\/mondialuitzend.nl\/#organization","name":"Glob\u00e1lis ad\u00e1s","url":"https:\/\/mondialuitzend.nl\/","logo":{"@type":"ImageObject","inLanguage":"hu","@id":"https:\/\/mondialuitzend.nl\/#\/schema\/logo\/image\/","url":"https:\/\/mondialuitzend.nl\/wp-content\/uploads\/2023\/06\/Logo-MondialUitzend.svg","contentUrl":"https:\/\/mondialuitzend.nl\/wp-content\/uploads\/2023\/06\/Logo-MondialUitzend.svg","width":149,"height":56,"caption":"Mondial Uitzend"},"image":{"@id":"https:\/\/mondialuitzend.nl\/#\/schema\/logo\/image\/"},"sameAs":["https:\/\/www.facebook.com\/mondialuitzendbv\/","https:\/\/www.linkedin.com\/company\/mondial-uitzend-b-v-","https:\/\/www.youtube.com\/channel\/UCPBmFRvmUDCPtpAaFVASV9Q"]},{"@type":"Person","@id":"https:\/\/mondialuitzend.nl\/#\/schema\/person\/562f32fb5f6fb30c4956f24e3701dd19","name":"Marloes","image":{"@type":"ImageObject","inLanguage":"hu","@id":"https:\/\/secure.gravatar.com\/avatar\/f30c05a353cfca07f584c10041cdd61ccaea2fb9a73b8d33118aba4d9f403959?s=96&d=mm&r=g","url":"https:\/\/secure.gravatar.com\/avatar\/f30c05a353cfca07f584c10041cdd61ccaea2fb9a73b8d33118aba4d9f403959?s=96&d=mm&r=g","contentUrl":"https:\/\/secure.gravatar.com\/avatar\/f30c05a353cfca07f584c10041cdd61ccaea2fb9a73b8d33118aba4d9f403959?s=96&d=mm&r=g","caption":"Marloes"},"url":"https:\/\/mondialuitzend.nl\/hu\/author\/marloes\/"}]}},"_links":{"self":[{"href":"https:\/\/mondialuitzend.nl\/hu\/wp-json\/wp\/v2\/nieuws\/2916","targetHints":{"allow":["GET"]}}],"collection":[{"href":"https:\/\/mondialuitzend.nl\/hu\/wp-json\/wp\/v2\/nieuws"}],"about":[{"href":"https:\/\/mondialuitzend.nl\/hu\/wp-json\/wp\/v2\/types\/nieuws"}],"author":[{"embeddable":true,"href":"https:\/\/mondialuitzend.nl\/hu\/wp-json\/wp\/v2\/users\/8"}],"version-history":[{"count":0,"href":"https:\/\/mondialuitzend.nl\/hu\/wp-json\/wp\/v2\/nieuws\/2916\/revisions"}],"wp:featuredmedia":[{"embeddable":true,"href":"https:\/\/mondialuitzend.nl\/hu\/wp-json\/wp\/v2\/media\/2917"}],"wp:attachment":[{"href":"https:\/\/mondialuitzend.nl\/hu\/wp-json\/wp\/v2\/media?parent=2916"}],"curies":[{"name":"munkaf\u00fczet","href":"https:\/\/api.w.org\/{rel}","templated":true}]}}