{"id":2504,"date":"2025-12-31T11:59:39","date_gmt":"2025-12-31T10:59:39","guid":{"rendered":"https:\/\/mondialuitzend.nl\/?post_type=vacatures&#038;p=2504"},"modified":"2026-07-03T10:01:24","modified_gmt":"2026-07-03T08:01:24","slug":"hegeszto-hegeszto","status":"publish","type":"vacatures","link":"https:\/\/mondialuitzend.nl\/hu\/meguresedett-allasok\/hegeszto-hegeszto\/","title":{"rendered":"Hegeszt\u0151\/hegeszt\u0151"},"content":{"rendered":"<p>\u00dcgyfel\u00fcnk a hollandiai Schagen telep\u00fcl\u00e9sen tal\u00e1lhat\u00f3 kever\u0151- \u00e9s sz\u00e1ll\u00edt\u00f3berendez\u00e9sek fejleszt\u00e9s\u00e9vel \u00e9s gy\u00e1rt\u00e1s\u00e1val foglalkozik a m\u0171tr\u00e1gya\u00e1gazat \u00e9s m\u00e1s \u00f6mlesztett ipar sz\u00e1m\u00e1ra. A vil\u00e1g minden t\u00e1j\u00e1r\u00f3l vannak v\u00e1s\u00e1rl\u00f3ik. Olyan embereket keres\u00fcnk, akik \u00faj kih\u00edv\u00e1st keresnek egy dinamikusan fejl\u0151d\u0151 c\u00e9gn\u00e9l.<\/p>\n<p>&nbsp;<\/p>\n<h2><strong>Hegeszt\u0151k\u00a0<\/strong><\/h2>\n<p><strong>\u00a0<\/strong><\/p>\n<p><strong>aj\u00e1nlat<\/strong><\/p>\n<p>Aj\u00e1nlunk:<\/p>\n<p>&nbsp;<\/p>\n<ul>\n<li>Heti 40 \u00f3r\u00e1s teljes munkaid\u0151s munka, t\u00f6bb munkav\u00e9gz\u00e9s lehet\u0151s\u00e9g\u00e9vel.<\/li>\n<li>Kezd\u0151 fizet\u00e9s 15,80 eur\u00f3 \u00f3r\u00e1nk\u00e9nt; nagyobb tapasztalattal a fizet\u00e9s term\u00e9szetesen magasabb lesz.<\/li>\n<li>\u00c9rt\u00e9kes poz\u00edci\u00f3 egy nagyszer\u0171 c\u00e9gn\u00e9l, amely emberekbe \u00e9s g\u00e9pekbe is fektet.<\/li>\n<\/ul>\n<p>&nbsp;<\/p>\n<p><strong>Mit v\u00e1rnak el t\u0151led?<\/strong><\/p>\n<p>Mondial Uitzend hegeszt\u0151t keres. Tud m\u0171szaki rajzokat olvasni, \u00e9s szeretne hozz\u00e1j\u00e1rulni ehhez a dinamikus szervezethez? Akkor lehet, hogy \u00d6n lesz a megfelel\u0151 jel\u00f6lt!<\/p>\n<p>&nbsp;<\/p>\n<p><strong>Te:<\/strong><\/p>\n<ul>\n<li>M\u0171szaki rajzokat tud olvasni.<\/li>\n<li>Egyedi alkatr\u00e9szeket k\u00e9sz\u00edtenek<\/li>\n<li>F\u00e9mszerkezeteket gy\u00e1rt.<\/li>\n<li>Alkatr\u00e9szeket alak\u00edt ki \u00e9s k\u00f6t \u00f6ssze.<\/li>\n<li>\u00d6sszeszerel\u00e9si munk\u00e1kat v\u00e9gez.<\/li>\n<li>F\u00e9m \u00e9s technol\u00f3gia szakir\u00e1ny\u00fa v\u00e9gzetts\u00e9g<\/li>\n<li>Alapszinten besz\u00e9l angolul<\/li>\n<\/ul>\n<p>&nbsp;<\/p>\n<p><strong>\u00a0<\/strong><\/p>\n<p><strong>V\u00e1llalati profil<\/strong><\/p>\n<p>Az Mondial Uitzend egy nemzetk\u00f6zi munkaer\u0151-k\u00f6zvet\u00edt\u0151 iroda Noord-Holland, Friesland \u00e9s Limburg fi\u00f3ktelepeivel, amely t\u00f6k\u00e9letes megold\u00e1st k\u00edn\u00e1l a rugalmas munkav\u00e1llal\u00f3k ir\u00e1nti n\u00f6vekv\u0151 keresletre nemzeti \u00e9s nemzetk\u00f6zi szinten egyar\u00e1nt. Szolg\u00e1ltat\u00e1saink k\u00f6z\u00e9 tartozik a munkaer\u0151-k\u00f6lcs\u00f6nz\u00e9s, toborz\u00e1s \u00e9s kiv\u00e1laszt\u00e1s, munkaer\u0151-lak\u00e1s, b\u00e9rsz\u00e1mfejt\u00e9s \u00e9s b\u00e9rmunka.<\/p>\n<p>A szolg\u00e1lat \u00e9s a r\u00e9szv\u00e9tel ir\u00e1nti elk\u00f6telezetts\u00e9g\u00fcnket t\u00fckr\u00f6zi a tisztess\u00e9ges emberekkel \u00e9s az emberek\u00e9rt v\u00e9gzett munk\u00e1nk. Sz\u00e1munkra elengedhetetlen, hogy \u00d6n \u00e9s \u00fcgyfeleink is biztosak legyenek a megfelel\u0151 ell\u00e1t\u00e1sban. Szakter\u00fclet\u00fcnk az adminisztr\u00e1ci\u00f3, sz\u00e1ll\u00edt\u00e1s \u00e9s logisztika, ipar \u00e9s termel\u00e9s, technol\u00f3gia, valamint mez\u0151gazdas\u00e1g \u00e9s kert\u00e9szet. Munkam\u00f3dszer\u00fcnket olyan alapvet\u0151 \u00e9rt\u00e9kek vez\u00e9rlik, mint a tisztelet, seg\u00edt\u0151k\u00e9szs\u00e9g, eredm\u00e9ny- \u00e9s c\u00e9lorient\u00e1lts\u00e1g, szak\u00e9rtelem, b\u00fcszkes\u00e9g \u00e9s megb\u00edzhat\u00f3s\u00e1g.<\/p>\n<p><strong>T\u00f6bbet tudni?<\/strong><\/p>\n<p>Szeretne t\u00f6bb inform\u00e1ci\u00f3t kapni a bet\u00f6ltetlen \u00e1ll\u00e1slehet\u0151s\u00e9gr\u0151l? K\u00fcldj\u00f6n egy e-mailt a recruitment@mondialuitzend.nl c\u00edmre.<\/p>\n<p>\u00c9rdekl\u0151d\u00e9s\u00e9t term\u00e9szetesen azonnal jelezheti ugyanezen az e-mail c\u00edmen, vagy azonnal jelentkezhet oldalunkon kereszt\u00fcl!<\/p>\n<p>A toborz\u00f3n kereszt\u00fcl is regisztr\u00e1lhat.<\/p>\n<p>Lengyelorsz\u00e1g eset\u00e9ben k\u00e9rj\u00fck, e-mailben: <a href=\"mailto:rejestracja@mondialuitzend.nl\">rejestracja@mondialuitzend.nl<\/a> , a rom\u00e1niai jelentkez\u0151k e-mailt k\u00fcldhetnek a c\u00edmre <a href=\"mailto:Lidia@mondialuitzend.nl\">Lidia@mondialuitzend.nl<\/a><\/p>\n<p>&nbsp;<\/p>\n<p>&nbsp;<\/p>\n<h6><em>Rendszeresen kapunk jelentkez\u00e9seket az EU\/EGT\/Sv\u00e1jc ter\u00fclet\u00e9n k\u00edv\u00fclr\u0151l \u00e9rkez\u0151 jel\u00f6ltekt\u0151l. Jelenleg nem tudunk munkav\u00e1llal\u00e1si enged\u00e9lyekkel vagy egy\u00e9b munkav\u00e1llal\u00e1si enged\u00e9lyekkel kapcsolatos elj\u00e1r\u00e1sokat int\u00e9zni, mivel ezeket az UWV vagy az IND ritk\u00e1n, vagy egy\u00e1ltal\u00e1n nem adja ki. Ez\u00e9rt csak olyan jel\u00f6lteket tudunk feldolgozni, akik m\u00e1r rendelkeznek munkav\u00e1llal\u00e1si enged\u00e9llyel Hollandi\u00e1ban, munkav\u00e1llal\u00e1si enged\u00e9ly n\u00e9lk\u00fcl.<\/em><\/h6>\n<p>&nbsp;<\/p>","protected":false},"excerpt":{"rendered":"<p>Onze opdrachtgever, gevestigd in de Gemeente Schagen, Nederland, is gespecialiseerd in de ontwikkeling en productie van meng- en transportapparatuur voor de kunstmestsector en andere bulkindustrie\u00ebn. Zij hebben klanten van over de hele wereld. Voor hen zijn wij op zoek naar mensen die op zoek zijn naar een nieuwe uitdaging bij een dynamisch en groeiend bedrijf. [&hellip;]<\/p>\n","protected":false},"featured_media":0,"template":"","class_list":["post-2504","vacatures","type-vacatures","status-publish","hentry"],"yoast_head":"<!-- This site is optimized with the Yoast SEO plugin v28.4 - https:\/\/yoast.com\/product\/yoast-seo-wordpress\/ -->\n<title>Lasser\/ Welder - Vacature - Mondial Uitzend<\/title>\n<meta name=\"robots\" content=\"index, follow, max-snippet:-1, max-image-preview:large, max-video-preview:-1\" \/>\n<link rel=\"canonical\" href=\"https:\/\/mondialuitzend.nl\/hu\/meguresedett-allasok\/hegeszto-hegeszto\/\" \/>\n<meta property=\"og:locale\" content=\"hu_HU\" \/>\n<meta property=\"og:type\" content=\"article\" \/>\n<meta property=\"og:title\" content=\"Lasser\/ Welder - Vacature - Mondial Uitzend\" \/>\n<meta property=\"og:description\" content=\"Onze opdrachtgever, gevestigd in de Gemeente Schagen, Nederland, is gespecialiseerd in de ontwikkeling en productie van meng- en transportapparatuur voor de kunstmestsector en andere bulkindustrie\u00ebn. Zij hebben klanten van over de hele wereld. Voor hen zijn wij op zoek naar mensen die op zoek zijn naar een nieuwe uitdaging bij een dynamisch en groeiend bedrijf. [&hellip;]\" \/>\n<meta property=\"og:url\" content=\"https:\/\/mondialuitzend.nl\/hu\/meguresedett-allasok\/hegeszto-hegeszto\/\" \/>\n<meta property=\"og:site_name\" content=\"Mondial Uitzend\" \/>\n<meta property=\"article:publisher\" content=\"https:\/\/www.facebook.com\/mondialuitzendbv\/\" \/>\n<meta property=\"article:modified_time\" content=\"2026-07-03T08:01:24+00:00\" \/>\n<meta name=\"twitter:card\" content=\"summary_large_image\" \/>\n<meta name=\"twitter:label1\" content=\"Becs\u00fclt olvas\u00e1si id\u0151\" \/>\n\t<meta name=\"twitter:data1\" content=\"2 perc\" \/>\n<script type=\"application\/ld+json\" class=\"yoast-schema-graph\">{\"@context\":\"https:\\\/\\\/schema.org\",\"@graph\":[{\"@type\":\"WebPage\",\"@id\":\"https:\\\/\\\/mondialuitzend.nl\\\/vacatures\\\/lasser-welder\\\/\",\"url\":\"https:\\\/\\\/mondialuitzend.nl\\\/vacatures\\\/lasser-welder\\\/\",\"name\":\"Lasser\\\/ Welder - Vacature - Mondial Uitzend\",\"isPartOf\":{\"@id\":\"https:\\\/\\\/mondialuitzend.nl\\\/#website\"},\"datePublished\":\"2025-12-31T10:59:39+00:00\",\"dateModified\":\"2026-07-03T08:01:24+00:00\",\"breadcrumb\":{\"@id\":\"https:\\\/\\\/mondialuitzend.nl\\\/vacatures\\\/lasser-welder\\\/#breadcrumb\"},\"inLanguage\":\"hu\",\"potentialAction\":[{\"@type\":\"ReadAction\",\"target\":[\"https:\\\/\\\/mondialuitzend.nl\\\/vacatures\\\/lasser-welder\\\/\"]}]},{\"@type\":\"BreadcrumbList\",\"@id\":\"https:\\\/\\\/mondialuitzend.nl\\\/vacatures\\\/lasser-welder\\\/#breadcrumb\",\"itemListElement\":[{\"@type\":\"ListItem\",\"position\":1,\"name\":\"Home\",\"item\":\"https:\\\/\\\/mondialuitzend.nl\\\/\"},{\"@type\":\"ListItem\",\"position\":2,\"name\":\"Vacatures\",\"item\":\"https:\\\/\\\/mondialuitzend.nl\\\/vacatures\\\/\"},{\"@type\":\"ListItem\",\"position\":3,\"name\":\"Lasser\\\/ Welder\"}]},{\"@type\":\"WebSite\",\"@id\":\"https:\\\/\\\/mondialuitzend.nl\\\/#website\",\"url\":\"https:\\\/\\\/mondialuitzend.nl\\\/\",\"name\":\"Mondial Uitzend\",\"description\":\"Verbindend tussen werkgever en werknemer\",\"publisher\":{\"@id\":\"https:\\\/\\\/mondialuitzend.nl\\\/#organization\"},\"potentialAction\":[{\"@type\":\"SearchAction\",\"target\":{\"@type\":\"EntryPoint\",\"urlTemplate\":\"https:\\\/\\\/mondialuitzend.nl\\\/?s={search_term_string}\"},\"query-input\":{\"@type\":\"PropertyValueSpecification\",\"valueRequired\":true,\"valueName\":\"search_term_string\"}}],\"inLanguage\":\"hu\"},{\"@type\":\"Organization\",\"@id\":\"https:\\\/\\\/mondialuitzend.nl\\\/#organization\",\"name\":\"Mondial Uitzend\",\"url\":\"https:\\\/\\\/mondialuitzend.nl\\\/\",\"logo\":{\"@type\":\"ImageObject\",\"inLanguage\":\"hu\",\"@id\":\"https:\\\/\\\/mondialuitzend.nl\\\/#\\\/schema\\\/logo\\\/image\\\/\",\"url\":\"https:\\\/\\\/mondialuitzend.nl\\\/wp-content\\\/uploads\\\/2023\\\/06\\\/Logo-MondialUitzend.svg\",\"contentUrl\":\"https:\\\/\\\/mondialuitzend.nl\\\/wp-content\\\/uploads\\\/2023\\\/06\\\/Logo-MondialUitzend.svg\",\"width\":149,\"height\":56,\"caption\":\"Mondial Uitzend\"},\"image\":{\"@id\":\"https:\\\/\\\/mondialuitzend.nl\\\/#\\\/schema\\\/logo\\\/image\\\/\"},\"sameAs\":[\"https:\\\/\\\/www.facebook.com\\\/mondialuitzendbv\\\/\",\"https:\\\/\\\/www.linkedin.com\\\/company\\\/mondial-uitzend-b-v-\",\"https:\\\/\\\/www.youtube.com\\\/channel\\\/UCPBmFRvmUDCPtpAaFVASV9Q\"]}]}<\/script>\n<!-- \/ Yoast SEO plugin. -->","yoast_head_json":{"title":"Hegeszt\u0151\/hegeszt\u0151 - \u00dcres - Mondial Uitzend","robots":{"index":"index","follow":"follow","max-snippet":"max-snippet:-1","max-image-preview":"max-image-preview:large","max-video-preview":"max-video-preview:-1"},"canonical":"https:\/\/mondialuitzend.nl\/hu\/meguresedett-allasok\/hegeszto-hegeszto\/","og_locale":"hu_HU","og_type":"article","og_title":"Lasser\/ Welder - Vacature - Mondial Uitzend","og_description":"Onze opdrachtgever, gevestigd in de Gemeente Schagen, Nederland, is gespecialiseerd in de ontwikkeling en productie van meng- en transportapparatuur voor de kunstmestsector en andere bulkindustrie\u00ebn. Zij hebben klanten van over de hele wereld. Voor hen zijn wij op zoek naar mensen die op zoek zijn naar een nieuwe uitdaging bij een dynamisch en groeiend bedrijf. [&hellip;]","og_url":"https:\/\/mondialuitzend.nl\/hu\/meguresedett-allasok\/hegeszto-hegeszto\/","og_site_name":"Mondial Uitzend","article_publisher":"https:\/\/www.facebook.com\/mondialuitzendbv\/","article_modified_time":"2026-07-03T08:01:24+00:00","twitter_card":"summary_large_image","twitter_misc":{"Becs\u00fclt olvas\u00e1si id\u0151":"2 perc"},"schema":{"@context":"https:\/\/schema.org","@graph":[{"@type":"WebPage","@id":"https:\/\/mondialuitzend.nl\/vacatures\/lasser-welder\/","url":"https:\/\/mondialuitzend.nl\/vacatures\/lasser-welder\/","name":"Hegeszt\u0151\/hegeszt\u0151 - \u00dcres - Mondial Uitzend","isPartOf":{"@id":"https:\/\/mondialuitzend.nl\/#website"},"datePublished":"2025-12-31T10:59:39+00:00","dateModified":"2026-07-03T08:01:24+00:00","breadcrumb":{"@id":"https:\/\/mondialuitzend.nl\/vacatures\/lasser-welder\/#breadcrumb"},"inLanguage":"hu","potentialAction":[{"@type":"ReadAction","target":["https:\/\/mondialuitzend.nl\/vacatures\/lasser-welder\/"]}]},{"@type":"BreadcrumbList","@id":"https:\/\/mondialuitzend.nl\/vacatures\/lasser-welder\/#breadcrumb","itemListElement":[{"@type":"ListItem","position":1,"name":"Home","item":"https:\/\/mondialuitzend.nl\/"},{"@type":"ListItem","position":2,"name":"Vacatures","item":"https:\/\/mondialuitzend.nl\/vacatures\/"},{"@type":"ListItem","position":3,"name":"Lasser\/ Welder"}]},{"@type":"WebSite","@id":"https:\/\/mondialuitzend.nl\/#website","url":"https:\/\/mondialuitzend.nl\/","name":"Glob\u00e1lis ad\u00e1s","description":"Munkaad\u00f3 \u00e9s munkav\u00e1llal\u00f3 k\u00f6z\u00f6tti kapcsolat","publisher":{"@id":"https:\/\/mondialuitzend.nl\/#organization"},"potentialAction":[{"@type":"SearchAction","target":{"@type":"EntryPoint","urlTemplate":"https:\/\/mondialuitzend.nl\/?s={search_term_string}"},"query-input":{"@type":"PropertyValueSpecification","valueRequired":true,"valueName":"search_term_string"}}],"inLanguage":"hu"},{"@type":"Organization","@id":"https:\/\/mondialuitzend.nl\/#organization","name":"Glob\u00e1lis ad\u00e1s","url":"https:\/\/mondialuitzend.nl\/","logo":{"@type":"ImageObject","inLanguage":"hu","@id":"https:\/\/mondialuitzend.nl\/#\/schema\/logo\/image\/","url":"https:\/\/mondialuitzend.nl\/wp-content\/uploads\/2023\/06\/Logo-MondialUitzend.svg","contentUrl":"https:\/\/mondialuitzend.nl\/wp-content\/uploads\/2023\/06\/Logo-MondialUitzend.svg","width":149,"height":56,"caption":"Mondial Uitzend"},"image":{"@id":"https:\/\/mondialuitzend.nl\/#\/schema\/logo\/image\/"},"sameAs":["https:\/\/www.facebook.com\/mondialuitzendbv\/","https:\/\/www.linkedin.com\/company\/mondial-uitzend-b-v-","https:\/\/www.youtube.com\/channel\/UCPBmFRvmUDCPtpAaFVASV9Q"]}]}},"_links":{"self":[{"href":"https:\/\/mondialuitzend.nl\/hu\/wp-json\/wp\/v2\/vacatures\/2504","targetHints":{"allow":["GET"]}}],"collection":[{"href":"https:\/\/mondialuitzend.nl\/hu\/wp-json\/wp\/v2\/vacatures"}],"about":[{"href":"https:\/\/mondialuitzend.nl\/hu\/wp-json\/wp\/v2\/types\/vacatures"}],"wp:attachment":[{"href":"https:\/\/mondialuitzend.nl\/hu\/wp-json\/wp\/v2\/media?parent=2504"}],"curies":[{"name":"munkaf\u00fczet","href":"https:\/\/api.w.org\/{rel}","templated":true}]}}