{"id":3109,"date":"2026-01-27T12:14:11","date_gmt":"2026-01-27T11:14:11","guid":{"rendered":"https:\/\/mondialuitzend.nl\/?post_type=vacatures&#038;p=3109"},"modified":"2026-02-04T08:33:07","modified_gmt":"2026-02-04T07:33:07","slug":"raktari-alkalmazott-a-franeker-regioban","status":"publish","type":"vacatures","link":"https:\/\/mondialuitzend.nl\/hu\/meguresedett-allasok\/raktari-alkalmazott-a-franeker-regioban\/","title":{"rendered":"Rakt\u00e1ros (Franeker r\u00e9gi\u00f3)"},"content":{"rendered":"<p data-start=\"157\" data-end=\"522\">\u00dcgyfel\u00fcnk sz\u00e1m\u00e1ra keres\u00fcnk jel\u00f6ltet <strong>Rakt\u00e1ri alkalmazott.<\/strong><\/p>\n<p data-start=\"157\" data-end=\"522\">A szervezet sajtok \u00e9s tejterm\u00e9kek sz\u00e9les v\u00e1laszt\u00e9k\u00e1t sz\u00e1ll\u00edtja az ipar, a kiskereskedelem \u00e9s a kereskedelem sz\u00e1m\u00e1ra \u2013 kil\u00f3s kiszerel\u00e9sekt\u0151l a tonn\u00e1kig. A szervezet n\u00f6vekszik \u00e9s professzionaliz\u00e1l\u00f3dik, \u00edgy elengedhetetlen egy j\u00f3l szervezett rakt\u00e1r.<\/p>\n<p data-start=\"524\" data-end=\"606\">A folyamatos n\u00f6veked\u00e9s \u00e9s a n\u00f6vekv\u0151 megrendel\u00e9sek miatt b\u0151v\u00edtik a sz\u00e1ll\u00edt\u00e1si tev\u00e9kenys\u00e9g\u00fcket.<\/p>\n<p data-start=\"608\" data-end=\"854\"><strong data-start=\"608\" data-end=\"624\">A poz\u00edci\u00f3d<\/strong><br data-start=\"624\" data-end=\"627\" \/>Rakt\u00e1rosk\u00e9nt gondoskodnod kell az \u00e1ruk biztons\u00e1gos \u00e9s megfelel\u0151 komissi\u00f3z\u00e1s\u00e1r\u00f3l, t\u00e1rol\u00e1s\u00e1r\u00f3l \u00e9s sz\u00e1ll\u00edt\u00e1sra val\u00f3 el\u0151k\u00e9sz\u00edt\u00e9s\u00e9r\u0151l. Szorosan egy\u00fctt fogsz m\u0171k\u00f6dni a koll\u00e9g\u00e1kkal, \u00e9s k\u00f6vetni fogod a komissi\u00f3z\u00e1si rendszer \u00e9s a csoportvezet\u0151 utas\u00edt\u00e1sait.<\/p>\n<p data-start=\"856\" data-end=\"982\">Feladataid k\u00f6z\u00e9 tartozik a rendel\u00e9sfelv\u00e9tel, targoncahaszn\u00e1lat, valamint az \u00e1ruk \u00e1tv\u00e9tel\u00e9ben \u00e9s t\u00e1rol\u00e1s\u00e1ban val\u00f3 seg\u00edts\u00e9gny\u00fajt\u00e1s.<\/p>\n<p data-start=\"984\" data-end=\"1005\"><strong data-start=\"984\" data-end=\"1003\">Mit fogsz tenni?<\/strong><\/p>\n<ul>\n<li data-start=\"1008\" data-end=\"1079\">Rendel\u00e9sek \u00f6sszegy\u0171jt\u00e9se \u00e9s el\u0151k\u00e9sz\u00edt\u00e9se sz\u00e1ll\u00edt\u00e1sra a komissi\u00f3z\u00f3 rendszer seg\u00edts\u00e9g\u00e9vel.<\/li>\n<li data-start=\"1082\" data-end=\"1166\">\u00c1ruk \u00f6sszegy\u0171jt\u00e9se (elektromos) raklapemel\u0151 kocsikkal \u00e9s szkennel\u00e9s, bele\u00e9rtve a s\u00falyokat is.<\/li>\n<li data-start=\"1169\" data-end=\"1268\">Az \u00e1rukat a biztons\u00e1gi ir\u00e1nyelveknek megfelel\u0151en rakja raklapokra, \u00e9s ellen\u0151rizze a term\u00e9kt\u0151l val\u00f3 elt\u00e9r\u00e9seket.<\/li>\n<li data-start=\"1271\" data-end=\"1387\">Helyezze a raklapokat a megfelel\u0151 sz\u00e1ll\u00edt\u00e1si helyekre, r\u00f6gz\u00edtse a mennyis\u00e9geket \u00e9s a t\u00e9teleket, majd nyomtassa ki \u00e9s ragassza fel a c\u00edmk\u00e9ket.<\/li>\n<li data-start=\"1390\" data-end=\"1550\">Seg\u00edts\u00e9gny\u00fajt\u00e1s a teheraut\u00f3k rakod\u00e1s\u00e1ban, a komissi\u00f3z\u00f3 targonc\u00e1k hely\u00e9nek felt\u00f6lt\u00e9s\u00e9ben, lelt\u00e1roz\u00e1s elv\u00e9gz\u00e9s\u00e9ben, a munkater\u00fclet takar\u00edt\u00e1s\u00e1ban \u00e9s a raklapemel\u0151 kocsik akkumul\u00e1torainak t\u00f6lt\u00e9s\u00e9ben.<\/li>\n<li data-start=\"1553\" data-end=\"1622\">Teheraut\u00f3k lerakod\u00e1sa, bizonylatok ellen\u0151rz\u00e9se \u00e9s elt\u00e9r\u00e9sek jelent\u00e9se.<\/li>\n<li data-start=\"1625\" data-end=\"1712\">\u00c1ruk t\u00e1rol\u00e1sa, bels\u0151 sz\u00e1ll\u00edt\u00e1sok lebonyol\u00edt\u00e1sa \u00e9s a k\u00e9szletek id\u0151ben t\u00f6rt\u00e9n\u0151 felt\u00f6lt\u00e9se.<\/li>\n<li data-start=\"1715\" data-end=\"1816\">Az \u00e1ruk \u00e9s csomagol\u00f3anyagok ellen\u0151rz\u00e9se, regisztr\u00e1l\u00e1sa \u00e9s a megfelel\u0151 oszt\u00e1lyokra t\u00f6rt\u00e9n\u0151 sz\u00e1ll\u00edt\u00e1sa.<\/li>\n<li data-start=\"1819\" data-end=\"1896\">A k\u00e9szletek nyomon k\u00f6vet\u00e9se sz\u00e1ml\u00e1l\u00e1sok elv\u00e9gz\u00e9s\u00e9vel \u00e9s az elt\u00e9r\u00e9sek jelent\u00e9s\u00e9vel.<\/li>\n<\/ul>\n<p data-start=\"1898\" data-end=\"1916\"><strong data-start=\"1898\" data-end=\"1914\">Ki vagy te?<\/strong><\/p>\n<ul>\n<li data-start=\"1919\" data-end=\"1977\">Van tapasztalatod rakt\u00e1ri vagy logisztikai k\u00f6rnyezetben.<\/li>\n<li data-start=\"1980\" data-end=\"2028\">Gondosan, struktur\u00e1ltan \u00e9s biztons\u00e1gosan dolgozol.<\/li>\n<li data-start=\"2031\" data-end=\"2086\">J\u00f3l tudsz szkennerekkel \u00e9s sz\u00e1m\u00edt\u00f3g\u00e9pes rendszerekkel dolgozni.<\/li>\n<li data-start=\"2089\" data-end=\"2184\">Fizikailag k\u00e9pes vagy rakt\u00e1ri munk\u00e1t v\u00e9gezni \u00e9s j\u00f3l tudsz csapatban dolgozni.<\/li>\n<li data-start=\"2089\" data-end=\"2184\">Besz\u00e9lsz hollandul vagy angolul<\/li>\n<li data-start=\"2089\" data-end=\"2184\">jogos\u00edtv\u00e1ny B<\/li>\n<\/ul>\n<p data-start=\"2186\" data-end=\"2207\"><strong data-start=\"2186\" data-end=\"2205\">Mit k\u00edn\u00e1lunk?<\/strong><\/p>\n<ul>\n<li data-start=\"2210\" data-end=\"2269\">V\u00e1ltozatos poz\u00edci\u00f3 egy n\u00f6vekv\u0151 szervezeten bel\u00fcl<\/li>\n<li data-start=\"2272\" data-end=\"2332\">Munkak\u00f6r\u00fclm\u00e9nyek a Mag\u00e1n Sajtrakt\u00e1rak Kollekt\u00edv Szerz\u0151d\u00e9se szerint<\/li>\n<li data-start=\"2335\" data-end=\"2357\">Utaz\u00e1si k\u00f6lts\u00e9gt\u00e9r\u00edt\u00e9s<\/li>\n<li data-start=\"2360\" data-end=\"2418\">Nyugd\u00edjrendszer<\/li>\n<li data-start=\"2421\" data-end=\"2486\">Kellemes munkak\u00f6rnyezet, r\u00f6vid kommunik\u00e1ci\u00f3s csatorn\u00e1kkal \u00e9s egy\u00e9rtelm\u0171 meg\u00e1llapod\u00e1sokkal<\/li>\n<\/ul>","protected":false},"excerpt":{"rendered":"<p>Voor onze opdrachtgever zijn wij op zoek naar een Magazijn Medewerker. De organisatie levert een veelzijdig assortiment kazen en zuivelproducten aan industrie, retail en handel \u2013 van kilo\u2019s tot tonnen. De organisatie groeit en professionaliseert, waarbij een goed georganiseerd magazijn onmisbaar is. Door aanhoudende groei en toenemende orderstromen breiden zij hun expeditie uit. Jouw functieAls [&hellip;]<\/p>\n","protected":false},"featured_media":0,"template":"","sector":[12],"class_list":["post-3109","vacatures","type-vacatures","status-publish","hentry","sector-transport-logistiek"],"yoast_head":"<!-- This site is optimized with the Yoast SEO plugin v27.4 - https:\/\/yoast.com\/product\/yoast-seo-wordpress\/ -->\n<title>Magazijn Medewerker (regio Franeker) - Vacature - Mondial Uitzend<\/title>\n<meta name=\"robots\" content=\"index, follow, max-snippet:-1, max-image-preview:large, max-video-preview:-1\" \/>\n<link rel=\"canonical\" href=\"https:\/\/mondialuitzend.nl\/hu\/meguresedett-allasok\/raktari-alkalmazott-a-franeker-regioban\/\" \/>\n<meta property=\"og:locale\" content=\"hu_HU\" \/>\n<meta property=\"og:type\" content=\"article\" \/>\n<meta property=\"og:title\" content=\"Magazijn Medewerker (regio Franeker) - Vacature - Mondial Uitzend\" \/>\n<meta property=\"og:description\" content=\"Voor onze opdrachtgever zijn wij op zoek naar een Magazijn Medewerker. De organisatie levert een veelzijdig assortiment kazen en zuivelproducten aan industrie, retail en handel \u2013 van kilo\u2019s tot tonnen. De organisatie groeit en professionaliseert, waarbij een goed georganiseerd magazijn onmisbaar is. Door aanhoudende groei en toenemende orderstromen breiden zij hun expeditie uit. Jouw functieAls [&hellip;]\" \/>\n<meta property=\"og:url\" content=\"https:\/\/mondialuitzend.nl\/hu\/meguresedett-allasok\/raktari-alkalmazott-a-franeker-regioban\/\" \/>\n<meta property=\"og:site_name\" content=\"Mondial Uitzend\" \/>\n<meta property=\"article:publisher\" content=\"https:\/\/www.facebook.com\/mondialuitzendbv\/\" \/>\n<meta property=\"article:modified_time\" content=\"2026-02-04T07:33:07+00:00\" \/>\n<meta name=\"twitter:card\" content=\"summary_large_image\" \/>\n<meta name=\"twitter:label1\" content=\"Becs\u00fclt olvas\u00e1si id\u0151\" \/>\n\t<meta name=\"twitter:data1\" content=\"2 perc\" \/>\n<script type=\"application\/ld+json\" class=\"yoast-schema-graph\">{\"@context\":\"https:\\\/\\\/schema.org\",\"@graph\":[{\"@type\":\"WebPage\",\"@id\":\"https:\\\/\\\/mondialuitzend.nl\\\/vacatures\\\/magazijn-medewerker-regio-franeker\\\/\",\"url\":\"https:\\\/\\\/mondialuitzend.nl\\\/vacatures\\\/magazijn-medewerker-regio-franeker\\\/\",\"name\":\"Magazijn Medewerker (regio Franeker) - Vacature - Mondial Uitzend\",\"isPartOf\":{\"@id\":\"https:\\\/\\\/mondialuitzend.nl\\\/#website\"},\"datePublished\":\"2026-01-27T11:14:11+00:00\",\"dateModified\":\"2026-02-04T07:33:07+00:00\",\"breadcrumb\":{\"@id\":\"https:\\\/\\\/mondialuitzend.nl\\\/vacatures\\\/magazijn-medewerker-regio-franeker\\\/#breadcrumb\"},\"inLanguage\":\"hu\",\"potentialAction\":[{\"@type\":\"ReadAction\",\"target\":[\"https:\\\/\\\/mondialuitzend.nl\\\/vacatures\\\/magazijn-medewerker-regio-franeker\\\/\"]}]},{\"@type\":\"BreadcrumbList\",\"@id\":\"https:\\\/\\\/mondialuitzend.nl\\\/vacatures\\\/magazijn-medewerker-regio-franeker\\\/#breadcrumb\",\"itemListElement\":[{\"@type\":\"ListItem\",\"position\":1,\"name\":\"Home\",\"item\":\"https:\\\/\\\/mondialuitzend.nl\\\/\"},{\"@type\":\"ListItem\",\"position\":2,\"name\":\"Vacatures\",\"item\":\"https:\\\/\\\/mondialuitzend.nl\\\/vacatures\\\/\"},{\"@type\":\"ListItem\",\"position\":3,\"name\":\"Magazijn Medewerker (regio Franeker)\"}]},{\"@type\":\"WebSite\",\"@id\":\"https:\\\/\\\/mondialuitzend.nl\\\/#website\",\"url\":\"https:\\\/\\\/mondialuitzend.nl\\\/\",\"name\":\"Mondial Uitzend\",\"description\":\"Verbindend tussen werkgever en werknemer\",\"publisher\":{\"@id\":\"https:\\\/\\\/mondialuitzend.nl\\\/#organization\"},\"potentialAction\":[{\"@type\":\"SearchAction\",\"target\":{\"@type\":\"EntryPoint\",\"urlTemplate\":\"https:\\\/\\\/mondialuitzend.nl\\\/?s={search_term_string}\"},\"query-input\":{\"@type\":\"PropertyValueSpecification\",\"valueRequired\":true,\"valueName\":\"search_term_string\"}}],\"inLanguage\":\"hu\"},{\"@type\":\"Organization\",\"@id\":\"https:\\\/\\\/mondialuitzend.nl\\\/#organization\",\"name\":\"Mondial Uitzend\",\"url\":\"https:\\\/\\\/mondialuitzend.nl\\\/\",\"logo\":{\"@type\":\"ImageObject\",\"inLanguage\":\"hu\",\"@id\":\"https:\\\/\\\/mondialuitzend.nl\\\/#\\\/schema\\\/logo\\\/image\\\/\",\"url\":\"https:\\\/\\\/mondialuitzend.nl\\\/wp-content\\\/uploads\\\/2023\\\/06\\\/Logo-MondialUitzend.svg\",\"contentUrl\":\"https:\\\/\\\/mondialuitzend.nl\\\/wp-content\\\/uploads\\\/2023\\\/06\\\/Logo-MondialUitzend.svg\",\"width\":149,\"height\":56,\"caption\":\"Mondial Uitzend\"},\"image\":{\"@id\":\"https:\\\/\\\/mondialuitzend.nl\\\/#\\\/schema\\\/logo\\\/image\\\/\"},\"sameAs\":[\"https:\\\/\\\/www.facebook.com\\\/mondialuitzendbv\\\/\",\"https:\\\/\\\/www.linkedin.com\\\/company\\\/mondial-uitzend-b-v-\",\"https:\\\/\\\/www.youtube.com\\\/channel\\\/UCPBmFRvmUDCPtpAaFVASV9Q\"]}]}<\/script>\n<!-- \/ Yoast SEO plugin. -->","yoast_head_json":{"title":"Rakt\u00e1ri alkalmazott (Franeker r\u00e9gi\u00f3) - Bet\u00f6ltetlen \u00e1ll\u00e1s - Mondial Uitzend","robots":{"index":"index","follow":"follow","max-snippet":"max-snippet:-1","max-image-preview":"max-image-preview:large","max-video-preview":"max-video-preview:-1"},"canonical":"https:\/\/mondialuitzend.nl\/hu\/meguresedett-allasok\/raktari-alkalmazott-a-franeker-regioban\/","og_locale":"hu_HU","og_type":"article","og_title":"Magazijn Medewerker (regio Franeker) - Vacature - Mondial Uitzend","og_description":"Voor onze opdrachtgever zijn wij op zoek naar een Magazijn Medewerker. De organisatie levert een veelzijdig assortiment kazen en zuivelproducten aan industrie, retail en handel \u2013 van kilo\u2019s tot tonnen. De organisatie groeit en professionaliseert, waarbij een goed georganiseerd magazijn onmisbaar is. Door aanhoudende groei en toenemende orderstromen breiden zij hun expeditie uit. Jouw functieAls [&hellip;]","og_url":"https:\/\/mondialuitzend.nl\/hu\/meguresedett-allasok\/raktari-alkalmazott-a-franeker-regioban\/","og_site_name":"Mondial Uitzend","article_publisher":"https:\/\/www.facebook.com\/mondialuitzendbv\/","article_modified_time":"2026-02-04T07:33:07+00:00","twitter_card":"summary_large_image","twitter_misc":{"Becs\u00fclt olvas\u00e1si id\u0151":"2 perc"},"schema":{"@context":"https:\/\/schema.org","@graph":[{"@type":"WebPage","@id":"https:\/\/mondialuitzend.nl\/vacatures\/magazijn-medewerker-regio-franeker\/","url":"https:\/\/mondialuitzend.nl\/vacatures\/magazijn-medewerker-regio-franeker\/","name":"Rakt\u00e1ri alkalmazott (Franeker r\u00e9gi\u00f3) - Bet\u00f6ltetlen \u00e1ll\u00e1s - Mondial Uitzend","isPartOf":{"@id":"https:\/\/mondialuitzend.nl\/#website"},"datePublished":"2026-01-27T11:14:11+00:00","dateModified":"2026-02-04T07:33:07+00:00","breadcrumb":{"@id":"https:\/\/mondialuitzend.nl\/vacatures\/magazijn-medewerker-regio-franeker\/#breadcrumb"},"inLanguage":"hu","potentialAction":[{"@type":"ReadAction","target":["https:\/\/mondialuitzend.nl\/vacatures\/magazijn-medewerker-regio-franeker\/"]}]},{"@type":"BreadcrumbList","@id":"https:\/\/mondialuitzend.nl\/vacatures\/magazijn-medewerker-regio-franeker\/#breadcrumb","itemListElement":[{"@type":"ListItem","position":1,"name":"Home","item":"https:\/\/mondialuitzend.nl\/"},{"@type":"ListItem","position":2,"name":"Vacatures","item":"https:\/\/mondialuitzend.nl\/vacatures\/"},{"@type":"ListItem","position":3,"name":"Magazijn Medewerker (regio Franeker)"}]},{"@type":"WebSite","@id":"https:\/\/mondialuitzend.nl\/#website","url":"https:\/\/mondialuitzend.nl\/","name":"Glob\u00e1lis ad\u00e1s","description":"Munkaad\u00f3 \u00e9s munkav\u00e1llal\u00f3 k\u00f6z\u00f6tti kapcsolat","publisher":{"@id":"https:\/\/mondialuitzend.nl\/#organization"},"potentialAction":[{"@type":"SearchAction","target":{"@type":"EntryPoint","urlTemplate":"https:\/\/mondialuitzend.nl\/?s={search_term_string}"},"query-input":{"@type":"PropertyValueSpecification","valueRequired":true,"valueName":"search_term_string"}}],"inLanguage":"hu"},{"@type":"Organization","@id":"https:\/\/mondialuitzend.nl\/#organization","name":"Glob\u00e1lis ad\u00e1s","url":"https:\/\/mondialuitzend.nl\/","logo":{"@type":"ImageObject","inLanguage":"hu","@id":"https:\/\/mondialuitzend.nl\/#\/schema\/logo\/image\/","url":"https:\/\/mondialuitzend.nl\/wp-content\/uploads\/2023\/06\/Logo-MondialUitzend.svg","contentUrl":"https:\/\/mondialuitzend.nl\/wp-content\/uploads\/2023\/06\/Logo-MondialUitzend.svg","width":149,"height":56,"caption":"Mondial Uitzend"},"image":{"@id":"https:\/\/mondialuitzend.nl\/#\/schema\/logo\/image\/"},"sameAs":["https:\/\/www.facebook.com\/mondialuitzendbv\/","https:\/\/www.linkedin.com\/company\/mondial-uitzend-b-v-","https:\/\/www.youtube.com\/channel\/UCPBmFRvmUDCPtpAaFVASV9Q"]}]}},"_links":{"self":[{"href":"https:\/\/mondialuitzend.nl\/hu\/wp-json\/wp\/v2\/vacatures\/3109","targetHints":{"allow":["GET"]}}],"collection":[{"href":"https:\/\/mondialuitzend.nl\/hu\/wp-json\/wp\/v2\/vacatures"}],"about":[{"href":"https:\/\/mondialuitzend.nl\/hu\/wp-json\/wp\/v2\/types\/vacatures"}],"wp:attachment":[{"href":"https:\/\/mondialuitzend.nl\/hu\/wp-json\/wp\/v2\/media?parent=3109"}],"wp:term":[{"taxonomy":"sector","embeddable":true,"href":"https:\/\/mondialuitzend.nl\/hu\/wp-json\/wp\/v2\/sector?post=3109"}],"curies":[{"name":"munkaf\u00fczet","href":"https:\/\/api.w.org\/{rel}","templated":true}]}}