{"id":2411,"date":"2024-09-17T13:22:59","date_gmt":"2024-09-17T11:22:59","guid":{"rendered":"https:\/\/mondialuitzend.nl\/?post_type=nieuws&#038;p=2411"},"modified":"2024-09-17T13:23:25","modified_gmt":"2024-09-17T11:23:25","slug":"schagen-lokalizacja-dnia-otwartego","status":"publish","type":"nieuws","link":"https:\/\/mondialuitzend.nl\/pl\/aktualnosci\/schagen-lokalizacja-dnia-otwartego\/","title":{"rendered":"Miejsce Dnia Otwartego Schagen"},"content":{"rendered":"<p class=\"cvGsUA direction-ltr align-start para-style-body\"><span class=\"OYPEnA font-feature-liga-off font-feature-clig-off font-feature-calt-off text-decoration-none text-strikethrough-none\">Pod koniec marca 2024 roku nadszed\u0142 ten moment: Mondial Uitzend przeprowadzi\u0142o si\u0119 do nowego biura przy Grotewallerweg 3.11 w Schagen.<\/span><\/p>\n<p class=\"cvGsUA direction-ltr align-start para-style-body\"><span class=\"OYPEnA font-feature-liga-off font-feature-clig-off font-feature-calt-off text-decoration-none text-strikethrough-none\">Po ponad 22 latach lokalizacji w &#039;t Zand przerosli\u015bmy nasz stary budynek. W ostatnich miesi\u0105cach mieli\u015bmy przyjemno\u015b\u0107 go\u015bci\u0107 w naszym pi\u0119knym nowym biurze wielu naszych pracownik\u00f3w tymczasowych, partner\u00f3w biznesowych i klient\u00f3w.<\/span><\/p>\n<h5 class=\"cvGsUA direction-ltr align-start para-style-body\"><span class=\"OYPEnA font-feature-liga-off font-feature-clig-off font-feature-calt-off text-decoration-none text-strikethrough-none\">Zapraszamy r\u00f3wnie\u017c serdecznie<\/span><span class=\"OYPEnA font-feature-liga-off font-feature-clig-off font-feature-calt-off text-decoration-none text-strikethrough-none\"> przyj\u015b\u0107 i obejrze\u0107 nasze nowe biuro. Zapraszamy na nasz dzie\u0144 otwarty <\/span><span class=\"OYPEnA font-feature-liga-off font-feature-clig-off font-feature-calt-off text-decoration-none text-strikethrough-none\">w sobot\u0119 19 pa\u017adziernika w godzinach 11:00 \u2013 16:00.<\/span><\/h5>\n<p class=\"cvGsUA direction-ltr align-start para-style-body\"><span class=\"OYPEnA font-feature-liga-off font-feature-clig-off font-feature-calt-off text-decoration-none text-strikethrough-none\">Pod uwag\u0119 wzi\u0119to r\u00f3wnie\u017c przek\u0105ski, napoje, muzyk\u0119 i dzieci (nadmuchiwany zamek, krowa limuzyna)!<\/span><\/p>\n<p class=\"cvGsUA direction-ltr align-center para-style-body\"><span class=\"OYPEnA font-feature-liga-off font-feature-clig-off font-feature-calt-off text-decoration-none text-strikethrough-none\">Czekamy z niecierpliwo\u015bci\u0105 na powitanie <\/span><span class=\"OYPEnA font-feature-liga-off font-feature-clig-off font-feature-calt-off text-decoration-none text-strikethrough-none\">w naszej nowej lokalizacji!<\/span><\/p>\n<p>Nasz adres to: Grotewallerweg 3.11 \u2013 Schagen<\/p>\n<p>&nbsp;<\/p>\n<p>&nbsp;<\/p>\n<p><em><span class=\"OYPEnA font-feature-liga-off font-feature-clig-off font-feature-calt-off text-decoration-none text-strikethrough-none\">Tego dnia mo\u017cesz zaparkowa\u0107 bezp\u0142atnie na terenie Witte Paal 203 w Schagen. Z obiektu wyznaczona jest trasa spacerowa (2 minuty).<\/span> <\/em><\/p>\n<p><em><span class=\"OYPEnA font-feature-liga-off font-feature-clig-off font-feature-calt-off text-decoration-none text-strikethrough-none\">Znajdujemy si\u0119 na pierwszym pi\u0119trze. Na to pi\u0119tro mo\u017cna dosta\u0107 si\u0119 wy\u0142\u0105cznie schodami.<\/span><\/em><\/p>\n<p>&nbsp;<\/p>\n<p><img fetchpriority=\"high\" decoding=\"async\" class=\"alignnone wp-image-2413\" src=\"https:\/\/mondialuitzend.nl\/wp-content\/uploads\/2024\/09\/join-us-for-300x214.jpg\" alt=\"\" width=\"425\" height=\"303\" srcset=\"https:\/\/mondialuitzend.nl\/wp-content\/uploads\/2024\/09\/join-us-for-300x214.jpg 300w, https:\/\/mondialuitzend.nl\/wp-content\/uploads\/2024\/09\/join-us-for-1024x732.jpg 1024w, https:\/\/mondialuitzend.nl\/wp-content\/uploads\/2024\/09\/join-us-for-768x549.jpg 768w, https:\/\/mondialuitzend.nl\/wp-content\/uploads\/2024\/09\/join-us-for-1536x1097.jpg 1536w, https:\/\/mondialuitzend.nl\/wp-content\/uploads\/2024\/09\/join-us-for-18x12.jpg 18w, https:\/\/mondialuitzend.nl\/wp-content\/uploads\/2024\/09\/join-us-for-600x429.jpg 600w, https:\/\/mondialuitzend.nl\/wp-content\/uploads\/2024\/09\/join-us-for.jpg 2000w\" sizes=\"(max-width: 425px) 100vw, 425px\" \/><img decoding=\"async\" class=\"alignnone wp-image-2412\" src=\"https:\/\/mondialuitzend.nl\/wp-content\/uploads\/2024\/09\/join-us-for-2-300x214.jpg\" alt=\"\" width=\"426\" height=\"304\" srcset=\"https:\/\/mondialuitzend.nl\/wp-content\/uploads\/2024\/09\/join-us-for-2-300x214.jpg 300w, https:\/\/mondialuitzend.nl\/wp-content\/uploads\/2024\/09\/join-us-for-2-1024x732.jpg 1024w, https:\/\/mondialuitzend.nl\/wp-content\/uploads\/2024\/09\/join-us-for-2-768x549.jpg 768w, https:\/\/mondialuitzend.nl\/wp-content\/uploads\/2024\/09\/join-us-for-2-1536x1097.jpg 1536w, https:\/\/mondialuitzend.nl\/wp-content\/uploads\/2024\/09\/join-us-for-2-18x12.jpg 18w, https:\/\/mondialuitzend.nl\/wp-content\/uploads\/2024\/09\/join-us-for-2-600x429.jpg 600w, https:\/\/mondialuitzend.nl\/wp-content\/uploads\/2024\/09\/join-us-for-2.jpg 2000w\" sizes=\"(max-width: 426px) 100vw, 426px\" \/><\/p>","protected":false},"excerpt":{"rendered":"<p>Eind maart 2024 was het moment daar: Mondial Uitzend betrok haar nieuwe kantoor aan de Grotewallerweg 3.11 in Schagen. Na meer dan 22 jaar in &#8217;t Zand te zijn gevestigd, waren we uit ons oude pand gegroeid. De afgelopen maanden hebben we het genoegen gehad om al een aantal van onze flexwerkers, zakenpartners en opdrachtgevers [&hellip;]<\/p>\n","protected":false},"author":8,"featured_media":2419,"template":"","class_list":["post-2411","nieuws","type-nieuws","status-publish","has-post-thumbnail","hentry"],"yoast_head":"<!-- This site is optimized with the Yoast SEO plugin v27.5 - https:\/\/yoast.com\/product\/yoast-seo-wordpress\/ -->\n<title>Open Dag locatie Schagen - Nieuws - Mondial Uitzend<\/title>\n<meta name=\"robots\" content=\"index, follow, max-snippet:-1, max-image-preview:large, max-video-preview:-1\" \/>\n<link rel=\"canonical\" href=\"https:\/\/mondialuitzend.nl\/pl\/aktualnosci\/schagen-lokalizacja-dnia-otwartego\/\" \/>\n<meta property=\"og:locale\" content=\"pl_PL\" \/>\n<meta property=\"og:type\" content=\"article\" \/>\n<meta property=\"og:title\" content=\"Open Dag locatie Schagen - Nieuws - Mondial Uitzend\" \/>\n<meta property=\"og:description\" content=\"Eind maart 2024 was het moment daar: Mondial Uitzend betrok haar nieuwe kantoor aan de Grotewallerweg 3.11 in Schagen. Na meer dan 22 jaar in &#8217;t Zand te zijn gevestigd, waren we uit ons oude pand gegroeid. De afgelopen maanden hebben we het genoegen gehad om al een aantal van onze flexwerkers, zakenpartners en opdrachtgevers [&hellip;]\" \/>\n<meta property=\"og:url\" content=\"https:\/\/mondialuitzend.nl\/pl\/aktualnosci\/schagen-lokalizacja-dnia-otwartego\/\" \/>\n<meta property=\"og:site_name\" content=\"Mondial Uitzend\" \/>\n<meta property=\"article:publisher\" content=\"https:\/\/www.facebook.com\/mondialuitzendbv\/\" \/>\n<meta property=\"article:modified_time\" content=\"2024-09-17T11:23:25+00:00\" \/>\n<meta property=\"og:image\" content=\"https:\/\/mondialuitzend.nl\/wp-content\/uploads\/2024\/09\/Website-Open-Dag.jpg\" \/>\n\t<meta property=\"og:image:width\" content=\"2000\" \/>\n\t<meta property=\"og:image:height\" content=\"846\" \/>\n\t<meta property=\"og:image:type\" content=\"image\/jpeg\" \/>\n<meta name=\"twitter:card\" content=\"summary_large_image\" \/>\n<meta name=\"twitter:label1\" content=\"Szacowany czas czytania\" \/>\n\t<meta name=\"twitter:data1\" content=\"2 minuty\" \/>\n<script type=\"application\/ld+json\" class=\"yoast-schema-graph\">{\"@context\":\"https:\\\/\\\/schema.org\",\"@graph\":[{\"@type\":\"NewsArticle\",\"@id\":\"https:\\\/\\\/mondialuitzend.nl\\\/nieuws\\\/open-dag-locatie-schagen\\\/#article\",\"isPartOf\":{\"@id\":\"https:\\\/\\\/mondialuitzend.nl\\\/nieuws\\\/open-dag-locatie-schagen\\\/\"},\"author\":{\"name\":\"Marloes\",\"@id\":\"https:\\\/\\\/mondialuitzend.nl\\\/#\\\/schema\\\/person\\\/562f32fb5f6fb30c4956f24e3701dd19\"},\"headline\":\"Open Dag locatie Schagen\",\"datePublished\":\"2024-09-17T11:22:59+00:00\",\"dateModified\":\"2024-09-17T11:23:25+00:00\",\"mainEntityOfPage\":{\"@id\":\"https:\\\/\\\/mondialuitzend.nl\\\/nieuws\\\/open-dag-locatie-schagen\\\/\"},\"wordCount\":162,\"publisher\":{\"@id\":\"https:\\\/\\\/mondialuitzend.nl\\\/#organization\"},\"image\":{\"@id\":\"https:\\\/\\\/mondialuitzend.nl\\\/nieuws\\\/open-dag-locatie-schagen\\\/#primaryimage\"},\"thumbnailUrl\":\"https:\\\/\\\/mondialuitzend.nl\\\/wp-content\\\/uploads\\\/2024\\\/09\\\/Website-Open-Dag.jpg\",\"inLanguage\":\"pl-PL\"},{\"@type\":\"WebPage\",\"@id\":\"https:\\\/\\\/mondialuitzend.nl\\\/nieuws\\\/open-dag-locatie-schagen\\\/\",\"url\":\"https:\\\/\\\/mondialuitzend.nl\\\/nieuws\\\/open-dag-locatie-schagen\\\/\",\"name\":\"Open Dag locatie Schagen - Nieuws - Mondial Uitzend\",\"isPartOf\":{\"@id\":\"https:\\\/\\\/mondialuitzend.nl\\\/#website\"},\"primaryImageOfPage\":{\"@id\":\"https:\\\/\\\/mondialuitzend.nl\\\/nieuws\\\/open-dag-locatie-schagen\\\/#primaryimage\"},\"image\":{\"@id\":\"https:\\\/\\\/mondialuitzend.nl\\\/nieuws\\\/open-dag-locatie-schagen\\\/#primaryimage\"},\"thumbnailUrl\":\"https:\\\/\\\/mondialuitzend.nl\\\/wp-content\\\/uploads\\\/2024\\\/09\\\/Website-Open-Dag.jpg\",\"datePublished\":\"2024-09-17T11:22:59+00:00\",\"dateModified\":\"2024-09-17T11:23:25+00:00\",\"breadcrumb\":{\"@id\":\"https:\\\/\\\/mondialuitzend.nl\\\/nieuws\\\/open-dag-locatie-schagen\\\/#breadcrumb\"},\"inLanguage\":\"pl-PL\",\"potentialAction\":[{\"@type\":\"ReadAction\",\"target\":[\"https:\\\/\\\/mondialuitzend.nl\\\/nieuws\\\/open-dag-locatie-schagen\\\/\"]}]},{\"@type\":\"ImageObject\",\"inLanguage\":\"pl-PL\",\"@id\":\"https:\\\/\\\/mondialuitzend.nl\\\/nieuws\\\/open-dag-locatie-schagen\\\/#primaryimage\",\"url\":\"https:\\\/\\\/mondialuitzend.nl\\\/wp-content\\\/uploads\\\/2024\\\/09\\\/Website-Open-Dag.jpg\",\"contentUrl\":\"https:\\\/\\\/mondialuitzend.nl\\\/wp-content\\\/uploads\\\/2024\\\/09\\\/Website-Open-Dag.jpg\",\"width\":2000,\"height\":846},{\"@type\":\"BreadcrumbList\",\"@id\":\"https:\\\/\\\/mondialuitzend.nl\\\/nieuws\\\/open-dag-locatie-schagen\\\/#breadcrumb\",\"itemListElement\":[{\"@type\":\"ListItem\",\"position\":1,\"name\":\"Home\",\"item\":\"https:\\\/\\\/mondialuitzend.nl\\\/\"},{\"@type\":\"ListItem\",\"position\":2,\"name\":\"Nieuws\",\"item\":\"https:\\\/\\\/mondialuitzend.nl\\\/nieuws\\\/\"},{\"@type\":\"ListItem\",\"position\":3,\"name\":\"Open Dag locatie Schagen\"}]},{\"@type\":\"WebSite\",\"@id\":\"https:\\\/\\\/mondialuitzend.nl\\\/#website\",\"url\":\"https:\\\/\\\/mondialuitzend.nl\\\/\",\"name\":\"Mondial Uitzend\",\"description\":\"Verbindend tussen werkgever en werknemer\",\"publisher\":{\"@id\":\"https:\\\/\\\/mondialuitzend.nl\\\/#organization\"},\"potentialAction\":[{\"@type\":\"SearchAction\",\"target\":{\"@type\":\"EntryPoint\",\"urlTemplate\":\"https:\\\/\\\/mondialuitzend.nl\\\/?s={search_term_string}\"},\"query-input\":{\"@type\":\"PropertyValueSpecification\",\"valueRequired\":true,\"valueName\":\"search_term_string\"}}],\"inLanguage\":\"pl-PL\"},{\"@type\":\"Organization\",\"@id\":\"https:\\\/\\\/mondialuitzend.nl\\\/#organization\",\"name\":\"Mondial Uitzend\",\"url\":\"https:\\\/\\\/mondialuitzend.nl\\\/\",\"logo\":{\"@type\":\"ImageObject\",\"inLanguage\":\"pl-PL\",\"@id\":\"https:\\\/\\\/mondialuitzend.nl\\\/#\\\/schema\\\/logo\\\/image\\\/\",\"url\":\"https:\\\/\\\/mondialuitzend.nl\\\/wp-content\\\/uploads\\\/2023\\\/06\\\/Logo-MondialUitzend.svg\",\"contentUrl\":\"https:\\\/\\\/mondialuitzend.nl\\\/wp-content\\\/uploads\\\/2023\\\/06\\\/Logo-MondialUitzend.svg\",\"width\":149,\"height\":56,\"caption\":\"Mondial Uitzend\"},\"image\":{\"@id\":\"https:\\\/\\\/mondialuitzend.nl\\\/#\\\/schema\\\/logo\\\/image\\\/\"},\"sameAs\":[\"https:\\\/\\\/www.facebook.com\\\/mondialuitzendbv\\\/\",\"https:\\\/\\\/www.linkedin.com\\\/company\\\/mondial-uitzend-b-v-\",\"https:\\\/\\\/www.youtube.com\\\/channel\\\/UCPBmFRvmUDCPtpAaFVASV9Q\"]},{\"@type\":\"Person\",\"@id\":\"https:\\\/\\\/mondialuitzend.nl\\\/#\\\/schema\\\/person\\\/562f32fb5f6fb30c4956f24e3701dd19\",\"name\":\"Marloes\",\"image\":{\"@type\":\"ImageObject\",\"inLanguage\":\"pl-PL\",\"@id\":\"https:\\\/\\\/secure.gravatar.com\\\/avatar\\\/f30c05a353cfca07f584c10041cdd61ccaea2fb9a73b8d33118aba4d9f403959?s=96&d=mm&r=g\",\"url\":\"https:\\\/\\\/secure.gravatar.com\\\/avatar\\\/f30c05a353cfca07f584c10041cdd61ccaea2fb9a73b8d33118aba4d9f403959?s=96&d=mm&r=g\",\"contentUrl\":\"https:\\\/\\\/secure.gravatar.com\\\/avatar\\\/f30c05a353cfca07f584c10041cdd61ccaea2fb9a73b8d33118aba4d9f403959?s=96&d=mm&r=g\",\"caption\":\"Marloes\"},\"url\":\"https:\\\/\\\/mondialuitzend.nl\\\/pl\\\/author\\\/marloes\\\/\"}]}<\/script>\n<!-- \/ Yoast SEO plugin. -->","yoast_head_json":{"title":"Lokalizacja Dnia Otwartego Schagen - Aktualno\u015bci - Mondial Uitzend","robots":{"index":"index","follow":"follow","max-snippet":"max-snippet:-1","max-image-preview":"max-image-preview:large","max-video-preview":"max-video-preview:-1"},"canonical":"https:\/\/mondialuitzend.nl\/pl\/aktualnosci\/schagen-lokalizacja-dnia-otwartego\/","og_locale":"pl_PL","og_type":"article","og_title":"Open Dag locatie Schagen - Nieuws - Mondial Uitzend","og_description":"Eind maart 2024 was het moment daar: Mondial Uitzend betrok haar nieuwe kantoor aan de Grotewallerweg 3.11 in Schagen. Na meer dan 22 jaar in &#8217;t Zand te zijn gevestigd, waren we uit ons oude pand gegroeid. De afgelopen maanden hebben we het genoegen gehad om al een aantal van onze flexwerkers, zakenpartners en opdrachtgevers [&hellip;]","og_url":"https:\/\/mondialuitzend.nl\/pl\/aktualnosci\/schagen-lokalizacja-dnia-otwartego\/","og_site_name":"Mondial Uitzend","article_publisher":"https:\/\/www.facebook.com\/mondialuitzendbv\/","article_modified_time":"2024-09-17T11:23:25+00:00","og_image":[{"width":2000,"height":846,"url":"https:\/\/mondialuitzend.nl\/wp-content\/uploads\/2024\/09\/Website-Open-Dag.jpg","type":"image\/jpeg"}],"twitter_card":"summary_large_image","twitter_misc":{"Szacowany czas czytania":"2 minuty"},"schema":{"@context":"https:\/\/schema.org","@graph":[{"@type":"NewsArticle","@id":"https:\/\/mondialuitzend.nl\/nieuws\/open-dag-locatie-schagen\/#article","isPartOf":{"@id":"https:\/\/mondialuitzend.nl\/nieuws\/open-dag-locatie-schagen\/"},"author":{"name":"Marloes","@id":"https:\/\/mondialuitzend.nl\/#\/schema\/person\/562f32fb5f6fb30c4956f24e3701dd19"},"headline":"Open Dag locatie Schagen","datePublished":"2024-09-17T11:22:59+00:00","dateModified":"2024-09-17T11:23:25+00:00","mainEntityOfPage":{"@id":"https:\/\/mondialuitzend.nl\/nieuws\/open-dag-locatie-schagen\/"},"wordCount":162,"publisher":{"@id":"https:\/\/mondialuitzend.nl\/#organization"},"image":{"@id":"https:\/\/mondialuitzend.nl\/nieuws\/open-dag-locatie-schagen\/#primaryimage"},"thumbnailUrl":"https:\/\/mondialuitzend.nl\/wp-content\/uploads\/2024\/09\/Website-Open-Dag.jpg","inLanguage":"pl-PL"},{"@type":"WebPage","@id":"https:\/\/mondialuitzend.nl\/nieuws\/open-dag-locatie-schagen\/","url":"https:\/\/mondialuitzend.nl\/nieuws\/open-dag-locatie-schagen\/","name":"Lokalizacja Dnia Otwartego Schagen - Aktualno\u015bci - Mondial Uitzend","isPartOf":{"@id":"https:\/\/mondialuitzend.nl\/#website"},"primaryImageOfPage":{"@id":"https:\/\/mondialuitzend.nl\/nieuws\/open-dag-locatie-schagen\/#primaryimage"},"image":{"@id":"https:\/\/mondialuitzend.nl\/nieuws\/open-dag-locatie-schagen\/#primaryimage"},"thumbnailUrl":"https:\/\/mondialuitzend.nl\/wp-content\/uploads\/2024\/09\/Website-Open-Dag.jpg","datePublished":"2024-09-17T11:22:59+00:00","dateModified":"2024-09-17T11:23:25+00:00","breadcrumb":{"@id":"https:\/\/mondialuitzend.nl\/nieuws\/open-dag-locatie-schagen\/#breadcrumb"},"inLanguage":"pl-PL","potentialAction":[{"@type":"ReadAction","target":["https:\/\/mondialuitzend.nl\/nieuws\/open-dag-locatie-schagen\/"]}]},{"@type":"ImageObject","inLanguage":"pl-PL","@id":"https:\/\/mondialuitzend.nl\/nieuws\/open-dag-locatie-schagen\/#primaryimage","url":"https:\/\/mondialuitzend.nl\/wp-content\/uploads\/2024\/09\/Website-Open-Dag.jpg","contentUrl":"https:\/\/mondialuitzend.nl\/wp-content\/uploads\/2024\/09\/Website-Open-Dag.jpg","width":2000,"height":846},{"@type":"BreadcrumbList","@id":"https:\/\/mondialuitzend.nl\/nieuws\/open-dag-locatie-schagen\/#breadcrumb","itemListElement":[{"@type":"ListItem","position":1,"name":"Home","item":"https:\/\/mondialuitzend.nl\/"},{"@type":"ListItem","position":2,"name":"Nieuws","item":"https:\/\/mondialuitzend.nl\/nieuws\/"},{"@type":"ListItem","position":3,"name":"Open Dag locatie Schagen"}]},{"@type":"WebSite","@id":"https:\/\/mondialuitzend.nl\/#website","url":"https:\/\/mondialuitzend.nl\/","name":"Transmisja globalna","description":"\u0141\u0105czenie mi\u0119dzy pracodawc\u0105 a pracownikiem","publisher":{"@id":"https:\/\/mondialuitzend.nl\/#organization"},"potentialAction":[{"@type":"SearchAction","target":{"@type":"EntryPoint","urlTemplate":"https:\/\/mondialuitzend.nl\/?s={search_term_string}"},"query-input":{"@type":"PropertyValueSpecification","valueRequired":true,"valueName":"search_term_string"}}],"inLanguage":"pl-PL"},{"@type":"Organization","@id":"https:\/\/mondialuitzend.nl\/#organization","name":"Transmisja globalna","url":"https:\/\/mondialuitzend.nl\/","logo":{"@type":"ImageObject","inLanguage":"pl-PL","@id":"https:\/\/mondialuitzend.nl\/#\/schema\/logo\/image\/","url":"https:\/\/mondialuitzend.nl\/wp-content\/uploads\/2023\/06\/Logo-MondialUitzend.svg","contentUrl":"https:\/\/mondialuitzend.nl\/wp-content\/uploads\/2023\/06\/Logo-MondialUitzend.svg","width":149,"height":56,"caption":"Mondial Uitzend"},"image":{"@id":"https:\/\/mondialuitzend.nl\/#\/schema\/logo\/image\/"},"sameAs":["https:\/\/www.facebook.com\/mondialuitzendbv\/","https:\/\/www.linkedin.com\/company\/mondial-uitzend-b-v-","https:\/\/www.youtube.com\/channel\/UCPBmFRvmUDCPtpAaFVASV9Q"]},{"@type":"Person","@id":"https:\/\/mondialuitzend.nl\/#\/schema\/person\/562f32fb5f6fb30c4956f24e3701dd19","name":"Marloes","image":{"@type":"ImageObject","inLanguage":"pl-PL","@id":"https:\/\/secure.gravatar.com\/avatar\/f30c05a353cfca07f584c10041cdd61ccaea2fb9a73b8d33118aba4d9f403959?s=96&d=mm&r=g","url":"https:\/\/secure.gravatar.com\/avatar\/f30c05a353cfca07f584c10041cdd61ccaea2fb9a73b8d33118aba4d9f403959?s=96&d=mm&r=g","contentUrl":"https:\/\/secure.gravatar.com\/avatar\/f30c05a353cfca07f584c10041cdd61ccaea2fb9a73b8d33118aba4d9f403959?s=96&d=mm&r=g","caption":"Marloes"},"url":"https:\/\/mondialuitzend.nl\/pl\/author\/marloes\/"}]}},"_links":{"self":[{"href":"https:\/\/mondialuitzend.nl\/pl\/wp-json\/wp\/v2\/nieuws\/2411","targetHints":{"allow":["GET"]}}],"collection":[{"href":"https:\/\/mondialuitzend.nl\/pl\/wp-json\/wp\/v2\/nieuws"}],"about":[{"href":"https:\/\/mondialuitzend.nl\/pl\/wp-json\/wp\/v2\/types\/nieuws"}],"author":[{"embeddable":true,"href":"https:\/\/mondialuitzend.nl\/pl\/wp-json\/wp\/v2\/users\/8"}],"version-history":[{"count":0,"href":"https:\/\/mondialuitzend.nl\/pl\/wp-json\/wp\/v2\/nieuws\/2411\/revisions"}],"wp:featuredmedia":[{"embeddable":true,"href":"https:\/\/mondialuitzend.nl\/pl\/wp-json\/wp\/v2\/media\/2419"}],"wp:attachment":[{"href":"https:\/\/mondialuitzend.nl\/pl\/wp-json\/wp\/v2\/media?parent=2411"}],"curies":[{"name":"wp","href":"https:\/\/api.w.org\/{rel}","templated":true}]}}