{"id":3109,"date":"2026-01-27T12:14:11","date_gmt":"2026-01-27T11:14:11","guid":{"rendered":"https:\/\/mondialuitzend.nl\/?post_type=vacatures&#038;p=3109"},"modified":"2026-02-04T08:33:07","modified_gmt":"2026-02-04T07:33:07","slug":"pracownik-magazynu-w-regionie-franeker","status":"publish","type":"vacatures","link":"https:\/\/mondialuitzend.nl\/pl\/wakaty\/pracownik-magazynu-w-regionie-franeker\/","title":{"rendered":"Pracownik magazynu (region Franeker)"},"content":{"rendered":"<p data-start=\"157\" data-end=\"522\">Szukamy kandydata dla naszego klienta <strong>Pracownik magazynu.<\/strong><\/p>\n<p data-start=\"157\" data-end=\"522\">Organizacja dostarcza szerok\u0105 gam\u0119 ser\u00f3w i produkt\u00f3w mlecznych dla przemys\u0142u, handlu detalicznego i handlu \u2013 od kilogram\u00f3w po tony. Organizacja si\u0119 rozwija i profesjonalizuje, co sprawia, \u017ce dobrze zorganizowany magazyn jest niezb\u0119dny.<\/p>\n<p data-start=\"524\" data-end=\"606\">Ze wzgl\u0119du na ci\u0105g\u0142y rozw\u00f3j firmy i rosn\u0105c\u0105 liczb\u0119 zam\u00f3wie\u0144, firma rozszerza swoj\u0105 dzia\u0142alno\u015b\u0107 wysy\u0142kow\u0105.<\/p>\n<p data-start=\"608\" data-end=\"854\"><strong data-start=\"608\" data-end=\"624\">Twoja pozycja<\/strong><br data-start=\"624\" data-end=\"627\" \/>Jako pracownik magazynu b\u0119dziesz dba\u0107 o to, aby towary by\u0142y kompletowane, przechowywane i przygotowywane do wysy\u0142ki bezpiecznie i prawid\u0142owo. B\u0119dziesz \u015bci\u015ble wsp\u00f3\u0142pracowa\u0107 z kolegami i przestrzega\u0107 instrukcji systemu kompletacji zam\u00f3wie\u0144 oraz kierownika zespo\u0142u.<\/p>\n<p data-start=\"856\" data-end=\"982\">Do Twoich obowi\u0105zk\u00f3w b\u0119dzie nale\u017ca\u0142o kompletowanie zam\u00f3wie\u0144, obs\u0142uga w\u00f3zka wid\u0142owego oraz wsparcie przy przyjmowaniu i magazynowaniu towar\u00f3w.<\/p>\n<p data-start=\"984\" data-end=\"1005\"><strong data-start=\"984\" data-end=\"1003\">Co zamierzasz zrobi\u0107?<\/strong><\/p>\n<ul>\n<li data-start=\"1008\" data-end=\"1079\">Zbieraj zam\u00f3wienia i przygotowuj je do wysy\u0142ki korzystaj\u0105c z systemu kompletacji zam\u00f3wie\u0144.<\/li>\n<li data-start=\"1082\" data-end=\"1166\">Zbieranie towar\u00f3w za pomoc\u0105 w\u00f3zk\u00f3w paletowych (elektrycznych) i skanowanie wraz z wag\u0105.<\/li>\n<li data-start=\"1169\" data-end=\"1268\">Uk\u0142ada\u0107 towary na paletach zgodnie z wytycznymi bezpiecze\u0144stwa i sprawdza\u0107, czy produkt nie wykazuje odchyle\u0144 od normy.<\/li>\n<li data-start=\"1271\" data-end=\"1387\">Umie\u015b\u0107 palety we w\u0142a\u015bciwych miejscach wysy\u0142ki, zapisz ilo\u015bci i pozycje, wydrukuj i naklej etykiety.<\/li>\n<li data-start=\"1390\" data-end=\"1550\">Pomoc przy za\u0142adunku ci\u0119\u017car\u00f3wek, uzupe\u0142nianiu zapas\u00f3w na stanowiskach kompletacyjnych, przeprowadzaniu inwentaryzacji, sprz\u0105taniu miejsca pracy i \u0142adowaniu akumulator\u00f3w w\u00f3zk\u00f3w paletowych.<\/li>\n<li data-start=\"1553\" data-end=\"1622\">Roz\u0142adowywanie ci\u0119\u017car\u00f3wek, sprawdzanie rachunk\u00f3w i zg\u0142aszanie odchyle\u0144.<\/li>\n<li data-start=\"1625\" data-end=\"1712\">Przechowywanie towar\u00f3w, realizacja transport\u00f3w wewn\u0119trznych i uzupe\u0142nianie zapas\u00f3w w odpowiednich miejscach w odpowiednim czasie.<\/li>\n<li data-start=\"1715\" data-end=\"1816\">Sprawdzanie, rejestrowanie i dostarczanie towar\u00f3w i materia\u0142\u00f3w opakowaniowych do w\u0142a\u015bciwych dzia\u0142\u00f3w.<\/li>\n<li data-start=\"1819\" data-end=\"1896\">Monitoruj stany magazynowe poprzez przeprowadzanie inwentaryzacji i zg\u0142aszanie odchyle\u0144.<\/li>\n<\/ul>\n<p data-start=\"1898\" data-end=\"1916\"><strong data-start=\"1898\" data-end=\"1914\">Kim jeste\u015b?<\/strong><\/p>\n<ul>\n<li data-start=\"1919\" data-end=\"1977\">Posiadasz do\u015bwiadczenie w pracy w magazynie lub w \u015brodowisku logistycznym.<\/li>\n<li data-start=\"1980\" data-end=\"2028\">Pracujesz ostro\u017cnie, w spos\u00f3b uporz\u0105dkowany i bezpieczny.<\/li>\n<li data-start=\"2031\" data-end=\"2086\">Dobrze radzisz sobie ze skanerami i systemami komputerowymi.<\/li>\n<li data-start=\"2089\" data-end=\"2184\">Posiadasz predyspozycje fizyczne do wykonywania pracy magazynowej i dobrze wsp\u00f3\u0142pracujesz w zespole.<\/li>\n<li data-start=\"2089\" data-end=\"2184\">M\u00f3wisz po holendersku lub angielsku<\/li>\n<li data-start=\"2089\" data-end=\"2184\">Prawo jazdyB<\/li>\n<\/ul>\n<p data-start=\"2186\" data-end=\"2207\"><strong data-start=\"2186\" data-end=\"2205\">Co oferujemy?<\/strong><\/p>\n<ul>\n<li data-start=\"2210\" data-end=\"2269\">Zr\u00f3\u017cnicowane stanowisko w rozwijaj\u0105cej si\u0119 organizacji<\/li>\n<li data-start=\"2272\" data-end=\"2332\">Warunki pracy zgodnie z Uk\u0142adem Zbiorowym Pracy dla Prywatnych Sk\u0142ad\u00f3w Sera<\/li>\n<li data-start=\"2335\" data-end=\"2357\">Dodatek na podr\u00f3\u017c<\/li>\n<li data-start=\"2360\" data-end=\"2418\">Program emerytalny<\/li>\n<li data-start=\"2421\" data-end=\"2486\">Przyjemna atmosfera pracy, kr\u00f3tkie linie komunikacji i jasne ustalenia<\/li>\n<\/ul>","protected":false},"excerpt":{"rendered":"<p>Voor onze opdrachtgever zijn wij op zoek naar een Magazijn Medewerker. De organisatie levert een veelzijdig assortiment kazen en zuivelproducten aan industrie, retail en handel \u2013 van kilo\u2019s tot tonnen. De organisatie groeit en professionaliseert, waarbij een goed georganiseerd magazijn onmisbaar is. Door aanhoudende groei en toenemende orderstromen breiden zij hun expeditie uit. Jouw functieAls [&hellip;]<\/p>\n","protected":false},"featured_media":0,"template":"","sector":[12],"class_list":["post-3109","vacatures","type-vacatures","status-publish","hentry","sector-transport-logistiek"],"yoast_head":"<!-- This site is optimized with the Yoast SEO plugin v27.4 - https:\/\/yoast.com\/product\/yoast-seo-wordpress\/ -->\n<title>Magazijn Medewerker (regio Franeker) - Vacature - Mondial Uitzend<\/title>\n<meta name=\"robots\" content=\"index, follow, max-snippet:-1, max-image-preview:large, max-video-preview:-1\" \/>\n<link rel=\"canonical\" href=\"https:\/\/mondialuitzend.nl\/pl\/wakaty\/pracownik-magazynu-w-regionie-franeker\/\" \/>\n<meta property=\"og:locale\" content=\"pl_PL\" \/>\n<meta property=\"og:type\" content=\"article\" \/>\n<meta property=\"og:title\" content=\"Magazijn Medewerker (regio Franeker) - Vacature - Mondial Uitzend\" \/>\n<meta property=\"og:description\" content=\"Voor onze opdrachtgever zijn wij op zoek naar een Magazijn Medewerker. De organisatie levert een veelzijdig assortiment kazen en zuivelproducten aan industrie, retail en handel \u2013 van kilo\u2019s tot tonnen. De organisatie groeit en professionaliseert, waarbij een goed georganiseerd magazijn onmisbaar is. Door aanhoudende groei en toenemende orderstromen breiden zij hun expeditie uit. Jouw functieAls [&hellip;]\" \/>\n<meta property=\"og:url\" content=\"https:\/\/mondialuitzend.nl\/pl\/wakaty\/pracownik-magazynu-w-regionie-franeker\/\" \/>\n<meta property=\"og:site_name\" content=\"Mondial Uitzend\" \/>\n<meta property=\"article:publisher\" content=\"https:\/\/www.facebook.com\/mondialuitzendbv\/\" \/>\n<meta property=\"article:modified_time\" content=\"2026-02-04T07:33:07+00:00\" \/>\n<meta name=\"twitter:card\" content=\"summary_large_image\" \/>\n<meta name=\"twitter:label1\" content=\"Szacowany czas czytania\" \/>\n\t<meta name=\"twitter:data1\" content=\"2 minuty\" \/>\n<script type=\"application\/ld+json\" class=\"yoast-schema-graph\">{\"@context\":\"https:\\\/\\\/schema.org\",\"@graph\":[{\"@type\":\"WebPage\",\"@id\":\"https:\\\/\\\/mondialuitzend.nl\\\/vacatures\\\/magazijn-medewerker-regio-franeker\\\/\",\"url\":\"https:\\\/\\\/mondialuitzend.nl\\\/vacatures\\\/magazijn-medewerker-regio-franeker\\\/\",\"name\":\"Magazijn Medewerker (regio Franeker) - Vacature - Mondial Uitzend\",\"isPartOf\":{\"@id\":\"https:\\\/\\\/mondialuitzend.nl\\\/#website\"},\"datePublished\":\"2026-01-27T11:14:11+00:00\",\"dateModified\":\"2026-02-04T07:33:07+00:00\",\"breadcrumb\":{\"@id\":\"https:\\\/\\\/mondialuitzend.nl\\\/vacatures\\\/magazijn-medewerker-regio-franeker\\\/#breadcrumb\"},\"inLanguage\":\"pl-PL\",\"potentialAction\":[{\"@type\":\"ReadAction\",\"target\":[\"https:\\\/\\\/mondialuitzend.nl\\\/vacatures\\\/magazijn-medewerker-regio-franeker\\\/\"]}]},{\"@type\":\"BreadcrumbList\",\"@id\":\"https:\\\/\\\/mondialuitzend.nl\\\/vacatures\\\/magazijn-medewerker-regio-franeker\\\/#breadcrumb\",\"itemListElement\":[{\"@type\":\"ListItem\",\"position\":1,\"name\":\"Home\",\"item\":\"https:\\\/\\\/mondialuitzend.nl\\\/\"},{\"@type\":\"ListItem\",\"position\":2,\"name\":\"Vacatures\",\"item\":\"https:\\\/\\\/mondialuitzend.nl\\\/vacatures\\\/\"},{\"@type\":\"ListItem\",\"position\":3,\"name\":\"Magazijn Medewerker (regio Franeker)\"}]},{\"@type\":\"WebSite\",\"@id\":\"https:\\\/\\\/mondialuitzend.nl\\\/#website\",\"url\":\"https:\\\/\\\/mondialuitzend.nl\\\/\",\"name\":\"Mondial Uitzend\",\"description\":\"Verbindend tussen werkgever en werknemer\",\"publisher\":{\"@id\":\"https:\\\/\\\/mondialuitzend.nl\\\/#organization\"},\"potentialAction\":[{\"@type\":\"SearchAction\",\"target\":{\"@type\":\"EntryPoint\",\"urlTemplate\":\"https:\\\/\\\/mondialuitzend.nl\\\/?s={search_term_string}\"},\"query-input\":{\"@type\":\"PropertyValueSpecification\",\"valueRequired\":true,\"valueName\":\"search_term_string\"}}],\"inLanguage\":\"pl-PL\"},{\"@type\":\"Organization\",\"@id\":\"https:\\\/\\\/mondialuitzend.nl\\\/#organization\",\"name\":\"Mondial Uitzend\",\"url\":\"https:\\\/\\\/mondialuitzend.nl\\\/\",\"logo\":{\"@type\":\"ImageObject\",\"inLanguage\":\"pl-PL\",\"@id\":\"https:\\\/\\\/mondialuitzend.nl\\\/#\\\/schema\\\/logo\\\/image\\\/\",\"url\":\"https:\\\/\\\/mondialuitzend.nl\\\/wp-content\\\/uploads\\\/2023\\\/06\\\/Logo-MondialUitzend.svg\",\"contentUrl\":\"https:\\\/\\\/mondialuitzend.nl\\\/wp-content\\\/uploads\\\/2023\\\/06\\\/Logo-MondialUitzend.svg\",\"width\":149,\"height\":56,\"caption\":\"Mondial Uitzend\"},\"image\":{\"@id\":\"https:\\\/\\\/mondialuitzend.nl\\\/#\\\/schema\\\/logo\\\/image\\\/\"},\"sameAs\":[\"https:\\\/\\\/www.facebook.com\\\/mondialuitzendbv\\\/\",\"https:\\\/\\\/www.linkedin.com\\\/company\\\/mondial-uitzend-b-v-\",\"https:\\\/\\\/www.youtube.com\\\/channel\\\/UCPBmFRvmUDCPtpAaFVASV9Q\"]}]}<\/script>\n<!-- \/ Yoast SEO plugin. -->","yoast_head_json":{"title":"Pracownik magazynu (region Franeker) - Wakat - Mondial Uitzend","robots":{"index":"index","follow":"follow","max-snippet":"max-snippet:-1","max-image-preview":"max-image-preview:large","max-video-preview":"max-video-preview:-1"},"canonical":"https:\/\/mondialuitzend.nl\/pl\/wakaty\/pracownik-magazynu-w-regionie-franeker\/","og_locale":"pl_PL","og_type":"article","og_title":"Magazijn Medewerker (regio Franeker) - Vacature - Mondial Uitzend","og_description":"Voor onze opdrachtgever zijn wij op zoek naar een Magazijn Medewerker. De organisatie levert een veelzijdig assortiment kazen en zuivelproducten aan industrie, retail en handel \u2013 van kilo\u2019s tot tonnen. De organisatie groeit en professionaliseert, waarbij een goed georganiseerd magazijn onmisbaar is. Door aanhoudende groei en toenemende orderstromen breiden zij hun expeditie uit. Jouw functieAls [&hellip;]","og_url":"https:\/\/mondialuitzend.nl\/pl\/wakaty\/pracownik-magazynu-w-regionie-franeker\/","og_site_name":"Mondial Uitzend","article_publisher":"https:\/\/www.facebook.com\/mondialuitzendbv\/","article_modified_time":"2026-02-04T07:33:07+00:00","twitter_card":"summary_large_image","twitter_misc":{"Szacowany czas czytania":"2 minuty"},"schema":{"@context":"https:\/\/schema.org","@graph":[{"@type":"WebPage","@id":"https:\/\/mondialuitzend.nl\/vacatures\/magazijn-medewerker-regio-franeker\/","url":"https:\/\/mondialuitzend.nl\/vacatures\/magazijn-medewerker-regio-franeker\/","name":"Pracownik magazynu (region Franeker) - Wakat - Mondial Uitzend","isPartOf":{"@id":"https:\/\/mondialuitzend.nl\/#website"},"datePublished":"2026-01-27T11:14:11+00:00","dateModified":"2026-02-04T07:33:07+00:00","breadcrumb":{"@id":"https:\/\/mondialuitzend.nl\/vacatures\/magazijn-medewerker-regio-franeker\/#breadcrumb"},"inLanguage":"pl-PL","potentialAction":[{"@type":"ReadAction","target":["https:\/\/mondialuitzend.nl\/vacatures\/magazijn-medewerker-regio-franeker\/"]}]},{"@type":"BreadcrumbList","@id":"https:\/\/mondialuitzend.nl\/vacatures\/magazijn-medewerker-regio-franeker\/#breadcrumb","itemListElement":[{"@type":"ListItem","position":1,"name":"Home","item":"https:\/\/mondialuitzend.nl\/"},{"@type":"ListItem","position":2,"name":"Vacatures","item":"https:\/\/mondialuitzend.nl\/vacatures\/"},{"@type":"ListItem","position":3,"name":"Magazijn Medewerker (regio Franeker)"}]},{"@type":"WebSite","@id":"https:\/\/mondialuitzend.nl\/#website","url":"https:\/\/mondialuitzend.nl\/","name":"Transmisja globalna","description":"\u0141\u0105czenie mi\u0119dzy pracodawc\u0105 a pracownikiem","publisher":{"@id":"https:\/\/mondialuitzend.nl\/#organization"},"potentialAction":[{"@type":"SearchAction","target":{"@type":"EntryPoint","urlTemplate":"https:\/\/mondialuitzend.nl\/?s={search_term_string}"},"query-input":{"@type":"PropertyValueSpecification","valueRequired":true,"valueName":"search_term_string"}}],"inLanguage":"pl-PL"},{"@type":"Organization","@id":"https:\/\/mondialuitzend.nl\/#organization","name":"Transmisja globalna","url":"https:\/\/mondialuitzend.nl\/","logo":{"@type":"ImageObject","inLanguage":"pl-PL","@id":"https:\/\/mondialuitzend.nl\/#\/schema\/logo\/image\/","url":"https:\/\/mondialuitzend.nl\/wp-content\/uploads\/2023\/06\/Logo-MondialUitzend.svg","contentUrl":"https:\/\/mondialuitzend.nl\/wp-content\/uploads\/2023\/06\/Logo-MondialUitzend.svg","width":149,"height":56,"caption":"Mondial Uitzend"},"image":{"@id":"https:\/\/mondialuitzend.nl\/#\/schema\/logo\/image\/"},"sameAs":["https:\/\/www.facebook.com\/mondialuitzendbv\/","https:\/\/www.linkedin.com\/company\/mondial-uitzend-b-v-","https:\/\/www.youtube.com\/channel\/UCPBmFRvmUDCPtpAaFVASV9Q"]}]}},"_links":{"self":[{"href":"https:\/\/mondialuitzend.nl\/pl\/wp-json\/wp\/v2\/vacatures\/3109","targetHints":{"allow":["GET"]}}],"collection":[{"href":"https:\/\/mondialuitzend.nl\/pl\/wp-json\/wp\/v2\/vacatures"}],"about":[{"href":"https:\/\/mondialuitzend.nl\/pl\/wp-json\/wp\/v2\/types\/vacatures"}],"wp:attachment":[{"href":"https:\/\/mondialuitzend.nl\/pl\/wp-json\/wp\/v2\/media?parent=3109"}],"wp:term":[{"taxonomy":"sector","embeddable":true,"href":"https:\/\/mondialuitzend.nl\/pl\/wp-json\/wp\/v2\/sector?post=3109"}],"curies":[{"name":"wp","href":"https:\/\/api.w.org\/{rel}","templated":true}]}}