{"id":2411,"date":"2024-09-17T13:22:59","date_gmt":"2024-09-17T11:22:59","guid":{"rendered":"https:\/\/mondialuitzend.nl\/?post_type=nieuws&#038;p=2411"},"modified":"2024-09-17T13:23:25","modified_gmt":"2024-09-17T11:23:25","slug":"locatie-de-zi-deschisa-schagen","status":"publish","type":"nieuws","link":"https:\/\/mondialuitzend.nl\/ro\/stiri\/locatie-de-zi-deschisa-schagen\/","title":{"rendered":"Loca\u021bia zilei deschise Schagen"},"content":{"rendered":"<p class=\"cvGsUA direction-ltr align-start para-style-body\"><span class=\"OYPEnA font-feature-liga-off font-feature-clig-off font-feature-calt-off text-decoration-none text-strikethrough-none\">La sf\u00e2r\u0219itul lunii martie 2024, sosise momentul: Mondial Uitzend s-a mutat \u00een noul s\u0103u birou de la Grotewallerweg 3.11 din Schagen.<\/span><\/p>\n<p class=\"cvGsUA direction-ltr align-start para-style-body\"><span class=\"OYPEnA font-feature-liga-off font-feature-clig-off font-feature-calt-off text-decoration-none text-strikethrough-none\">Dup\u0103 ce am fost localiza\u021bi \u00een \u201et Zand de mai bine de 22 de ani, am dep\u0103\u0219it vechea noastr\u0103 cl\u0103dire. \u00cen ultimele luni, am avut pl\u0103cerea de a primi un num\u0103r de lucr\u0103tori flexibili, parteneri de afaceri \u0219i clien\u021bi \u00een noul nostru birou frumos.<\/span><\/p>\n<h5 class=\"cvGsUA direction-ltr align-start para-style-body\"><span class=\"OYPEnA font-feature-liga-off font-feature-clig-off font-feature-calt-off text-decoration-none text-strikethrough-none\">De asemenea, v\u0103 invit\u0103m cu drag<\/span><span class=\"OYPEnA font-feature-liga-off font-feature-clig-off font-feature-calt-off text-decoration-none text-strikethrough-none\"> s\u0103 vii s\u0103 vezi noul nostru birou. Sunte\u021bi bineveni\u021bi la ziua noastr\u0103 a por\u021bilor deschise <\/span><span class=\"OYPEnA font-feature-liga-off font-feature-clig-off font-feature-calt-off text-decoration-none text-strikethrough-none\">s\u00e2mb\u0103t\u0103, 19 octombrie, \u00eentre orele 11:00 \u0219i 16:00.<\/span><\/h5>\n<p class=\"cvGsUA direction-ltr align-start para-style-body\"><span class=\"OYPEnA font-feature-liga-off font-feature-clig-off font-feature-calt-off text-decoration-none text-strikethrough-none\">S-au luat \u00een considerare \u0219i gust\u0103rile, b\u0103uturile, muzica \u0219i copiii (castel gonflabil, vaca limuzina)!<\/span><\/p>\n<p class=\"cvGsUA direction-ltr align-center para-style-body\"><span class=\"OYPEnA font-feature-liga-off font-feature-clig-off font-feature-calt-off text-decoration-none text-strikethrough-none\">V\u0103 a\u0219tept\u0103m cu drag <\/span><span class=\"OYPEnA font-feature-liga-off font-feature-clig-off font-feature-calt-off text-decoration-none text-strikethrough-none\">\u00een noua noastr\u0103 loca\u021bie!<\/span><\/p>\n<p>Adresa noastr\u0103 este: Grotewallerweg 3.11 \u2013 Schagen<\/p>\n<p>&nbsp;<\/p>\n<p>&nbsp;<\/p>\n<p><em><span class=\"OYPEnA font-feature-liga-off font-feature-clig-off font-feature-calt-off text-decoration-none text-strikethrough-none\">Pute\u021bi parca gratuit \u00een aceast\u0103 zi pe site la Witte Paal 203 din Schagen. Din site este indicat un traseu de mers pe jos (2 minute).<\/span> <\/em><\/p>\n<p><em><span class=\"OYPEnA font-feature-liga-off font-feature-clig-off font-feature-calt-off text-decoration-none text-strikethrough-none\">Suntem situati la primul etaj. Acest etaj este accesibil numai pe sc\u0103ri.<\/span><\/em><\/p>\n<p>&nbsp;<\/p>\n<p><img fetchpriority=\"high\" decoding=\"async\" class=\"alignnone wp-image-2413\" src=\"https:\/\/mondialuitzend.nl\/wp-content\/uploads\/2024\/09\/join-us-for-300x214.jpg\" alt=\"\" width=\"425\" height=\"303\" srcset=\"https:\/\/mondialuitzend.nl\/wp-content\/uploads\/2024\/09\/join-us-for-300x214.jpg 300w, https:\/\/mondialuitzend.nl\/wp-content\/uploads\/2024\/09\/join-us-for-1024x732.jpg 1024w, https:\/\/mondialuitzend.nl\/wp-content\/uploads\/2024\/09\/join-us-for-768x549.jpg 768w, https:\/\/mondialuitzend.nl\/wp-content\/uploads\/2024\/09\/join-us-for-1536x1097.jpg 1536w, https:\/\/mondialuitzend.nl\/wp-content\/uploads\/2024\/09\/join-us-for-18x12.jpg 18w, https:\/\/mondialuitzend.nl\/wp-content\/uploads\/2024\/09\/join-us-for-600x429.jpg 600w, https:\/\/mondialuitzend.nl\/wp-content\/uploads\/2024\/09\/join-us-for.jpg 2000w\" sizes=\"(max-width: 425px) 100vw, 425px\" \/><img decoding=\"async\" class=\"alignnone wp-image-2412\" src=\"https:\/\/mondialuitzend.nl\/wp-content\/uploads\/2024\/09\/join-us-for-2-300x214.jpg\" alt=\"\" width=\"426\" height=\"304\" srcset=\"https:\/\/mondialuitzend.nl\/wp-content\/uploads\/2024\/09\/join-us-for-2-300x214.jpg 300w, https:\/\/mondialuitzend.nl\/wp-content\/uploads\/2024\/09\/join-us-for-2-1024x732.jpg 1024w, https:\/\/mondialuitzend.nl\/wp-content\/uploads\/2024\/09\/join-us-for-2-768x549.jpg 768w, https:\/\/mondialuitzend.nl\/wp-content\/uploads\/2024\/09\/join-us-for-2-1536x1097.jpg 1536w, https:\/\/mondialuitzend.nl\/wp-content\/uploads\/2024\/09\/join-us-for-2-18x12.jpg 18w, https:\/\/mondialuitzend.nl\/wp-content\/uploads\/2024\/09\/join-us-for-2-600x429.jpg 600w, https:\/\/mondialuitzend.nl\/wp-content\/uploads\/2024\/09\/join-us-for-2.jpg 2000w\" sizes=\"(max-width: 426px) 100vw, 426px\" \/><\/p>","protected":false},"excerpt":{"rendered":"<p>Eind maart 2024 was het moment daar: Mondial Uitzend betrok haar nieuwe kantoor aan de Grotewallerweg 3.11 in Schagen. Na meer dan 22 jaar in &#8217;t Zand te zijn gevestigd, waren we uit ons oude pand gegroeid. De afgelopen maanden hebben we het genoegen gehad om al een aantal van onze flexwerkers, zakenpartners en opdrachtgevers [&hellip;]<\/p>\n","protected":false},"author":8,"featured_media":2419,"template":"","class_list":["post-2411","nieuws","type-nieuws","status-publish","has-post-thumbnail","hentry"],"yoast_head":"<!-- This site is optimized with the Yoast SEO plugin v27.5 - https:\/\/yoast.com\/product\/yoast-seo-wordpress\/ -->\n<title>Open Dag locatie Schagen - Nieuws - Mondial Uitzend<\/title>\n<meta name=\"robots\" content=\"index, follow, max-snippet:-1, max-image-preview:large, max-video-preview:-1\" \/>\n<link rel=\"canonical\" href=\"https:\/\/mondialuitzend.nl\/ro\/stiri\/locatie-de-zi-deschisa-schagen\/\" \/>\n<meta property=\"og:locale\" content=\"ro_RO\" \/>\n<meta property=\"og:type\" content=\"article\" \/>\n<meta property=\"og:title\" content=\"Open Dag locatie Schagen - Nieuws - Mondial Uitzend\" \/>\n<meta property=\"og:description\" content=\"Eind maart 2024 was het moment daar: Mondial Uitzend betrok haar nieuwe kantoor aan de Grotewallerweg 3.11 in Schagen. Na meer dan 22 jaar in &#8217;t Zand te zijn gevestigd, waren we uit ons oude pand gegroeid. De afgelopen maanden hebben we het genoegen gehad om al een aantal van onze flexwerkers, zakenpartners en opdrachtgevers [&hellip;]\" \/>\n<meta property=\"og:url\" content=\"https:\/\/mondialuitzend.nl\/ro\/stiri\/locatie-de-zi-deschisa-schagen\/\" \/>\n<meta property=\"og:site_name\" content=\"Mondial Uitzend\" \/>\n<meta property=\"article:publisher\" content=\"https:\/\/www.facebook.com\/mondialuitzendbv\/\" \/>\n<meta property=\"article:modified_time\" content=\"2024-09-17T11:23:25+00:00\" \/>\n<meta property=\"og:image\" content=\"https:\/\/mondialuitzend.nl\/wp-content\/uploads\/2024\/09\/Website-Open-Dag.jpg\" \/>\n\t<meta property=\"og:image:width\" content=\"2000\" \/>\n\t<meta property=\"og:image:height\" content=\"846\" \/>\n\t<meta property=\"og:image:type\" content=\"image\/jpeg\" \/>\n<meta name=\"twitter:card\" content=\"summary_large_image\" \/>\n<meta name=\"twitter:label1\" content=\"Timp estimat pentru citire\" \/>\n\t<meta name=\"twitter:data1\" content=\"2 minute\" \/>\n<script type=\"application\/ld+json\" class=\"yoast-schema-graph\">{\"@context\":\"https:\\\/\\\/schema.org\",\"@graph\":[{\"@type\":\"NewsArticle\",\"@id\":\"https:\\\/\\\/mondialuitzend.nl\\\/nieuws\\\/open-dag-locatie-schagen\\\/#article\",\"isPartOf\":{\"@id\":\"https:\\\/\\\/mondialuitzend.nl\\\/nieuws\\\/open-dag-locatie-schagen\\\/\"},\"author\":{\"name\":\"Marloes\",\"@id\":\"https:\\\/\\\/mondialuitzend.nl\\\/#\\\/schema\\\/person\\\/562f32fb5f6fb30c4956f24e3701dd19\"},\"headline\":\"Open Dag locatie Schagen\",\"datePublished\":\"2024-09-17T11:22:59+00:00\",\"dateModified\":\"2024-09-17T11:23:25+00:00\",\"mainEntityOfPage\":{\"@id\":\"https:\\\/\\\/mondialuitzend.nl\\\/nieuws\\\/open-dag-locatie-schagen\\\/\"},\"wordCount\":162,\"publisher\":{\"@id\":\"https:\\\/\\\/mondialuitzend.nl\\\/#organization\"},\"image\":{\"@id\":\"https:\\\/\\\/mondialuitzend.nl\\\/nieuws\\\/open-dag-locatie-schagen\\\/#primaryimage\"},\"thumbnailUrl\":\"https:\\\/\\\/mondialuitzend.nl\\\/wp-content\\\/uploads\\\/2024\\\/09\\\/Website-Open-Dag.jpg\",\"inLanguage\":\"ro-RO\"},{\"@type\":\"WebPage\",\"@id\":\"https:\\\/\\\/mondialuitzend.nl\\\/nieuws\\\/open-dag-locatie-schagen\\\/\",\"url\":\"https:\\\/\\\/mondialuitzend.nl\\\/nieuws\\\/open-dag-locatie-schagen\\\/\",\"name\":\"Open Dag locatie Schagen - Nieuws - Mondial Uitzend\",\"isPartOf\":{\"@id\":\"https:\\\/\\\/mondialuitzend.nl\\\/#website\"},\"primaryImageOfPage\":{\"@id\":\"https:\\\/\\\/mondialuitzend.nl\\\/nieuws\\\/open-dag-locatie-schagen\\\/#primaryimage\"},\"image\":{\"@id\":\"https:\\\/\\\/mondialuitzend.nl\\\/nieuws\\\/open-dag-locatie-schagen\\\/#primaryimage\"},\"thumbnailUrl\":\"https:\\\/\\\/mondialuitzend.nl\\\/wp-content\\\/uploads\\\/2024\\\/09\\\/Website-Open-Dag.jpg\",\"datePublished\":\"2024-09-17T11:22:59+00:00\",\"dateModified\":\"2024-09-17T11:23:25+00:00\",\"breadcrumb\":{\"@id\":\"https:\\\/\\\/mondialuitzend.nl\\\/nieuws\\\/open-dag-locatie-schagen\\\/#breadcrumb\"},\"inLanguage\":\"ro-RO\",\"potentialAction\":[{\"@type\":\"ReadAction\",\"target\":[\"https:\\\/\\\/mondialuitzend.nl\\\/nieuws\\\/open-dag-locatie-schagen\\\/\"]}]},{\"@type\":\"ImageObject\",\"inLanguage\":\"ro-RO\",\"@id\":\"https:\\\/\\\/mondialuitzend.nl\\\/nieuws\\\/open-dag-locatie-schagen\\\/#primaryimage\",\"url\":\"https:\\\/\\\/mondialuitzend.nl\\\/wp-content\\\/uploads\\\/2024\\\/09\\\/Website-Open-Dag.jpg\",\"contentUrl\":\"https:\\\/\\\/mondialuitzend.nl\\\/wp-content\\\/uploads\\\/2024\\\/09\\\/Website-Open-Dag.jpg\",\"width\":2000,\"height\":846},{\"@type\":\"BreadcrumbList\",\"@id\":\"https:\\\/\\\/mondialuitzend.nl\\\/nieuws\\\/open-dag-locatie-schagen\\\/#breadcrumb\",\"itemListElement\":[{\"@type\":\"ListItem\",\"position\":1,\"name\":\"Home\",\"item\":\"https:\\\/\\\/mondialuitzend.nl\\\/\"},{\"@type\":\"ListItem\",\"position\":2,\"name\":\"Nieuws\",\"item\":\"https:\\\/\\\/mondialuitzend.nl\\\/nieuws\\\/\"},{\"@type\":\"ListItem\",\"position\":3,\"name\":\"Open Dag locatie Schagen\"}]},{\"@type\":\"WebSite\",\"@id\":\"https:\\\/\\\/mondialuitzend.nl\\\/#website\",\"url\":\"https:\\\/\\\/mondialuitzend.nl\\\/\",\"name\":\"Mondial Uitzend\",\"description\":\"Verbindend tussen werkgever en werknemer\",\"publisher\":{\"@id\":\"https:\\\/\\\/mondialuitzend.nl\\\/#organization\"},\"potentialAction\":[{\"@type\":\"SearchAction\",\"target\":{\"@type\":\"EntryPoint\",\"urlTemplate\":\"https:\\\/\\\/mondialuitzend.nl\\\/?s={search_term_string}\"},\"query-input\":{\"@type\":\"PropertyValueSpecification\",\"valueRequired\":true,\"valueName\":\"search_term_string\"}}],\"inLanguage\":\"ro-RO\"},{\"@type\":\"Organization\",\"@id\":\"https:\\\/\\\/mondialuitzend.nl\\\/#organization\",\"name\":\"Mondial Uitzend\",\"url\":\"https:\\\/\\\/mondialuitzend.nl\\\/\",\"logo\":{\"@type\":\"ImageObject\",\"inLanguage\":\"ro-RO\",\"@id\":\"https:\\\/\\\/mondialuitzend.nl\\\/#\\\/schema\\\/logo\\\/image\\\/\",\"url\":\"https:\\\/\\\/mondialuitzend.nl\\\/wp-content\\\/uploads\\\/2023\\\/06\\\/Logo-MondialUitzend.svg\",\"contentUrl\":\"https:\\\/\\\/mondialuitzend.nl\\\/wp-content\\\/uploads\\\/2023\\\/06\\\/Logo-MondialUitzend.svg\",\"width\":149,\"height\":56,\"caption\":\"Mondial Uitzend\"},\"image\":{\"@id\":\"https:\\\/\\\/mondialuitzend.nl\\\/#\\\/schema\\\/logo\\\/image\\\/\"},\"sameAs\":[\"https:\\\/\\\/www.facebook.com\\\/mondialuitzendbv\\\/\",\"https:\\\/\\\/www.linkedin.com\\\/company\\\/mondial-uitzend-b-v-\",\"https:\\\/\\\/www.youtube.com\\\/channel\\\/UCPBmFRvmUDCPtpAaFVASV9Q\"]},{\"@type\":\"Person\",\"@id\":\"https:\\\/\\\/mondialuitzend.nl\\\/#\\\/schema\\\/person\\\/562f32fb5f6fb30c4956f24e3701dd19\",\"name\":\"Marloes\",\"image\":{\"@type\":\"ImageObject\",\"inLanguage\":\"ro-RO\",\"@id\":\"https:\\\/\\\/secure.gravatar.com\\\/avatar\\\/f30c05a353cfca07f584c10041cdd61ccaea2fb9a73b8d33118aba4d9f403959?s=96&d=mm&r=g\",\"url\":\"https:\\\/\\\/secure.gravatar.com\\\/avatar\\\/f30c05a353cfca07f584c10041cdd61ccaea2fb9a73b8d33118aba4d9f403959?s=96&d=mm&r=g\",\"contentUrl\":\"https:\\\/\\\/secure.gravatar.com\\\/avatar\\\/f30c05a353cfca07f584c10041cdd61ccaea2fb9a73b8d33118aba4d9f403959?s=96&d=mm&r=g\",\"caption\":\"Marloes\"},\"url\":\"https:\\\/\\\/mondialuitzend.nl\\\/ro\\\/author\\\/marloes\\\/\"}]}<\/script>\n<!-- \/ Yoast SEO plugin. -->","yoast_head_json":{"title":"Loca\u021bia zilei por\u021bilor deschise Schagen - \u0218tiri - Mondial Uitzend","robots":{"index":"index","follow":"follow","max-snippet":"max-snippet:-1","max-image-preview":"max-image-preview:large","max-video-preview":"max-video-preview:-1"},"canonical":"https:\/\/mondialuitzend.nl\/ro\/stiri\/locatie-de-zi-deschisa-schagen\/","og_locale":"ro_RO","og_type":"article","og_title":"Open Dag locatie Schagen - Nieuws - Mondial Uitzend","og_description":"Eind maart 2024 was het moment daar: Mondial Uitzend betrok haar nieuwe kantoor aan de Grotewallerweg 3.11 in Schagen. Na meer dan 22 jaar in &#8217;t Zand te zijn gevestigd, waren we uit ons oude pand gegroeid. De afgelopen maanden hebben we het genoegen gehad om al een aantal van onze flexwerkers, zakenpartners en opdrachtgevers [&hellip;]","og_url":"https:\/\/mondialuitzend.nl\/ro\/stiri\/locatie-de-zi-deschisa-schagen\/","og_site_name":"Mondial Uitzend","article_publisher":"https:\/\/www.facebook.com\/mondialuitzendbv\/","article_modified_time":"2024-09-17T11:23:25+00:00","og_image":[{"width":2000,"height":846,"url":"https:\/\/mondialuitzend.nl\/wp-content\/uploads\/2024\/09\/Website-Open-Dag.jpg","type":"image\/jpeg"}],"twitter_card":"summary_large_image","twitter_misc":{"Timp estimat pentru citire":"2 minute"},"schema":{"@context":"https:\/\/schema.org","@graph":[{"@type":"NewsArticle","@id":"https:\/\/mondialuitzend.nl\/nieuws\/open-dag-locatie-schagen\/#article","isPartOf":{"@id":"https:\/\/mondialuitzend.nl\/nieuws\/open-dag-locatie-schagen\/"},"author":{"name":"Marloes","@id":"https:\/\/mondialuitzend.nl\/#\/schema\/person\/562f32fb5f6fb30c4956f24e3701dd19"},"headline":"Open Dag locatie Schagen","datePublished":"2024-09-17T11:22:59+00:00","dateModified":"2024-09-17T11:23:25+00:00","mainEntityOfPage":{"@id":"https:\/\/mondialuitzend.nl\/nieuws\/open-dag-locatie-schagen\/"},"wordCount":162,"publisher":{"@id":"https:\/\/mondialuitzend.nl\/#organization"},"image":{"@id":"https:\/\/mondialuitzend.nl\/nieuws\/open-dag-locatie-schagen\/#primaryimage"},"thumbnailUrl":"https:\/\/mondialuitzend.nl\/wp-content\/uploads\/2024\/09\/Website-Open-Dag.jpg","inLanguage":"ro-RO"},{"@type":"WebPage","@id":"https:\/\/mondialuitzend.nl\/nieuws\/open-dag-locatie-schagen\/","url":"https:\/\/mondialuitzend.nl\/nieuws\/open-dag-locatie-schagen\/","name":"Loca\u021bia zilei por\u021bilor deschise Schagen - \u0218tiri - Mondial Uitzend","isPartOf":{"@id":"https:\/\/mondialuitzend.nl\/#website"},"primaryImageOfPage":{"@id":"https:\/\/mondialuitzend.nl\/nieuws\/open-dag-locatie-schagen\/#primaryimage"},"image":{"@id":"https:\/\/mondialuitzend.nl\/nieuws\/open-dag-locatie-schagen\/#primaryimage"},"thumbnailUrl":"https:\/\/mondialuitzend.nl\/wp-content\/uploads\/2024\/09\/Website-Open-Dag.jpg","datePublished":"2024-09-17T11:22:59+00:00","dateModified":"2024-09-17T11:23:25+00:00","breadcrumb":{"@id":"https:\/\/mondialuitzend.nl\/nieuws\/open-dag-locatie-schagen\/#breadcrumb"},"inLanguage":"ro-RO","potentialAction":[{"@type":"ReadAction","target":["https:\/\/mondialuitzend.nl\/nieuws\/open-dag-locatie-schagen\/"]}]},{"@type":"ImageObject","inLanguage":"ro-RO","@id":"https:\/\/mondialuitzend.nl\/nieuws\/open-dag-locatie-schagen\/#primaryimage","url":"https:\/\/mondialuitzend.nl\/wp-content\/uploads\/2024\/09\/Website-Open-Dag.jpg","contentUrl":"https:\/\/mondialuitzend.nl\/wp-content\/uploads\/2024\/09\/Website-Open-Dag.jpg","width":2000,"height":846},{"@type":"BreadcrumbList","@id":"https:\/\/mondialuitzend.nl\/nieuws\/open-dag-locatie-schagen\/#breadcrumb","itemListElement":[{"@type":"ListItem","position":1,"name":"Home","item":"https:\/\/mondialuitzend.nl\/"},{"@type":"ListItem","position":2,"name":"Nieuws","item":"https:\/\/mondialuitzend.nl\/nieuws\/"},{"@type":"ListItem","position":3,"name":"Open Dag locatie Schagen"}]},{"@type":"WebSite","@id":"https:\/\/mondialuitzend.nl\/#website","url":"https:\/\/mondialuitzend.nl\/","name":"Difuzare global\u0103","description":"Leg\u0103tura dintre angajator \u0219i angajat","publisher":{"@id":"https:\/\/mondialuitzend.nl\/#organization"},"potentialAction":[{"@type":"SearchAction","target":{"@type":"EntryPoint","urlTemplate":"https:\/\/mondialuitzend.nl\/?s={search_term_string}"},"query-input":{"@type":"PropertyValueSpecification","valueRequired":true,"valueName":"search_term_string"}}],"inLanguage":"ro-RO"},{"@type":"Organization","@id":"https:\/\/mondialuitzend.nl\/#organization","name":"Difuzare global\u0103","url":"https:\/\/mondialuitzend.nl\/","logo":{"@type":"ImageObject","inLanguage":"ro-RO","@id":"https:\/\/mondialuitzend.nl\/#\/schema\/logo\/image\/","url":"https:\/\/mondialuitzend.nl\/wp-content\/uploads\/2023\/06\/Logo-MondialUitzend.svg","contentUrl":"https:\/\/mondialuitzend.nl\/wp-content\/uploads\/2023\/06\/Logo-MondialUitzend.svg","width":149,"height":56,"caption":"Mondial Uitzend"},"image":{"@id":"https:\/\/mondialuitzend.nl\/#\/schema\/logo\/image\/"},"sameAs":["https:\/\/www.facebook.com\/mondialuitzendbv\/","https:\/\/www.linkedin.com\/company\/mondial-uitzend-b-v-","https:\/\/www.youtube.com\/channel\/UCPBmFRvmUDCPtpAaFVASV9Q"]},{"@type":"Person","@id":"https:\/\/mondialuitzend.nl\/#\/schema\/person\/562f32fb5f6fb30c4956f24e3701dd19","name":"Marloes","image":{"@type":"ImageObject","inLanguage":"ro-RO","@id":"https:\/\/secure.gravatar.com\/avatar\/f30c05a353cfca07f584c10041cdd61ccaea2fb9a73b8d33118aba4d9f403959?s=96&d=mm&r=g","url":"https:\/\/secure.gravatar.com\/avatar\/f30c05a353cfca07f584c10041cdd61ccaea2fb9a73b8d33118aba4d9f403959?s=96&d=mm&r=g","contentUrl":"https:\/\/secure.gravatar.com\/avatar\/f30c05a353cfca07f584c10041cdd61ccaea2fb9a73b8d33118aba4d9f403959?s=96&d=mm&r=g","caption":"Marloes"},"url":"https:\/\/mondialuitzend.nl\/ro\/author\/marloes\/"}]}},"_links":{"self":[{"href":"https:\/\/mondialuitzend.nl\/ro\/wp-json\/wp\/v2\/nieuws\/2411","targetHints":{"allow":["GET"]}}],"collection":[{"href":"https:\/\/mondialuitzend.nl\/ro\/wp-json\/wp\/v2\/nieuws"}],"about":[{"href":"https:\/\/mondialuitzend.nl\/ro\/wp-json\/wp\/v2\/types\/nieuws"}],"author":[{"embeddable":true,"href":"https:\/\/mondialuitzend.nl\/ro\/wp-json\/wp\/v2\/users\/8"}],"version-history":[{"count":0,"href":"https:\/\/mondialuitzend.nl\/ro\/wp-json\/wp\/v2\/nieuws\/2411\/revisions"}],"wp:featuredmedia":[{"embeddable":true,"href":"https:\/\/mondialuitzend.nl\/ro\/wp-json\/wp\/v2\/media\/2419"}],"wp:attachment":[{"href":"https:\/\/mondialuitzend.nl\/ro\/wp-json\/wp\/v2\/media?parent=2411"}],"curies":[{"name":"wp","href":"https:\/\/api.w.org\/{rel}","templated":true}]}}