{"id":2991,"date":"2025-09-03T12:08:00","date_gmt":"2025-09-03T10:08:00","guid":{"rendered":"https:\/\/mondialuitzend.nl\/?post_type=nieuws&#038;p=2991"},"modified":"2025-09-03T12:08:00","modified_gmt":"2025-09-03T10:08:00","slug":"mondial-uitzend-este-pregatit-pentru-noul-contract-colectiv-de-munca-2026-si-pentru-tine","status":"publish","type":"nieuws","link":"https:\/\/mondialuitzend.nl\/ro\/stiri\/mondial-uitzend-este-pregatit-pentru-noul-contract-colectiv-de-munca-2026-si-pentru-tine\/","title":{"rendered":"Mondial Uitzend este preg\u0103tit pentru noul Contract Colectiv de Munc\u0103 2026 \u2013 \u0219i pentru tine"},"content":{"rendered":"<p data-start=\"1066\" data-end=\"1243\">Pia\u021ba muncii este \u00een continu\u0103 evolu\u021bie. Noul contract colectiv de munc\u0103 pentru lucr\u0103torii temporari va intra \u00een vigoare la 1 ianuarie 2026.<br data-start=\"1177\" data-end=\"1180\" \/>Una dintre cele mai mari schimb\u0103ri: egalitatea salarial\u0103.<\/p>\n<p data-start=\"1245\" data-end=\"1528\">Aceasta \u00eenseamn\u0103 c\u0103 lucr\u0103torii temporari primesc cel pu\u021bin acela\u0219i pachet total de beneficii ca \u0219i angaja\u021bii permanen\u021bi \u00eentr-un post comparabil. Aceasta include nu doar salariile, ci \u0219i indemniza\u021biile, zilele de concediu, pensiile, cheltuielile de c\u0103l\u0103torie \u0219i alte beneficii.<\/p>\n<h4 data-start=\"1530\" data-end=\"1572\">Ce \u00eenseamn\u0103 asta pentru clien\u021bi?<\/h4>\n<ul>\n<li data-start=\"1575\" data-end=\"1713\">Trebuie s\u0103 ne \u00eemp\u0103rt\u0103\u0219i\u021bi toate condi\u021biile de angajare ale angaja\u021bilor permanen\u021bi, astfel \u00eenc\u00e2t s\u0103 putem face traducerea corect\u0103 pentru lucr\u0103torii temporari.<\/li>\n<li data-start=\"1716\" data-end=\"1805\">Transparen\u021ba devine \u0219i mai important\u0103: de la flutura\u0219ii de salariu p\u00e2n\u0103 la condi\u021biile secundare de angajare.<\/li>\n<li data-start=\"1808\" data-end=\"1883\">O bun\u0103 preg\u0103tire previne gre\u0219elile, discu\u021biile \u0219i riscurile inutile.<\/li>\n<\/ul>\n<h4 data-start=\"1885\" data-end=\"1916\">Cum ajut\u0103 Mondial Uitzend?<\/h4>\n<p data-start=\"1917\" data-end=\"2010\">La Mondial Uitzend, lucr\u0103m conform planului pas cu pas Wijzer Belonen (Recompense inteligente). Abordarea noastr\u0103:<\/p>\n<ul>\n<li data-start=\"2014\" data-end=\"2084\">Solicitarea de la client a condi\u021biilor corecte de angajare.<\/li>\n<li data-start=\"2088\" data-end=\"2157\">Traduce\u021bi \u0219i calcula\u021bi \u00eentr-un pachet corect \u0219i egal.<\/li>\n<li data-start=\"2161\" data-end=\"2232\">Comunicare transparent\u0103 at\u00e2t cu clien\u021bii, c\u00e2t \u0219i cu angaja\u021bii temporari.<\/li>\n<li data-start=\"2236\" data-end=\"2312\">\u00cenregistra\u021bi \u0219i verifica\u021bi, astfel \u00eenc\u00e2t totul s\u0103 fie corect \u00een timpul inspec\u021biilor \u0219i auditurilor.<\/li>\n<\/ul>\n<h4 data-start=\"2314\" data-end=\"2344\">De ce este o veste bun\u0103<\/h4>\n<p data-start=\"2345\" data-end=\"2538\">Credem c\u0103 egalitatea salarial\u0103 nu este doar obligatorie, ci \u0219i promoveaz\u0103 o mai mare \u00eencredere, implicare \u0219i satisfac\u021bie a angaja\u021bilor. Acest lucru aduce beneficii durabile organiza\u021biei dumneavoastr\u0103.<\/p>\n<p data-start=\"2540\" data-end=\"2640\">\ud83d\udd39 Pe scurt: Mondial Uitzend este preg\u0103tit \u2013 \u0219i gata s\u0103 v\u0103 ghideze spre 2026.<\/p>\n<p data-start=\"2642\" data-end=\"2738\">\ud83d\udc49 Vrei s\u0103 \u0219tii ce \u00eenseamn\u0103 asta pentru organiza\u021bia ta? Nu ezita s\u0103 ne contactezi.<\/p>","protected":false},"excerpt":{"rendered":"<p>De arbeidsmarkt staat niet stil. Vanaf 1 januari 2026 treedt de nieuwe CAO voor uitzendkrachten in werking.Een van de grootste veranderingen: gelijkwaardig belonen. Dit houdt in dat uitzendkrachten minimaal hetzelfde totale pakket aan arbeidsvoorwaarden krijgen als medewerkers in vaste dienst in een vergelijkbare functie. Dat gaat dus niet alleen over loon, maar \u00f3\u00f3k over toeslagen, [&hellip;]<\/p>\n","protected":false},"author":8,"featured_media":2993,"template":"","class_list":["post-2991","nieuws","type-nieuws","status-publish","has-post-thumbnail","hentry"],"yoast_head":"<!-- This site is optimized with the Yoast SEO plugin v27.4 - https:\/\/yoast.com\/product\/yoast-seo-wordpress\/ -->\n<title>Mondial Uitzend is klaar voor de nieuwe CAO 2026 \u2013 en voor \u00fa - Nieuws - Mondial Uitzend<\/title>\n<meta name=\"description\" content=\"Vanaf 2026 geldt gelijkwaardig belonen voor uitzendkrachten. Ontdek hoe Mondial Uitzend opdrachtgevers helpt bij de nieuwe CAO 2026 en zorgt voor transparante, eerlijke beloning\" \/>\n<meta name=\"robots\" content=\"index, follow, max-snippet:-1, max-image-preview:large, max-video-preview:-1\" \/>\n<link rel=\"canonical\" href=\"https:\/\/mondialuitzend.nl\/ro\/stiri\/mondial-uitzend-este-pregatit-pentru-noul-contract-colectiv-de-munca-2026-si-pentru-tine\/\" \/>\n<meta property=\"og:locale\" content=\"ro_RO\" \/>\n<meta property=\"og:type\" content=\"article\" \/>\n<meta property=\"og:title\" content=\"Mondial Uitzend is klaar voor de nieuwe CAO 2026 \u2013 en voor \u00fa - Nieuws - Mondial Uitzend\" \/>\n<meta property=\"og:description\" content=\"Vanaf 2026 geldt gelijkwaardig belonen voor uitzendkrachten. Ontdek hoe Mondial Uitzend opdrachtgevers helpt bij de nieuwe CAO 2026 en zorgt voor transparante, eerlijke beloning\" \/>\n<meta property=\"og:url\" content=\"https:\/\/mondialuitzend.nl\/ro\/stiri\/mondial-uitzend-este-pregatit-pentru-noul-contract-colectiv-de-munca-2026-si-pentru-tine\/\" \/>\n<meta property=\"og:site_name\" content=\"Mondial Uitzend\" \/>\n<meta property=\"article:publisher\" content=\"https:\/\/www.facebook.com\/mondialuitzendbv\/\" \/>\n<meta property=\"og:image\" content=\"https:\/\/mondialuitzend.nl\/wp-content\/uploads\/2025\/09\/balans.jpg\" \/>\n\t<meta property=\"og:image:width\" content=\"1772\" \/>\n\t<meta property=\"og:image:height\" content=\"827\" \/>\n\t<meta property=\"og:image:type\" content=\"image\/jpeg\" \/>\n<meta name=\"twitter:card\" content=\"summary_large_image\" \/>\n<meta name=\"twitter:label1\" content=\"Timp estimat pentru citire\" \/>\n\t<meta name=\"twitter:data1\" content=\"2 minute\" \/>\n<script type=\"application\/ld+json\" class=\"yoast-schema-graph\">{\"@context\":\"https:\\\/\\\/schema.org\",\"@graph\":[{\"@type\":\"NewsArticle\",\"@id\":\"https:\\\/\\\/mondialuitzend.nl\\\/nieuws\\\/mondial-uitzend-is-klaar-voor-de-nieuwe-cao-2026-en-voor-u\\\/#article\",\"isPartOf\":{\"@id\":\"https:\\\/\\\/mondialuitzend.nl\\\/nieuws\\\/mondial-uitzend-is-klaar-voor-de-nieuwe-cao-2026-en-voor-u\\\/\"},\"author\":{\"name\":\"Marloes\",\"@id\":\"https:\\\/\\\/mondialuitzend.nl\\\/#\\\/schema\\\/person\\\/562f32fb5f6fb30c4956f24e3701dd19\"},\"headline\":\"Mondial Uitzend is klaar voor de nieuwe CAO 2026 \u2013 en voor \u00fa\",\"datePublished\":\"2025-09-03T10:08:00+00:00\",\"mainEntityOfPage\":{\"@id\":\"https:\\\/\\\/mondialuitzend.nl\\\/nieuws\\\/mondial-uitzend-is-klaar-voor-de-nieuwe-cao-2026-en-voor-u\\\/\"},\"wordCount\":227,\"publisher\":{\"@id\":\"https:\\\/\\\/mondialuitzend.nl\\\/#organization\"},\"image\":{\"@id\":\"https:\\\/\\\/mondialuitzend.nl\\\/nieuws\\\/mondial-uitzend-is-klaar-voor-de-nieuwe-cao-2026-en-voor-u\\\/#primaryimage\"},\"thumbnailUrl\":\"https:\\\/\\\/mondialuitzend.nl\\\/wp-content\\\/uploads\\\/2025\\\/09\\\/balans.jpg\",\"inLanguage\":\"ro-RO\"},{\"@type\":\"WebPage\",\"@id\":\"https:\\\/\\\/mondialuitzend.nl\\\/nieuws\\\/mondial-uitzend-is-klaar-voor-de-nieuwe-cao-2026-en-voor-u\\\/\",\"url\":\"https:\\\/\\\/mondialuitzend.nl\\\/nieuws\\\/mondial-uitzend-is-klaar-voor-de-nieuwe-cao-2026-en-voor-u\\\/\",\"name\":\"Mondial Uitzend is klaar voor de nieuwe CAO 2026 \u2013 en voor \u00fa - Nieuws - Mondial Uitzend\",\"isPartOf\":{\"@id\":\"https:\\\/\\\/mondialuitzend.nl\\\/#website\"},\"primaryImageOfPage\":{\"@id\":\"https:\\\/\\\/mondialuitzend.nl\\\/nieuws\\\/mondial-uitzend-is-klaar-voor-de-nieuwe-cao-2026-en-voor-u\\\/#primaryimage\"},\"image\":{\"@id\":\"https:\\\/\\\/mondialuitzend.nl\\\/nieuws\\\/mondial-uitzend-is-klaar-voor-de-nieuwe-cao-2026-en-voor-u\\\/#primaryimage\"},\"thumbnailUrl\":\"https:\\\/\\\/mondialuitzend.nl\\\/wp-content\\\/uploads\\\/2025\\\/09\\\/balans.jpg\",\"datePublished\":\"2025-09-03T10:08:00+00:00\",\"description\":\"Vanaf 2026 geldt gelijkwaardig belonen voor uitzendkrachten. Ontdek hoe Mondial Uitzend opdrachtgevers helpt bij de nieuwe CAO 2026 en zorgt voor transparante, eerlijke beloning\",\"breadcrumb\":{\"@id\":\"https:\\\/\\\/mondialuitzend.nl\\\/nieuws\\\/mondial-uitzend-is-klaar-voor-de-nieuwe-cao-2026-en-voor-u\\\/#breadcrumb\"},\"inLanguage\":\"ro-RO\",\"potentialAction\":[{\"@type\":\"ReadAction\",\"target\":[\"https:\\\/\\\/mondialuitzend.nl\\\/nieuws\\\/mondial-uitzend-is-klaar-voor-de-nieuwe-cao-2026-en-voor-u\\\/\"]}]},{\"@type\":\"ImageObject\",\"inLanguage\":\"ro-RO\",\"@id\":\"https:\\\/\\\/mondialuitzend.nl\\\/nieuws\\\/mondial-uitzend-is-klaar-voor-de-nieuwe-cao-2026-en-voor-u\\\/#primaryimage\",\"url\":\"https:\\\/\\\/mondialuitzend.nl\\\/wp-content\\\/uploads\\\/2025\\\/09\\\/balans.jpg\",\"contentUrl\":\"https:\\\/\\\/mondialuitzend.nl\\\/wp-content\\\/uploads\\\/2025\\\/09\\\/balans.jpg\",\"width\":1772,\"height\":827},{\"@type\":\"BreadcrumbList\",\"@id\":\"https:\\\/\\\/mondialuitzend.nl\\\/nieuws\\\/mondial-uitzend-is-klaar-voor-de-nieuwe-cao-2026-en-voor-u\\\/#breadcrumb\",\"itemListElement\":[{\"@type\":\"ListItem\",\"position\":1,\"name\":\"Home\",\"item\":\"https:\\\/\\\/mondialuitzend.nl\\\/\"},{\"@type\":\"ListItem\",\"position\":2,\"name\":\"Nieuws\",\"item\":\"https:\\\/\\\/mondialuitzend.nl\\\/nieuws\\\/\"},{\"@type\":\"ListItem\",\"position\":3,\"name\":\"Mondial Uitzend is klaar voor de nieuwe CAO 2026 \u2013 en voor \u00fa\"}]},{\"@type\":\"WebSite\",\"@id\":\"https:\\\/\\\/mondialuitzend.nl\\\/#website\",\"url\":\"https:\\\/\\\/mondialuitzend.nl\\\/\",\"name\":\"Mondial Uitzend\",\"description\":\"Verbindend tussen werkgever en werknemer\",\"publisher\":{\"@id\":\"https:\\\/\\\/mondialuitzend.nl\\\/#organization\"},\"potentialAction\":[{\"@type\":\"SearchAction\",\"target\":{\"@type\":\"EntryPoint\",\"urlTemplate\":\"https:\\\/\\\/mondialuitzend.nl\\\/?s={search_term_string}\"},\"query-input\":{\"@type\":\"PropertyValueSpecification\",\"valueRequired\":true,\"valueName\":\"search_term_string\"}}],\"inLanguage\":\"ro-RO\"},{\"@type\":\"Organization\",\"@id\":\"https:\\\/\\\/mondialuitzend.nl\\\/#organization\",\"name\":\"Mondial Uitzend\",\"url\":\"https:\\\/\\\/mondialuitzend.nl\\\/\",\"logo\":{\"@type\":\"ImageObject\",\"inLanguage\":\"ro-RO\",\"@id\":\"https:\\\/\\\/mondialuitzend.nl\\\/#\\\/schema\\\/logo\\\/image\\\/\",\"url\":\"https:\\\/\\\/mondialuitzend.nl\\\/wp-content\\\/uploads\\\/2023\\\/06\\\/Logo-MondialUitzend.svg\",\"contentUrl\":\"https:\\\/\\\/mondialuitzend.nl\\\/wp-content\\\/uploads\\\/2023\\\/06\\\/Logo-MondialUitzend.svg\",\"width\":149,\"height\":56,\"caption\":\"Mondial Uitzend\"},\"image\":{\"@id\":\"https:\\\/\\\/mondialuitzend.nl\\\/#\\\/schema\\\/logo\\\/image\\\/\"},\"sameAs\":[\"https:\\\/\\\/www.facebook.com\\\/mondialuitzendbv\\\/\",\"https:\\\/\\\/www.linkedin.com\\\/company\\\/mondial-uitzend-b-v-\",\"https:\\\/\\\/www.youtube.com\\\/channel\\\/UCPBmFRvmUDCPtpAaFVASV9Q\"]},{\"@type\":\"Person\",\"@id\":\"https:\\\/\\\/mondialuitzend.nl\\\/#\\\/schema\\\/person\\\/562f32fb5f6fb30c4956f24e3701dd19\",\"name\":\"Marloes\",\"image\":{\"@type\":\"ImageObject\",\"inLanguage\":\"ro-RO\",\"@id\":\"https:\\\/\\\/secure.gravatar.com\\\/avatar\\\/f30c05a353cfca07f584c10041cdd61ccaea2fb9a73b8d33118aba4d9f403959?s=96&d=mm&r=g\",\"url\":\"https:\\\/\\\/secure.gravatar.com\\\/avatar\\\/f30c05a353cfca07f584c10041cdd61ccaea2fb9a73b8d33118aba4d9f403959?s=96&d=mm&r=g\",\"contentUrl\":\"https:\\\/\\\/secure.gravatar.com\\\/avatar\\\/f30c05a353cfca07f584c10041cdd61ccaea2fb9a73b8d33118aba4d9f403959?s=96&d=mm&r=g\",\"caption\":\"Marloes\"},\"url\":\"https:\\\/\\\/mondialuitzend.nl\\\/ro\\\/author\\\/marloes\\\/\"}]}<\/script>\n<!-- \/ Yoast SEO plugin. -->","yoast_head_json":{"title":"Mondial Uitzend este preg\u0103tit pentru noul contract colectiv de munc\u0103 din 2026 \u2013 \u0219i pentru tine - \u0218tiri - Mondial Uitzend","description":"\u00cencep\u00e2nd cu 2026, lucr\u0103torii temporari vor primi salarii egale. Descoperi\u021bi cum Mondial Uitzend \u00ee\u0219i ajut\u0103 clien\u021bii cu noul contract colectiv de munc\u0103 din 2026 \u0219i asigur\u0103 o plat\u0103 transparent\u0103 \u0219i echitabil\u0103.","robots":{"index":"index","follow":"follow","max-snippet":"max-snippet:-1","max-image-preview":"max-image-preview:large","max-video-preview":"max-video-preview:-1"},"canonical":"https:\/\/mondialuitzend.nl\/ro\/stiri\/mondial-uitzend-este-pregatit-pentru-noul-contract-colectiv-de-munca-2026-si-pentru-tine\/","og_locale":"ro_RO","og_type":"article","og_title":"Mondial Uitzend is klaar voor de nieuwe CAO 2026 \u2013 en voor \u00fa - Nieuws - Mondial Uitzend","og_description":"Vanaf 2026 geldt gelijkwaardig belonen voor uitzendkrachten. Ontdek hoe Mondial Uitzend opdrachtgevers helpt bij de nieuwe CAO 2026 en zorgt voor transparante, eerlijke beloning","og_url":"https:\/\/mondialuitzend.nl\/ro\/stiri\/mondial-uitzend-este-pregatit-pentru-noul-contract-colectiv-de-munca-2026-si-pentru-tine\/","og_site_name":"Mondial Uitzend","article_publisher":"https:\/\/www.facebook.com\/mondialuitzendbv\/","og_image":[{"width":1772,"height":827,"url":"https:\/\/mondialuitzend.nl\/wp-content\/uploads\/2025\/09\/balans.jpg","type":"image\/jpeg"}],"twitter_card":"summary_large_image","twitter_misc":{"Timp estimat pentru citire":"2 minute"},"schema":{"@context":"https:\/\/schema.org","@graph":[{"@type":"NewsArticle","@id":"https:\/\/mondialuitzend.nl\/nieuws\/mondial-uitzend-is-klaar-voor-de-nieuwe-cao-2026-en-voor-u\/#article","isPartOf":{"@id":"https:\/\/mondialuitzend.nl\/nieuws\/mondial-uitzend-is-klaar-voor-de-nieuwe-cao-2026-en-voor-u\/"},"author":{"name":"Marloes","@id":"https:\/\/mondialuitzend.nl\/#\/schema\/person\/562f32fb5f6fb30c4956f24e3701dd19"},"headline":"Mondial Uitzend is klaar voor de nieuwe CAO 2026 \u2013 en voor \u00fa","datePublished":"2025-09-03T10:08:00+00:00","mainEntityOfPage":{"@id":"https:\/\/mondialuitzend.nl\/nieuws\/mondial-uitzend-is-klaar-voor-de-nieuwe-cao-2026-en-voor-u\/"},"wordCount":227,"publisher":{"@id":"https:\/\/mondialuitzend.nl\/#organization"},"image":{"@id":"https:\/\/mondialuitzend.nl\/nieuws\/mondial-uitzend-is-klaar-voor-de-nieuwe-cao-2026-en-voor-u\/#primaryimage"},"thumbnailUrl":"https:\/\/mondialuitzend.nl\/wp-content\/uploads\/2025\/09\/balans.jpg","inLanguage":"ro-RO"},{"@type":"WebPage","@id":"https:\/\/mondialuitzend.nl\/nieuws\/mondial-uitzend-is-klaar-voor-de-nieuwe-cao-2026-en-voor-u\/","url":"https:\/\/mondialuitzend.nl\/nieuws\/mondial-uitzend-is-klaar-voor-de-nieuwe-cao-2026-en-voor-u\/","name":"Mondial Uitzend este preg\u0103tit pentru noul contract colectiv de munc\u0103 din 2026 \u2013 \u0219i pentru tine - \u0218tiri - Mondial Uitzend","isPartOf":{"@id":"https:\/\/mondialuitzend.nl\/#website"},"primaryImageOfPage":{"@id":"https:\/\/mondialuitzend.nl\/nieuws\/mondial-uitzend-is-klaar-voor-de-nieuwe-cao-2026-en-voor-u\/#primaryimage"},"image":{"@id":"https:\/\/mondialuitzend.nl\/nieuws\/mondial-uitzend-is-klaar-voor-de-nieuwe-cao-2026-en-voor-u\/#primaryimage"},"thumbnailUrl":"https:\/\/mondialuitzend.nl\/wp-content\/uploads\/2025\/09\/balans.jpg","datePublished":"2025-09-03T10:08:00+00:00","description":"\u00cencep\u00e2nd cu 2026, lucr\u0103torii temporari vor primi salarii egale. Descoperi\u021bi cum Mondial Uitzend \u00ee\u0219i ajut\u0103 clien\u021bii cu noul contract colectiv de munc\u0103 din 2026 \u0219i asigur\u0103 o plat\u0103 transparent\u0103 \u0219i echitabil\u0103.","breadcrumb":{"@id":"https:\/\/mondialuitzend.nl\/nieuws\/mondial-uitzend-is-klaar-voor-de-nieuwe-cao-2026-en-voor-u\/#breadcrumb"},"inLanguage":"ro-RO","potentialAction":[{"@type":"ReadAction","target":["https:\/\/mondialuitzend.nl\/nieuws\/mondial-uitzend-is-klaar-voor-de-nieuwe-cao-2026-en-voor-u\/"]}]},{"@type":"ImageObject","inLanguage":"ro-RO","@id":"https:\/\/mondialuitzend.nl\/nieuws\/mondial-uitzend-is-klaar-voor-de-nieuwe-cao-2026-en-voor-u\/#primaryimage","url":"https:\/\/mondialuitzend.nl\/wp-content\/uploads\/2025\/09\/balans.jpg","contentUrl":"https:\/\/mondialuitzend.nl\/wp-content\/uploads\/2025\/09\/balans.jpg","width":1772,"height":827},{"@type":"BreadcrumbList","@id":"https:\/\/mondialuitzend.nl\/nieuws\/mondial-uitzend-is-klaar-voor-de-nieuwe-cao-2026-en-voor-u\/#breadcrumb","itemListElement":[{"@type":"ListItem","position":1,"name":"Home","item":"https:\/\/mondialuitzend.nl\/"},{"@type":"ListItem","position":2,"name":"Nieuws","item":"https:\/\/mondialuitzend.nl\/nieuws\/"},{"@type":"ListItem","position":3,"name":"Mondial Uitzend is klaar voor de nieuwe CAO 2026 \u2013 en voor \u00fa"}]},{"@type":"WebSite","@id":"https:\/\/mondialuitzend.nl\/#website","url":"https:\/\/mondialuitzend.nl\/","name":"Difuzare global\u0103","description":"Leg\u0103tura dintre angajator \u0219i angajat","publisher":{"@id":"https:\/\/mondialuitzend.nl\/#organization"},"potentialAction":[{"@type":"SearchAction","target":{"@type":"EntryPoint","urlTemplate":"https:\/\/mondialuitzend.nl\/?s={search_term_string}"},"query-input":{"@type":"PropertyValueSpecification","valueRequired":true,"valueName":"search_term_string"}}],"inLanguage":"ro-RO"},{"@type":"Organization","@id":"https:\/\/mondialuitzend.nl\/#organization","name":"Difuzare global\u0103","url":"https:\/\/mondialuitzend.nl\/","logo":{"@type":"ImageObject","inLanguage":"ro-RO","@id":"https:\/\/mondialuitzend.nl\/#\/schema\/logo\/image\/","url":"https:\/\/mondialuitzend.nl\/wp-content\/uploads\/2023\/06\/Logo-MondialUitzend.svg","contentUrl":"https:\/\/mondialuitzend.nl\/wp-content\/uploads\/2023\/06\/Logo-MondialUitzend.svg","width":149,"height":56,"caption":"Mondial Uitzend"},"image":{"@id":"https:\/\/mondialuitzend.nl\/#\/schema\/logo\/image\/"},"sameAs":["https:\/\/www.facebook.com\/mondialuitzendbv\/","https:\/\/www.linkedin.com\/company\/mondial-uitzend-b-v-","https:\/\/www.youtube.com\/channel\/UCPBmFRvmUDCPtpAaFVASV9Q"]},{"@type":"Person","@id":"https:\/\/mondialuitzend.nl\/#\/schema\/person\/562f32fb5f6fb30c4956f24e3701dd19","name":"Marloes","image":{"@type":"ImageObject","inLanguage":"ro-RO","@id":"https:\/\/secure.gravatar.com\/avatar\/f30c05a353cfca07f584c10041cdd61ccaea2fb9a73b8d33118aba4d9f403959?s=96&d=mm&r=g","url":"https:\/\/secure.gravatar.com\/avatar\/f30c05a353cfca07f584c10041cdd61ccaea2fb9a73b8d33118aba4d9f403959?s=96&d=mm&r=g","contentUrl":"https:\/\/secure.gravatar.com\/avatar\/f30c05a353cfca07f584c10041cdd61ccaea2fb9a73b8d33118aba4d9f403959?s=96&d=mm&r=g","caption":"Marloes"},"url":"https:\/\/mondialuitzend.nl\/ro\/author\/marloes\/"}]}},"_links":{"self":[{"href":"https:\/\/mondialuitzend.nl\/ro\/wp-json\/wp\/v2\/nieuws\/2991","targetHints":{"allow":["GET"]}}],"collection":[{"href":"https:\/\/mondialuitzend.nl\/ro\/wp-json\/wp\/v2\/nieuws"}],"about":[{"href":"https:\/\/mondialuitzend.nl\/ro\/wp-json\/wp\/v2\/types\/nieuws"}],"author":[{"embeddable":true,"href":"https:\/\/mondialuitzend.nl\/ro\/wp-json\/wp\/v2\/users\/8"}],"version-history":[{"count":0,"href":"https:\/\/mondialuitzend.nl\/ro\/wp-json\/wp\/v2\/nieuws\/2991\/revisions"}],"wp:featuredmedia":[{"embeddable":true,"href":"https:\/\/mondialuitzend.nl\/ro\/wp-json\/wp\/v2\/media\/2993"}],"wp:attachment":[{"href":"https:\/\/mondialuitzend.nl\/ro\/wp-json\/wp\/v2\/media?parent=2991"}],"curies":[{"name":"wp","href":"https:\/\/api.w.org\/{rel}","templated":true}]}}