{"id":3109,"date":"2026-01-27T12:14:11","date_gmt":"2026-01-27T11:14:11","guid":{"rendered":"https:\/\/mondialuitzend.nl\/?post_type=vacatures&#038;p=3109"},"modified":"2026-02-04T08:33:07","modified_gmt":"2026-02-04T07:33:07","slug":"angajat-de-depozit-in-regiunea-franeker","status":"publish","type":"vacatures","link":"https:\/\/mondialuitzend.nl\/ro\/posturi-vacante\/angajat-de-depozit-in-regiunea-franeker\/","title":{"rendered":"Angajat depozit (regiunea Franeker)"},"content":{"rendered":"<p data-start=\"157\" data-end=\"522\">C\u0103ut\u0103m un candidat pentru clientul nostru <strong>Angajat de depozit.<\/strong><\/p>\n<p data-start=\"157\" data-end=\"522\">Organiza\u021bia furnizeaz\u0103 o gam\u0103 divers\u0103 de br\u00e2nzeturi \u0219i produse lactate industriei, comer\u021bului cu am\u0103nuntul \u0219i comer\u021bului - de la kilograme la tone. Organiza\u021bia este \u00een cre\u0219tere \u0219i se profesionalizeaz\u0103, ceea ce face ca un depozit bine organizat s\u0103 fie esen\u021bial.<\/p>\n<p data-start=\"524\" data-end=\"606\">Datorit\u0103 cre\u0219terii continue \u0219i a fluxului tot mai mare de comenzi, \u00ee\u0219i extind livr\u0103rile.<\/p>\n<p data-start=\"608\" data-end=\"854\"><strong data-start=\"608\" data-end=\"624\">Pozi\u021bia dumneavoastr\u0103<\/strong><br data-start=\"624\" data-end=\"627\" \/>Ca angajat de depozit, te vei asigura c\u0103 m\u0103rfurile sunt preluate, depozitate \u0219i preg\u0103tite pentru expediere \u00een siguran\u021b\u0103 \u0219i corect. Vei lucra \u00eendeaproape cu colegii \u0219i vei urma instruc\u021biunile sistemului de preluare a comenzilor \u0219i ale \u0219efului de echip\u0103.<\/p>\n<p data-start=\"856\" data-end=\"982\">Atribu\u021biile tale vor include preluarea comenzilor, lucrul cu stivuitorul \u0219i asisten\u021b\u0103 la recep\u021bia \u0219i depozitarea m\u0103rfurilor.<\/p>\n<p data-start=\"984\" data-end=\"1005\"><strong data-start=\"984\" data-end=\"1003\">Ceea ce ai de g\u00e2nd s\u0103 faci?<\/strong><\/p>\n<ul>\n<li data-start=\"1008\" data-end=\"1079\">Colectarea comenzilor \u0219i preg\u0103tirea lor pentru expediere utiliz\u00e2nd sistemul de picking al comenzilor.<\/li>\n<li data-start=\"1082\" data-end=\"1166\">Colectarea m\u0103rfurilor cu transpalete (electrice) \u0219i scanarea, inclusiv a greut\u0103\u021bilor.<\/li>\n<li data-start=\"1169\" data-end=\"1268\">Stivui\u021bi m\u0103rfurile pe pale\u021bi conform instruc\u021biunilor de siguran\u021b\u0103 \u0219i verifica\u021bi dac\u0103 exist\u0103 abateri de la produs.<\/li>\n<li data-start=\"1271\" data-end=\"1387\">Plasa\u021bi pale\u021bii \u00een loca\u021biile corecte de expediere, \u00eenregistra\u021bi cantit\u0103\u021bile \u0219i articolele \u0219i imprima\u021bi \u0219i ata\u0219a\u021bi etichete.<\/li>\n<li data-start=\"1390\" data-end=\"1550\">Asisten\u021b\u0103 la \u00eenc\u0103rcarea camioanelor, reaprovizionarea loca\u021biilor centrelor de preg\u0103tire a comenzilor, efectuarea num\u0103r\u0103rii stocurilor, cur\u0103\u021barea zonei de lucru \u0219i \u00eenc\u0103rcarea bateriilor transpaletelor.<\/li>\n<li data-start=\"1553\" data-end=\"1622\">Desc\u0103rca\u021bi camioanele, verifica\u021bi chitan\u021bele \u0219i raporta\u021bi abaterile.<\/li>\n<li data-start=\"1625\" data-end=\"1712\">Depozita\u021bi m\u0103rfurile, efectua\u021bi transporturi interne \u0219i reaproviziona\u021bi loca\u021biile de stoc \u00een timp util.<\/li>\n<li data-start=\"1715\" data-end=\"1816\">Verifica\u021bi, \u00eenregistra\u021bi \u0219i livra\u021bi m\u0103rfurile \u0219i materialele de ambalare c\u0103tre departamentele corespunz\u0103toare.<\/li>\n<li data-start=\"1819\" data-end=\"1896\">Monitoriza\u021bi stocurile prin efectuarea num\u0103r\u0103rilor \u0219i raportarea abaterilor.<\/li>\n<\/ul>\n<p data-start=\"1898\" data-end=\"1916\"><strong data-start=\"1898\" data-end=\"1914\">Cine e\u015fti tu?<\/strong><\/p>\n<ul>\n<li data-start=\"1919\" data-end=\"1977\">Ai experien\u021b\u0103 \u00eentr-un mediu de depozitare sau logistic\u0103.<\/li>\n<li data-start=\"1980\" data-end=\"2028\">Lucrezi cu aten\u021bie, \u00eentr-un mod structurat \u0219i \u00een siguran\u021b\u0103.<\/li>\n<li data-start=\"2031\" data-end=\"2086\">Te pricepi bine la lucrul cu scanere \u0219i sisteme informatice.<\/li>\n<li data-start=\"2089\" data-end=\"2184\">E\u0219ti apt fizic s\u0103 lucrezi \u00een depozit \u0219i s\u0103 func\u021bionezi bine \u00een echip\u0103.<\/li>\n<li data-start=\"2089\" data-end=\"2184\">Vorbe\u0219ti olandez\u0103 sau englez\u0103<\/li>\n<li data-start=\"2089\" data-end=\"2184\">Permis de conducere B<\/li>\n<\/ul>\n<p data-start=\"2186\" data-end=\"2207\"><strong data-start=\"2186\" data-end=\"2205\">Ce oferim?<\/strong><\/p>\n<ul>\n<li data-start=\"2210\" data-end=\"2269\">O pozi\u021bie variat\u0103 \u00een cadrul unei organiza\u021bii \u00een cre\u0219tere<\/li>\n<li data-start=\"2272\" data-end=\"2332\">Condi\u021bii de munc\u0103 conform Contractului Colectiv de Munc\u0103 pentru Depozitele Private de Br\u00e2nzeturi<\/li>\n<li data-start=\"2335\" data-end=\"2357\">Indemniza\u021bie de c\u0103l\u0103torie<\/li>\n<li data-start=\"2360\" data-end=\"2418\">Schema de pensii<\/li>\n<li data-start=\"2421\" data-end=\"2486\">O atmosfer\u0103 de lucru pl\u0103cut\u0103, cu linii de comunicare scurte \u0219i acorduri clare<\/li>\n<\/ul>","protected":false},"excerpt":{"rendered":"<p>Voor onze opdrachtgever zijn wij op zoek naar een Magazijn Medewerker. De organisatie levert een veelzijdig assortiment kazen en zuivelproducten aan industrie, retail en handel \u2013 van kilo\u2019s tot tonnen. De organisatie groeit en professionaliseert, waarbij een goed georganiseerd magazijn onmisbaar is. Door aanhoudende groei en toenemende orderstromen breiden zij hun expeditie uit. Jouw functieAls [&hellip;]<\/p>\n","protected":false},"featured_media":0,"template":"","sector":[12],"class_list":["post-3109","vacatures","type-vacatures","status-publish","hentry","sector-transport-logistiek"],"yoast_head":"<!-- This site is optimized with the Yoast SEO plugin v27.4 - https:\/\/yoast.com\/product\/yoast-seo-wordpress\/ -->\n<title>Magazijn Medewerker (regio Franeker) - Vacature - Mondial Uitzend<\/title>\n<meta name=\"robots\" content=\"index, follow, max-snippet:-1, max-image-preview:large, max-video-preview:-1\" \/>\n<link rel=\"canonical\" href=\"https:\/\/mondialuitzend.nl\/ro\/posturi-vacante\/angajat-de-depozit-in-regiunea-franeker\/\" \/>\n<meta property=\"og:locale\" content=\"ro_RO\" \/>\n<meta property=\"og:type\" content=\"article\" \/>\n<meta property=\"og:title\" content=\"Magazijn Medewerker (regio Franeker) - Vacature - Mondial Uitzend\" \/>\n<meta property=\"og:description\" content=\"Voor onze opdrachtgever zijn wij op zoek naar een Magazijn Medewerker. De organisatie levert een veelzijdig assortiment kazen en zuivelproducten aan industrie, retail en handel \u2013 van kilo\u2019s tot tonnen. De organisatie groeit en professionaliseert, waarbij een goed georganiseerd magazijn onmisbaar is. Door aanhoudende groei en toenemende orderstromen breiden zij hun expeditie uit. Jouw functieAls [&hellip;]\" \/>\n<meta property=\"og:url\" content=\"https:\/\/mondialuitzend.nl\/ro\/posturi-vacante\/angajat-de-depozit-in-regiunea-franeker\/\" \/>\n<meta property=\"og:site_name\" content=\"Mondial Uitzend\" \/>\n<meta property=\"article:publisher\" content=\"https:\/\/www.facebook.com\/mondialuitzendbv\/\" \/>\n<meta property=\"article:modified_time\" content=\"2026-02-04T07:33:07+00:00\" \/>\n<meta name=\"twitter:card\" content=\"summary_large_image\" \/>\n<meta name=\"twitter:label1\" content=\"Timp estimat pentru citire\" \/>\n\t<meta name=\"twitter:data1\" content=\"2 minute\" \/>\n<script type=\"application\/ld+json\" class=\"yoast-schema-graph\">{\"@context\":\"https:\\\/\\\/schema.org\",\"@graph\":[{\"@type\":\"WebPage\",\"@id\":\"https:\\\/\\\/mondialuitzend.nl\\\/vacatures\\\/magazijn-medewerker-regio-franeker\\\/\",\"url\":\"https:\\\/\\\/mondialuitzend.nl\\\/vacatures\\\/magazijn-medewerker-regio-franeker\\\/\",\"name\":\"Magazijn Medewerker (regio Franeker) - Vacature - Mondial Uitzend\",\"isPartOf\":{\"@id\":\"https:\\\/\\\/mondialuitzend.nl\\\/#website\"},\"datePublished\":\"2026-01-27T11:14:11+00:00\",\"dateModified\":\"2026-02-04T07:33:07+00:00\",\"breadcrumb\":{\"@id\":\"https:\\\/\\\/mondialuitzend.nl\\\/vacatures\\\/magazijn-medewerker-regio-franeker\\\/#breadcrumb\"},\"inLanguage\":\"ro-RO\",\"potentialAction\":[{\"@type\":\"ReadAction\",\"target\":[\"https:\\\/\\\/mondialuitzend.nl\\\/vacatures\\\/magazijn-medewerker-regio-franeker\\\/\"]}]},{\"@type\":\"BreadcrumbList\",\"@id\":\"https:\\\/\\\/mondialuitzend.nl\\\/vacatures\\\/magazijn-medewerker-regio-franeker\\\/#breadcrumb\",\"itemListElement\":[{\"@type\":\"ListItem\",\"position\":1,\"name\":\"Home\",\"item\":\"https:\\\/\\\/mondialuitzend.nl\\\/\"},{\"@type\":\"ListItem\",\"position\":2,\"name\":\"Vacatures\",\"item\":\"https:\\\/\\\/mondialuitzend.nl\\\/vacatures\\\/\"},{\"@type\":\"ListItem\",\"position\":3,\"name\":\"Magazijn Medewerker (regio Franeker)\"}]},{\"@type\":\"WebSite\",\"@id\":\"https:\\\/\\\/mondialuitzend.nl\\\/#website\",\"url\":\"https:\\\/\\\/mondialuitzend.nl\\\/\",\"name\":\"Mondial Uitzend\",\"description\":\"Verbindend tussen werkgever en werknemer\",\"publisher\":{\"@id\":\"https:\\\/\\\/mondialuitzend.nl\\\/#organization\"},\"potentialAction\":[{\"@type\":\"SearchAction\",\"target\":{\"@type\":\"EntryPoint\",\"urlTemplate\":\"https:\\\/\\\/mondialuitzend.nl\\\/?s={search_term_string}\"},\"query-input\":{\"@type\":\"PropertyValueSpecification\",\"valueRequired\":true,\"valueName\":\"search_term_string\"}}],\"inLanguage\":\"ro-RO\"},{\"@type\":\"Organization\",\"@id\":\"https:\\\/\\\/mondialuitzend.nl\\\/#organization\",\"name\":\"Mondial Uitzend\",\"url\":\"https:\\\/\\\/mondialuitzend.nl\\\/\",\"logo\":{\"@type\":\"ImageObject\",\"inLanguage\":\"ro-RO\",\"@id\":\"https:\\\/\\\/mondialuitzend.nl\\\/#\\\/schema\\\/logo\\\/image\\\/\",\"url\":\"https:\\\/\\\/mondialuitzend.nl\\\/wp-content\\\/uploads\\\/2023\\\/06\\\/Logo-MondialUitzend.svg\",\"contentUrl\":\"https:\\\/\\\/mondialuitzend.nl\\\/wp-content\\\/uploads\\\/2023\\\/06\\\/Logo-MondialUitzend.svg\",\"width\":149,\"height\":56,\"caption\":\"Mondial Uitzend\"},\"image\":{\"@id\":\"https:\\\/\\\/mondialuitzend.nl\\\/#\\\/schema\\\/logo\\\/image\\\/\"},\"sameAs\":[\"https:\\\/\\\/www.facebook.com\\\/mondialuitzendbv\\\/\",\"https:\\\/\\\/www.linkedin.com\\\/company\\\/mondial-uitzend-b-v-\",\"https:\\\/\\\/www.youtube.com\\\/channel\\\/UCPBmFRvmUDCPtpAaFVASV9Q\"]}]}<\/script>\n<!-- \/ Yoast SEO plugin. -->","yoast_head_json":{"title":"Angajat depozit (regiunea Franeker) - Post vacant - Mondial Uitzend","robots":{"index":"index","follow":"follow","max-snippet":"max-snippet:-1","max-image-preview":"max-image-preview:large","max-video-preview":"max-video-preview:-1"},"canonical":"https:\/\/mondialuitzend.nl\/ro\/posturi-vacante\/angajat-de-depozit-in-regiunea-franeker\/","og_locale":"ro_RO","og_type":"article","og_title":"Magazijn Medewerker (regio Franeker) - Vacature - Mondial Uitzend","og_description":"Voor onze opdrachtgever zijn wij op zoek naar een Magazijn Medewerker. De organisatie levert een veelzijdig assortiment kazen en zuivelproducten aan industrie, retail en handel \u2013 van kilo\u2019s tot tonnen. De organisatie groeit en professionaliseert, waarbij een goed georganiseerd magazijn onmisbaar is. Door aanhoudende groei en toenemende orderstromen breiden zij hun expeditie uit. Jouw functieAls [&hellip;]","og_url":"https:\/\/mondialuitzend.nl\/ro\/posturi-vacante\/angajat-de-depozit-in-regiunea-franeker\/","og_site_name":"Mondial Uitzend","article_publisher":"https:\/\/www.facebook.com\/mondialuitzendbv\/","article_modified_time":"2026-02-04T07:33:07+00:00","twitter_card":"summary_large_image","twitter_misc":{"Timp estimat pentru citire":"2 minute"},"schema":{"@context":"https:\/\/schema.org","@graph":[{"@type":"WebPage","@id":"https:\/\/mondialuitzend.nl\/vacatures\/magazijn-medewerker-regio-franeker\/","url":"https:\/\/mondialuitzend.nl\/vacatures\/magazijn-medewerker-regio-franeker\/","name":"Angajat depozit (regiunea Franeker) - Post vacant - Mondial Uitzend","isPartOf":{"@id":"https:\/\/mondialuitzend.nl\/#website"},"datePublished":"2026-01-27T11:14:11+00:00","dateModified":"2026-02-04T07:33:07+00:00","breadcrumb":{"@id":"https:\/\/mondialuitzend.nl\/vacatures\/magazijn-medewerker-regio-franeker\/#breadcrumb"},"inLanguage":"ro-RO","potentialAction":[{"@type":"ReadAction","target":["https:\/\/mondialuitzend.nl\/vacatures\/magazijn-medewerker-regio-franeker\/"]}]},{"@type":"BreadcrumbList","@id":"https:\/\/mondialuitzend.nl\/vacatures\/magazijn-medewerker-regio-franeker\/#breadcrumb","itemListElement":[{"@type":"ListItem","position":1,"name":"Home","item":"https:\/\/mondialuitzend.nl\/"},{"@type":"ListItem","position":2,"name":"Vacatures","item":"https:\/\/mondialuitzend.nl\/vacatures\/"},{"@type":"ListItem","position":3,"name":"Magazijn Medewerker (regio Franeker)"}]},{"@type":"WebSite","@id":"https:\/\/mondialuitzend.nl\/#website","url":"https:\/\/mondialuitzend.nl\/","name":"Difuzare global\u0103","description":"Leg\u0103tura dintre angajator \u0219i angajat","publisher":{"@id":"https:\/\/mondialuitzend.nl\/#organization"},"potentialAction":[{"@type":"SearchAction","target":{"@type":"EntryPoint","urlTemplate":"https:\/\/mondialuitzend.nl\/?s={search_term_string}"},"query-input":{"@type":"PropertyValueSpecification","valueRequired":true,"valueName":"search_term_string"}}],"inLanguage":"ro-RO"},{"@type":"Organization","@id":"https:\/\/mondialuitzend.nl\/#organization","name":"Difuzare global\u0103","url":"https:\/\/mondialuitzend.nl\/","logo":{"@type":"ImageObject","inLanguage":"ro-RO","@id":"https:\/\/mondialuitzend.nl\/#\/schema\/logo\/image\/","url":"https:\/\/mondialuitzend.nl\/wp-content\/uploads\/2023\/06\/Logo-MondialUitzend.svg","contentUrl":"https:\/\/mondialuitzend.nl\/wp-content\/uploads\/2023\/06\/Logo-MondialUitzend.svg","width":149,"height":56,"caption":"Mondial Uitzend"},"image":{"@id":"https:\/\/mondialuitzend.nl\/#\/schema\/logo\/image\/"},"sameAs":["https:\/\/www.facebook.com\/mondialuitzendbv\/","https:\/\/www.linkedin.com\/company\/mondial-uitzend-b-v-","https:\/\/www.youtube.com\/channel\/UCPBmFRvmUDCPtpAaFVASV9Q"]}]}},"_links":{"self":[{"href":"https:\/\/mondialuitzend.nl\/ro\/wp-json\/wp\/v2\/vacatures\/3109","targetHints":{"allow":["GET"]}}],"collection":[{"href":"https:\/\/mondialuitzend.nl\/ro\/wp-json\/wp\/v2\/vacatures"}],"about":[{"href":"https:\/\/mondialuitzend.nl\/ro\/wp-json\/wp\/v2\/types\/vacatures"}],"wp:attachment":[{"href":"https:\/\/mondialuitzend.nl\/ro\/wp-json\/wp\/v2\/media?parent=3109"}],"wp:term":[{"taxonomy":"sector","embeddable":true,"href":"https:\/\/mondialuitzend.nl\/ro\/wp-json\/wp\/v2\/sector?post=3109"}],"curies":[{"name":"wp","href":"https:\/\/api.w.org\/{rel}","templated":true}]}}